{"id":1693,"date":"2019-12-10T15:44:33","date_gmt":"2019-12-10T13:44:33","guid":{"rendered":"https:\/\/portcultural.usv.ro\/?page_id=1693"},"modified":"2021-12-02T09:58:03","modified_gmt":"2021-12-02T07:58:03","slug":"diseminare","status":"publish","type":"page","link":"https:\/\/portcultural.usv.ro\/en\/diseminare\/","title":{"rendered":"Diseminare"},"content":{"rendered":"<div data-elementor-type=\"wp-post\" data-elementor-id=\"1693\" class=\"elementor elementor-1693\" data-elementor-settings=\"[]\">\n\t\t\t\t\t\t<div class=\"elementor-inner\">\n\t\t\t\t\t\t\t<div class=\"elementor-section-wrap\">\n\t\t\t\t\t\t\t<section class=\"elementor-section elementor-top-section elementor-element elementor-element-b87984a elementor-section-boxed elementor-section-height-default elementor-section-height-default\" data-id=\"b87984a\" data-element_type=\"section\">\n\t\t\t\t\t\t<div class=\"elementor-container elementor-column-gap-default\">\n\t\t\t\t\t\t\t<div class=\"elementor-row\">\n\t\t\t\t\t<div class=\"elementor-column elementor-col-100 elementor-top-column elementor-element elementor-element-059945e\" data-id=\"059945e\" data-element_type=\"column\">\n\t\t\t<div class=\"elementor-column-wrap elementor-element-populated\">\n\t\t\t\t\t\t\t<div class=\"elementor-widget-wrap\">\n\t\t\t\t\t\t<div class=\"elementor-element elementor-element-5d12b08 elementor-widget elementor-widget-lae-heading\" data-id=\"5d12b08\" data-element_type=\"widget\" data-widget_type=\"lae-heading.default\">\n\t\t\t\t<div class=\"elementor-widget-container\">\n\t\t\t\n<div class=\"lae-heading lae-style3 lae-aligncenter\" >\n\n    <h3 class=\"lae-title\">Diseminare \u00een mass-media<\/h3>\n\n<\/div><!-- .lae-heading -->\t\t<\/div>\n\t\t\t\t<\/div>\n\t\t\t\t<div class=\"elementor-element elementor-element-d35294e elementor-grid-eael-col-2 elementor-grid-tablet-eael-col-2 elementor-grid-mobile-eael-col-1 elementor-widget elementor-widget-eael-post-grid\" data-id=\"d35294e\" data-element_type=\"widget\" data-settings=\"{&quot;eael_post_grid_columns&quot;:&quot;eael-col-2&quot;,&quot;eael_post_grid_columns_tablet&quot;:&quot;eael-col-2&quot;,&quot;eael_post_grid_columns_mobile&quot;:&quot;eael-col-1&quot;}\" data-widget_type=\"eael-post-grid.default\">\n\t\t\t\t<div class=\"elementor-widget-container\">\n\t\t\t<div id=\"eael-post-grid-d35294e\" class=\"eael-post-grid-container\">\n            <div class=\"eael-post-grid eael-post-appender eael-post-appender-d35294e eael-post-grid-style-default\" data-layout-mode=\"grid\"><article class=\"eael-grid-post eael-post-grid-column\" data-id=\"6178\">\n        <div class=\"eael-grid-post-holder\">\n            <div class=\"eael-grid-post-holder-inner\"><div class=\"eael-entry-media\"><div class=\"eael-entry-overlay fade-in\"><i class=\"fas fa-long-arrow-alt-right\" aria-hidden=\"true\"><\/i><a href=\"https:\/\/portcultural.usv.ro\/en\/expozitie-case-traditionale-din-bucovina\/\"><\/a><\/div><div class=\"eael-entry-thumbnail\">\n                <img width=\"400\" height=\"409\" src=\"https:\/\/portcultural.usv.ro\/wp-content\/uploads\/IMG20220214155604-1.jpg\" class=\"attachment-full size-full\" alt=\"\" loading=\"lazy\" srcset=\"https:\/\/portcultural.usv.ro\/wp-content\/uploads\/IMG20220214155604-1.jpg 400w, https:\/\/portcultural.usv.ro\/wp-content\/uploads\/IMG20220214155604-1-293x300.jpg 293w, https:\/\/portcultural.usv.ro\/wp-content\/uploads\/IMG20220214155604-1-147x150.jpg 147w, https:\/\/portcultural.usv.ro\/wp-content\/uploads\/IMG20220214155604-1-12x12.jpg 12w, https:\/\/portcultural.usv.ro\/wp-content\/uploads\/IMG20220214155604-1-24x24.jpg 24w, https:\/\/portcultural.usv.ro\/wp-content\/uploads\/IMG20220214155604-1-36x36.jpg 36w, https:\/\/portcultural.usv.ro\/wp-content\/uploads\/IMG20220214155604-1-48x48.jpg 48w\" sizes=\"(max-width: 400px) 100vw, 400px\" \/>\n            <\/div>\n        <\/div><div class=\"eael-entry-wrapper\"><header class=\"eael-entry-header\"><h2 class=\"eael-entry-title\"><a\n                        class=\"eael-grid-post-link\"\n                        href=\"https:\/\/portcultural.usv.ro\/en\/expozitie-case-traditionale-din-bucovina\/\"\n                        title=\"Expozi\u021bie case tradi\u021bionale din Bucovina\">Expozi\u021bie case tradi\u021bionale din Bucovina<\/a><\/h2><\/header><div class=\"eael-entry-meta\"><span class=\"eael-posted-by\"><a href=\"https:\/\/portcultural.usv.ro\/en\/author\/anamaria\/\" title=\"Posts by Bucaciuc Anamaria\" rel=\"author\">Bucaciuc Anamaria<\/a><\/span><span class=\"eael-posted-on\"><time datetime=\"14 February 2022\">14 February 2022<\/time><\/span><\/div><div class=\"eael-entry-content\">\n                        <div class=\"eael-grid-post-excerpt\"><a\n                            href=\"https:\/\/portcultural.usv.ro\/en\/expozitie-case-traditionale-din-bucovina\/\"\n                            class=\"eael-post-elements-readmore-btn\">Vezi<\/a><\/div>\n                    <\/div><\/div><\/div>\n        <\/div>\n    <\/article><article class=\"eael-grid-post eael-post-grid-column\" data-id=\"5585\">\n        <div class=\"eael-grid-post-holder\">\n            <div class=\"eael-grid-post-holder-inner\"><div class=\"eael-entry-media\"><div class=\"eael-entry-overlay fade-in\"><i class=\"fas fa-long-arrow-alt-right\" aria-hidden=\"true\"><\/i><a href=\"https:\/\/portcultural.usv.ro\/en\/apt-bucovina-promoveaza-port-cultural\/\"><\/a><\/div><div class=\"eael-entry-thumbnail\">\n                <img width=\"100\" height=\"55\" src=\"https:\/\/portcultural.usv.ro\/wp-content\/uploads\/logo_atb.svg\" class=\"attachment-full size-full\" alt=\"\" loading=\"lazy\" \/>\n            <\/div>\n        <\/div><div class=\"eael-entry-wrapper\"><header class=\"eael-entry-header\"><h2 class=\"eael-entry-title\"><a\n                        class=\"eael-grid-post-link\"\n                        href=\"https:\/\/portcultural.usv.ro\/en\/apt-bucovina-promoveaza-port-cultural\/\"\n                        title=\"APT Bucovina promoveaz\u0103 PORT Cultural\">APT Bucovina promoveaz\u0103 PORT Cultural<\/a><\/h2><\/header><div class=\"eael-entry-meta\"><span class=\"eael-posted-by\"><a href=\"https:\/\/portcultural.usv.ro\/en\/author\/anamaria\/\" title=\"Posts by Bucaciuc Anamaria\" rel=\"author\">Bucaciuc Anamaria<\/a><\/span><span class=\"eael-posted-on\"><time datetime=\"8 November 2021\">8 November 2021<\/time><\/span><\/div><div class=\"eael-entry-content\">\n                        <div class=\"eael-grid-post-excerpt\"><a\n                            href=\"https:\/\/portcultural.usv.ro\/en\/apt-bucovina-promoveaza-port-cultural\/\"\n                            class=\"eael-post-elements-readmore-btn\">Vezi<\/a><\/div>\n                    <\/div><\/div><\/div>\n        <\/div>\n    <\/article><article class=\"eael-grid-post eael-post-grid-column\" data-id=\"6105\">\n        <div class=\"eael-grid-post-holder\">\n            <div class=\"eael-grid-post-holder-inner\"><div class=\"eael-entry-media\"><div class=\"eael-entry-overlay fade-in\"><i class=\"fas fa-long-arrow-alt-right\" aria-hidden=\"true\"><\/i><a href=\"https:\/\/portcultural.usv.ro\/en\/articol-in-gazeta-de-ecoturism-tara-dornelor\/\"><\/a><\/div><div class=\"eael-entry-thumbnail\">\n                <img width=\"1051\" height=\"951\" src=\"https:\/\/portcultural.usv.ro\/wp-content\/uploads\/Gazeta-de-ecoturism.png\" class=\"attachment-full size-full\" alt=\"\" loading=\"lazy\" srcset=\"https:\/\/portcultural.usv.ro\/wp-content\/uploads\/Gazeta-de-ecoturism.png 1051w, https:\/\/portcultural.usv.ro\/wp-content\/uploads\/Gazeta-de-ecoturism-300x271.png 300w, https:\/\/portcultural.usv.ro\/wp-content\/uploads\/Gazeta-de-ecoturism-1024x927.png 1024w, https:\/\/portcultural.usv.ro\/wp-content\/uploads\/Gazeta-de-ecoturism-150x136.png 150w, https:\/\/portcultural.usv.ro\/wp-content\/uploads\/Gazeta-de-ecoturism-768x695.png 768w, https:\/\/portcultural.usv.ro\/wp-content\/uploads\/Gazeta-de-ecoturism-13x12.png 13w, https:\/\/portcultural.usv.ro\/wp-content\/uploads\/Gazeta-de-ecoturism-24x22.png 24w, https:\/\/portcultural.usv.ro\/wp-content\/uploads\/Gazeta-de-ecoturism-36x33.png 36w, https:\/\/portcultural.usv.ro\/wp-content\/uploads\/Gazeta-de-ecoturism-48x43.png 48w\" sizes=\"(max-width: 1051px) 100vw, 1051px\" \/>\n            <\/div>\n        <\/div><div class=\"eael-entry-wrapper\"><header class=\"eael-entry-header\"><h2 class=\"eael-entry-title\"><a\n                        class=\"eael-grid-post-link\"\n                        href=\"https:\/\/portcultural.usv.ro\/en\/articol-in-gazeta-de-ecoturism-tara-dornelor\/\"\n                        title=\"Articol \u00een Gazeta de ecoturism \u021aara Dornelor\">Articol \u00een Gazeta de ecoturism \u021aara Dornelor<\/a><\/h2><\/header><div class=\"eael-entry-meta\"><span class=\"eael-posted-by\"><a href=\"https:\/\/portcultural.usv.ro\/en\/author\/anamaria\/\" title=\"Posts by Bucaciuc Anamaria\" rel=\"author\">Bucaciuc Anamaria<\/a><\/span><span class=\"eael-posted-on\"><time datetime=\"30 September 2021\">30 September 2021<\/time><\/span><\/div><div class=\"eael-entry-content\">\n                        <div class=\"eael-grid-post-excerpt\"><a\n                            href=\"https:\/\/portcultural.usv.ro\/en\/articol-in-gazeta-de-ecoturism-tara-dornelor\/\"\n                            class=\"eael-post-elements-readmore-btn\">Vezi<\/a><\/div>\n                    <\/div><\/div><\/div>\n        <\/div>\n    <\/article><article class=\"eael-grid-post eael-post-grid-column\" data-id=\"6112\">\n        <div class=\"eael-grid-post-holder\">\n            <div class=\"eael-grid-post-holder-inner\"><div class=\"eael-entry-media\"><div class=\"eael-entry-overlay fade-in\"><i class=\"fas fa-long-arrow-alt-right\" aria-hidden=\"true\"><\/i><a href=\"https:\/\/portcultural.usv.ro\/en\/reportaj-tvr-iasi-de-prezentare-a-proiectului-port-cultural\/\"><\/a><\/div><div class=\"eael-entry-thumbnail\">\n                <img width=\"371\" height=\"136\" src=\"https:\/\/portcultural.usv.ro\/wp-content\/uploads\/tvr-iasi.jpg\" class=\"attachment-full size-full\" alt=\"\" loading=\"lazy\" srcset=\"https:\/\/portcultural.usv.ro\/wp-content\/uploads\/tvr-iasi.jpg 371w, https:\/\/portcultural.usv.ro\/wp-content\/uploads\/tvr-iasi-300x110.jpg 300w, https:\/\/portcultural.usv.ro\/wp-content\/uploads\/tvr-iasi-150x55.jpg 150w, https:\/\/portcultural.usv.ro\/wp-content\/uploads\/tvr-iasi-18x7.jpg 18w, https:\/\/portcultural.usv.ro\/wp-content\/uploads\/tvr-iasi-24x9.jpg 24w, https:\/\/portcultural.usv.ro\/wp-content\/uploads\/tvr-iasi-36x13.jpg 36w, https:\/\/portcultural.usv.ro\/wp-content\/uploads\/tvr-iasi-48x18.jpg 48w\" sizes=\"(max-width: 371px) 100vw, 371px\" \/>\n            <\/div>\n        <\/div><div class=\"eael-entry-wrapper\"><header class=\"eael-entry-header\"><h2 class=\"eael-entry-title\"><a\n                        class=\"eael-grid-post-link\"\n                        href=\"https:\/\/portcultural.usv.ro\/en\/reportaj-tvr-iasi-de-prezentare-a-proiectului-port-cultural\/\"\n                        title=\"Reportaj TVR Iasi de prezentare a proiectului PORT Cultural\">Reportaj TVR Iasi de prezentare a proiectului PORT Cultural<\/a><\/h2><\/header><div class=\"eael-entry-meta\"><span class=\"eael-posted-by\"><a href=\"https:\/\/portcultural.usv.ro\/en\/author\/anamaria\/\" title=\"Posts by Bucaciuc Anamaria\" rel=\"author\">Bucaciuc Anamaria<\/a><\/span><span class=\"eael-posted-on\"><time datetime=\"21 September 2021\">21 September 2021<\/time><\/span><\/div><div class=\"eael-entry-content\">\n                        <div class=\"eael-grid-post-excerpt\"><a\n                            href=\"https:\/\/portcultural.usv.ro\/en\/reportaj-tvr-iasi-de-prezentare-a-proiectului-port-cultural\/\"\n                            class=\"eael-post-elements-readmore-btn\">Vezi<\/a><\/div>\n                    <\/div><\/div><\/div>\n        <\/div>\n    <\/article><article class=\"eael-grid-post eael-post-grid-column\" data-id=\"6092\">\n        <div class=\"eael-grid-post-holder\">\n            <div class=\"eael-grid-post-holder-inner\"><div class=\"eael-entry-media\"><div class=\"eael-entry-overlay fade-in\"><i class=\"fas fa-long-arrow-alt-right\" aria-hidden=\"true\"><\/i><a href=\"https:\/\/portcultural.usv.ro\/en\/articol-de-presa-scoala-de-vara-port-cultural-regenerare-rurala-prin-antreprenoriat-si-valorificarea-patrimoniului-cultural\/\"><\/a><\/div><div class=\"eael-entry-thumbnail\">\n                <img width=\"1920\" height=\"1008\" src=\"https:\/\/portcultural.usv.ro\/wp-content\/uploads\/imagine-TVR-e1637596588368.jpg\" class=\"attachment-full size-full\" alt=\"\" loading=\"lazy\" srcset=\"https:\/\/portcultural.usv.ro\/wp-content\/uploads\/imagine-TVR-e1637596588368.jpg 1920w, https:\/\/portcultural.usv.ro\/wp-content\/uploads\/imagine-TVR-e1637596588368-300x158.jpg 300w, https:\/\/portcultural.usv.ro\/wp-content\/uploads\/imagine-TVR-e1637596588368-1024x538.jpg 1024w, https:\/\/portcultural.usv.ro\/wp-content\/uploads\/imagine-TVR-e1637596588368-150x79.jpg 150w, https:\/\/portcultural.usv.ro\/wp-content\/uploads\/imagine-TVR-e1637596588368-768x403.jpg 768w, https:\/\/portcultural.usv.ro\/wp-content\/uploads\/imagine-TVR-e1637596588368-1536x806.jpg 1536w, https:\/\/portcultural.usv.ro\/wp-content\/uploads\/imagine-TVR-e1637596588368-18x9.jpg 18w, https:\/\/portcultural.usv.ro\/wp-content\/uploads\/imagine-TVR-e1637596588368-24x13.jpg 24w, https:\/\/portcultural.usv.ro\/wp-content\/uploads\/imagine-TVR-e1637596588368-36x19.jpg 36w, https:\/\/portcultural.usv.ro\/wp-content\/uploads\/imagine-TVR-e1637596588368-48x25.jpg 48w\" sizes=\"(max-width: 1920px) 100vw, 1920px\" \/>\n            <\/div>\n        <\/div><div class=\"eael-entry-wrapper\"><header class=\"eael-entry-header\"><h2 class=\"eael-entry-title\"><a\n                        class=\"eael-grid-post-link\"\n                        href=\"https:\/\/portcultural.usv.ro\/en\/articol-de-presa-scoala-de-vara-port-cultural-regenerare-rurala-prin-antreprenoriat-si-valorificarea-patrimoniului-cultural\/\"\n                        title=\"Articol de pres\u0103 &#8211; \u015ecoala de var\u0103 PORT Cultural: Regenerare rural\u0103 prin antreprenoriat \u0219i valorificarea patrimoniului cultural\">Articol de pres\u0103 &#8211; \u015ecoala de var\u0103 PORT Cultural: Regenerare rural\u0103 prin antreprenoriat \u0219i valorificarea patrimoniului cultural<\/a><\/h2><\/header><div class=\"eael-entry-meta\"><span class=\"eael-posted-by\"><a href=\"https:\/\/portcultural.usv.ro\/en\/author\/anamaria\/\" title=\"Posts by Bucaciuc Anamaria\" rel=\"author\">Bucaciuc Anamaria<\/a><\/span><span class=\"eael-posted-on\"><time datetime=\"20 September 2021\">20 September 2021<\/time><\/span><\/div><div class=\"eael-entry-content\">\n                        <div class=\"eael-grid-post-excerpt\"><a\n                            href=\"https:\/\/portcultural.usv.ro\/en\/articol-de-presa-scoala-de-vara-port-cultural-regenerare-rurala-prin-antreprenoriat-si-valorificarea-patrimoniului-cultural\/\"\n                            class=\"eael-post-elements-readmore-btn\">Vezi<\/a><\/div>\n                    <\/div><\/div><\/div>\n        <\/div>\n    <\/article><article class=\"eael-grid-post eael-post-grid-column\" data-id=\"6109\">\n        <div class=\"eael-grid-post-holder\">\n            <div class=\"eael-grid-post-holder-inner\"><div class=\"eael-entry-media\"><div class=\"eael-entry-overlay fade-in\"><i class=\"fas fa-long-arrow-alt-right\" aria-hidden=\"true\"><\/i><a href=\"https:\/\/portcultural.usv.ro\/en\/reportaj-tvr-iasi-de-prezentare-a-rezultatelor-proiectului-port-cultural\/\"><\/a><\/div><div class=\"eael-entry-thumbnail\">\n                <img width=\"371\" height=\"136\" src=\"https:\/\/portcultural.usv.ro\/wp-content\/uploads\/tvr-iasi.jpg\" class=\"attachment-full size-full\" alt=\"\" loading=\"lazy\" srcset=\"https:\/\/portcultural.usv.ro\/wp-content\/uploads\/tvr-iasi.jpg 371w, https:\/\/portcultural.usv.ro\/wp-content\/uploads\/tvr-iasi-300x110.jpg 300w, https:\/\/portcultural.usv.ro\/wp-content\/uploads\/tvr-iasi-150x55.jpg 150w, https:\/\/portcultural.usv.ro\/wp-content\/uploads\/tvr-iasi-18x7.jpg 18w, https:\/\/portcultural.usv.ro\/wp-content\/uploads\/tvr-iasi-24x9.jpg 24w, https:\/\/portcultural.usv.ro\/wp-content\/uploads\/tvr-iasi-36x13.jpg 36w, https:\/\/portcultural.usv.ro\/wp-content\/uploads\/tvr-iasi-48x18.jpg 48w\" sizes=\"(max-width: 371px) 100vw, 371px\" \/>\n            <\/div>\n        <\/div><div class=\"eael-entry-wrapper\"><header class=\"eael-entry-header\"><h2 class=\"eael-entry-title\"><a\n                        class=\"eael-grid-post-link\"\n                        href=\"https:\/\/portcultural.usv.ro\/en\/reportaj-tvr-iasi-de-prezentare-a-rezultatelor-proiectului-port-cultural\/\"\n                        title=\"Reportaj TVR Iasi de prezentare a rezultatelor proiectului PORT Cultural\">Reportaj TVR Iasi de prezentare a rezultatelor proiectului PORT Cultural<\/a><\/h2><\/header><div class=\"eael-entry-meta\"><span class=\"eael-posted-by\"><a href=\"https:\/\/portcultural.usv.ro\/en\/author\/anamaria\/\" title=\"Posts by Bucaciuc Anamaria\" rel=\"author\">Bucaciuc Anamaria<\/a><\/span><span class=\"eael-posted-on\"><time datetime=\"28 August 2021\">28 August 2021<\/time><\/span><\/div><div class=\"eael-entry-content\">\n                        <div class=\"eael-grid-post-excerpt\"><a\n                            href=\"https:\/\/portcultural.usv.ro\/en\/reportaj-tvr-iasi-de-prezentare-a-rezultatelor-proiectului-port-cultural\/\"\n                            class=\"eael-post-elements-readmore-btn\">Vezi<\/a><\/div>\n                    <\/div><\/div><\/div>\n        <\/div>\n    <\/article><article class=\"eael-grid-post eael-post-grid-column\" data-id=\"6085\">\n        <div class=\"eael-grid-post-holder\">\n            <div class=\"eael-grid-post-holder-inner\"><div class=\"eael-entry-media\"><div class=\"eael-entry-overlay fade-in\"><i class=\"fas fa-long-arrow-alt-right\" aria-hidden=\"true\"><\/i><a href=\"https:\/\/portcultural.usv.ro\/en\/articol-de-presa-patrimoniul-cultural-al-bucovinei-trebuie-protejat-si-dezvoltat-2\/\"><\/a><\/div><div class=\"eael-entry-thumbnail\">\n                <img width=\"667\" height=\"912\" src=\"https:\/\/portcultural.usv.ro\/wp-content\/uploads\/Semnalizare.jpg\" class=\"attachment-full size-full\" alt=\"\" loading=\"lazy\" srcset=\"https:\/\/portcultural.usv.ro\/wp-content\/uploads\/Semnalizare.jpg 667w, https:\/\/portcultural.usv.ro\/wp-content\/uploads\/Semnalizare-219x300.jpg 219w, https:\/\/portcultural.usv.ro\/wp-content\/uploads\/Semnalizare-110x150.jpg 110w, https:\/\/portcultural.usv.ro\/wp-content\/uploads\/Semnalizare-9x12.jpg 9w, https:\/\/portcultural.usv.ro\/wp-content\/uploads\/Semnalizare-18x24.jpg 18w, https:\/\/portcultural.usv.ro\/wp-content\/uploads\/Semnalizare-26x36.jpg 26w, https:\/\/portcultural.usv.ro\/wp-content\/uploads\/Semnalizare-35x48.jpg 35w\" sizes=\"(max-width: 667px) 100vw, 667px\" \/>\n            <\/div>\n        <\/div><div class=\"eael-entry-wrapper\"><header class=\"eael-entry-header\"><h2 class=\"eael-entry-title\"><a\n                        class=\"eael-grid-post-link\"\n                        href=\"https:\/\/portcultural.usv.ro\/en\/articol-de-presa-patrimoniul-cultural-al-bucovinei-trebuie-protejat-si-dezvoltat-2\/\"\n                        title=\"Articol de pres\u0103 &#8211; Noi trasee de drume\u021bie \u00een sta\u021biunea turistic\u0103 Cacica\">Articol de pres\u0103 &#8211; Noi trasee de drume\u021bie \u00een sta\u021biunea turistic\u0103 Cacica<\/a><\/h2><\/header><div class=\"eael-entry-meta\"><span class=\"eael-posted-by\"><a href=\"https:\/\/portcultural.usv.ro\/en\/author\/anamaria\/\" title=\"Posts by Bucaciuc Anamaria\" rel=\"author\">Bucaciuc Anamaria<\/a><\/span><span class=\"eael-posted-on\"><time datetime=\"9 August 2021\">9 August 2021<\/time><\/span><\/div><div class=\"eael-entry-content\">\n                        <div class=\"eael-grid-post-excerpt\"><a\n                            href=\"https:\/\/portcultural.usv.ro\/en\/articol-de-presa-patrimoniul-cultural-al-bucovinei-trebuie-protejat-si-dezvoltat-2\/\"\n                            class=\"eael-post-elements-readmore-btn\">Vezi<\/a><\/div>\n                    <\/div><\/div><\/div>\n        <\/div>\n    <\/article><article class=\"eael-grid-post eael-post-grid-column\" data-id=\"6069\">\n        <div class=\"eael-grid-post-holder\">\n            <div class=\"eael-grid-post-holder-inner\"><div class=\"eael-entry-media\"><div class=\"eael-entry-overlay fade-in\"><i class=\"fas fa-long-arrow-alt-right\" aria-hidden=\"true\"><\/i><a href=\"https:\/\/portcultural.usv.ro\/en\/articol-de-presa-port-cultural-ateliere-de-prezentare-solutii-si-bune-practici\/\"><\/a><\/div><div class=\"eael-entry-thumbnail\">\n                <img width=\"1808\" height=\"2560\" src=\"https:\/\/portcultural.usv.ro\/wp-content\/uploads\/00-PANOU-eveniment-diseminare-UTGA-small-scaled.jpg\" class=\"attachment-full size-full\" alt=\"\" loading=\"lazy\" srcset=\"https:\/\/portcultural.usv.ro\/wp-content\/uploads\/00-PANOU-eveniment-diseminare-UTGA-small-scaled.jpg 1808w, https:\/\/portcultural.usv.ro\/wp-content\/uploads\/00-PANOU-eveniment-diseminare-UTGA-small-212x300.jpg 212w, https:\/\/portcultural.usv.ro\/wp-content\/uploads\/00-PANOU-eveniment-diseminare-UTGA-small-723x1024.jpg 723w, https:\/\/portcultural.usv.ro\/wp-content\/uploads\/00-PANOU-eveniment-diseminare-UTGA-small-106x150.jpg 106w, https:\/\/portcultural.usv.ro\/wp-content\/uploads\/00-PANOU-eveniment-diseminare-UTGA-small-768x1087.jpg 768w, https:\/\/portcultural.usv.ro\/wp-content\/uploads\/00-PANOU-eveniment-diseminare-UTGA-small-1085x1536.jpg 1085w, https:\/\/portcultural.usv.ro\/wp-content\/uploads\/00-PANOU-eveniment-diseminare-UTGA-small-1446x2048.jpg 1446w, https:\/\/portcultural.usv.ro\/wp-content\/uploads\/00-PANOU-eveniment-diseminare-UTGA-small-8x12.jpg 8w, https:\/\/portcultural.usv.ro\/wp-content\/uploads\/00-PANOU-eveniment-diseminare-UTGA-small-17x24.jpg 17w, https:\/\/portcultural.usv.ro\/wp-content\/uploads\/00-PANOU-eveniment-diseminare-UTGA-small-25x36.jpg 25w, https:\/\/portcultural.usv.ro\/wp-content\/uploads\/00-PANOU-eveniment-diseminare-UTGA-small-34x48.jpg 34w\" sizes=\"(max-width: 1808px) 100vw, 1808px\" \/>\n            <\/div>\n        <\/div><div class=\"eael-entry-wrapper\"><header class=\"eael-entry-header\"><h2 class=\"eael-entry-title\"><a\n                        class=\"eael-grid-post-link\"\n                        href=\"https:\/\/portcultural.usv.ro\/en\/articol-de-presa-port-cultural-ateliere-de-prezentare-solutii-si-bune-practici\/\"\n                        title=\"Articol de pres\u0103 &#8211; PORT Cultural. Ateliere de prezentare solu\u021bii \u0219i bune practici\">Articol de pres\u0103 &#8211; PORT Cultural. Ateliere de prezentare solu\u021bii \u0219i bune practici<\/a><\/h2><\/header><div class=\"eael-entry-meta\"><span class=\"eael-posted-by\"><a href=\"https:\/\/portcultural.usv.ro\/en\/author\/anamaria\/\" title=\"Posts by Bucaciuc Anamaria\" rel=\"author\">Bucaciuc Anamaria<\/a><\/span><span class=\"eael-posted-on\"><time datetime=\"23 July 2021\">23 July 2021<\/time><\/span><\/div><div class=\"eael-entry-content\">\n                        <div class=\"eael-grid-post-excerpt\"><a\n                            href=\"https:\/\/portcultural.usv.ro\/en\/articol-de-presa-port-cultural-ateliere-de-prezentare-solutii-si-bune-practici\/\"\n                            class=\"eael-post-elements-readmore-btn\">Vezi<\/a><\/div>\n                    <\/div><\/div><\/div>\n        <\/div>\n    <\/article><article class=\"eael-grid-post eael-post-grid-column\" data-id=\"6101\">\n        <div class=\"eael-grid-post-holder\">\n            <div class=\"eael-grid-post-holder-inner\"><div class=\"eael-entry-media\"><div class=\"eael-entry-overlay fade-in\"><i class=\"fas fa-long-arrow-alt-right\" aria-hidden=\"true\"><\/i><a href=\"https:\/\/portcultural.usv.ro\/en\/articol-de-presa-eveniment-de-diseminare-solutii-de-valorificare-a-patrimoniului-construit-din-mediul-rural-organizat-la-saru-dornei\/\"><\/a><\/div><div class=\"eael-entry-thumbnail\">\n                <img width=\"287\" height=\"90\" src=\"https:\/\/portcultural.usv.ro\/wp-content\/uploads\/News-Bucovina.png\" class=\"attachment-full size-full\" alt=\"\" loading=\"lazy\" srcset=\"https:\/\/portcultural.usv.ro\/wp-content\/uploads\/News-Bucovina.png 287w, https:\/\/portcultural.usv.ro\/wp-content\/uploads\/News-Bucovina-150x47.png 150w, https:\/\/portcultural.usv.ro\/wp-content\/uploads\/News-Bucovina-18x6.png 18w, https:\/\/portcultural.usv.ro\/wp-content\/uploads\/News-Bucovina-24x8.png 24w, https:\/\/portcultural.usv.ro\/wp-content\/uploads\/News-Bucovina-36x11.png 36w, https:\/\/portcultural.usv.ro\/wp-content\/uploads\/News-Bucovina-48x15.png 48w\" sizes=\"(max-width: 287px) 100vw, 287px\" \/>\n            <\/div>\n        <\/div><div class=\"eael-entry-wrapper\"><header class=\"eael-entry-header\"><h2 class=\"eael-entry-title\"><a\n                        class=\"eael-grid-post-link\"\n                        href=\"https:\/\/portcultural.usv.ro\/en\/articol-de-presa-eveniment-de-diseminare-solutii-de-valorificare-a-patrimoniului-construit-din-mediul-rural-organizat-la-saru-dornei\/\"\n                        title=\"Articol de pres\u0103 &#8211; Eveniment de diseminare \u201cSolu\u021bii de valorificare a patrimoniului construit din mediul rural\u201d organizat la \u0218aru Dornei\">Articol de pres\u0103 &#8211; Eveniment de diseminare \u201cSolu\u021bii de valorificare a patrimoniului construit din mediul rural\u201d organizat la \u0218aru Dornei<\/a><\/h2><\/header><div class=\"eael-entry-meta\"><span class=\"eael-posted-by\"><a href=\"https:\/\/portcultural.usv.ro\/en\/author\/anamaria\/\" title=\"Posts by Bucaciuc Anamaria\" rel=\"author\">Bucaciuc Anamaria<\/a><\/span><span class=\"eael-posted-on\"><time datetime=\"15 July 2021\">15 July 2021<\/time><\/span><\/div><div class=\"eael-entry-content\">\n                        <div class=\"eael-grid-post-excerpt\"><a\n                            href=\"https:\/\/portcultural.usv.ro\/en\/articol-de-presa-eveniment-de-diseminare-solutii-de-valorificare-a-patrimoniului-construit-din-mediul-rural-organizat-la-saru-dornei\/\"\n                            class=\"eael-post-elements-readmore-btn\">Vezi<\/a><\/div>\n                    <\/div><\/div><\/div>\n        <\/div>\n    <\/article><article class=\"eael-grid-post eael-post-grid-column\" data-id=\"6053\">\n        <div class=\"eael-grid-post-holder\">\n            <div class=\"eael-grid-post-holder-inner\"><div class=\"eael-entry-media\"><div class=\"eael-entry-overlay fade-in\"><i class=\"fas fa-long-arrow-alt-right\" aria-hidden=\"true\"><\/i><a href=\"https:\/\/portcultural.usv.ro\/en\/articol-de-presa-webinar-ul-online-de-instruire-port-cultural-culegem-case-din-bucovina\/\"><\/a><\/div><div class=\"eael-entry-thumbnail\">\n                <img width=\"1920\" height=\"1080\" src=\"https:\/\/portcultural.usv.ro\/wp-content\/uploads\/2021_05_28-Afis-webinar-1.png\" class=\"attachment-full size-full\" alt=\"\" loading=\"lazy\" srcset=\"https:\/\/portcultural.usv.ro\/wp-content\/uploads\/2021_05_28-Afis-webinar-1.png 1920w, https:\/\/portcultural.usv.ro\/wp-content\/uploads\/2021_05_28-Afis-webinar-1-300x169.png 300w, https:\/\/portcultural.usv.ro\/wp-content\/uploads\/2021_05_28-Afis-webinar-1-1024x576.png 1024w, https:\/\/portcultural.usv.ro\/wp-content\/uploads\/2021_05_28-Afis-webinar-1-150x84.png 150w, https:\/\/portcultural.usv.ro\/wp-content\/uploads\/2021_05_28-Afis-webinar-1-768x432.png 768w, https:\/\/portcultural.usv.ro\/wp-content\/uploads\/2021_05_28-Afis-webinar-1-1536x864.png 1536w, https:\/\/portcultural.usv.ro\/wp-content\/uploads\/2021_05_28-Afis-webinar-1-18x10.png 18w, https:\/\/portcultural.usv.ro\/wp-content\/uploads\/2021_05_28-Afis-webinar-1-24x14.png 24w, https:\/\/portcultural.usv.ro\/wp-content\/uploads\/2021_05_28-Afis-webinar-1-36x20.png 36w, https:\/\/portcultural.usv.ro\/wp-content\/uploads\/2021_05_28-Afis-webinar-1-48x27.png 48w\" sizes=\"(max-width: 1920px) 100vw, 1920px\" \/>\n            <\/div>\n        <\/div><div class=\"eael-entry-wrapper\"><header class=\"eael-entry-header\"><h2 class=\"eael-entry-title\"><a\n                        class=\"eael-grid-post-link\"\n                        href=\"https:\/\/portcultural.usv.ro\/en\/articol-de-presa-webinar-ul-online-de-instruire-port-cultural-culegem-case-din-bucovina\/\"\n                        title=\"Articol de pres\u0103 &#8211; Webinar-ul online de instruire PORT Cultural \u2013 \u201eCulegem case din Bucovina\u201d\">Articol de pres\u0103 &#8211; Webinar-ul online de instruire PORT Cultural \u2013 \u201eCulegem case din Bucovina\u201d<\/a><\/h2><\/header><div class=\"eael-entry-meta\"><span class=\"eael-posted-by\"><a href=\"https:\/\/portcultural.usv.ro\/en\/author\/anamaria\/\" title=\"Posts by Bucaciuc Anamaria\" rel=\"author\">Bucaciuc Anamaria<\/a><\/span><span class=\"eael-posted-on\"><time datetime=\"22 June 2021\">22 June 2021<\/time><\/span><\/div><div class=\"eael-entry-content\">\n                        <div class=\"eael-grid-post-excerpt\"><a\n                            href=\"https:\/\/portcultural.usv.ro\/en\/articol-de-presa-webinar-ul-online-de-instruire-port-cultural-culegem-case-din-bucovina\/\"\n                            class=\"eael-post-elements-readmore-btn\">Vezi<\/a><\/div>\n                    <\/div><\/div><\/div>\n        <\/div>\n    <\/article><article class=\"eael-grid-post eael-post-grid-column\" data-id=\"3985\">\n        <div class=\"eael-grid-post-holder\">\n            <div class=\"eael-grid-post-holder-inner\"><div class=\"eael-entry-wrapper\"><header class=\"eael-entry-header\"><h2 class=\"eael-entry-title\"><a\n                        class=\"eael-grid-post-link\"\n                        href=\"https:\/\/portcultural.usv.ro\/en\/interviu-bucovina-tv-seminar-online-culegem-case-din-bucovina-la-usv\/\"\n                        title=\"Interviu Bucovina TV &#8211; Seminar online CULEGEM CASE DIN BUCOVINA, la USV. 15 Iunie 2021\">Interviu Bucovina TV &#8211; Seminar online CULEGEM CASE DIN BUCOVINA, la USV. 15 Iunie 2021<\/a><\/h2><\/header><div class=\"eael-entry-meta\"><span class=\"eael-posted-by\"><a href=\"https:\/\/portcultural.usv.ro\/en\/author\/anamaria\/\" title=\"Posts by Bucaciuc Anamaria\" rel=\"author\">Bucaciuc Anamaria<\/a><\/span><span class=\"eael-posted-on\"><time datetime=\"17 June 2021\">17 June 2021<\/time><\/span><\/div><div class=\"eael-entry-content\">\n                        <div class=\"eael-grid-post-excerpt\"><a\n                            href=\"https:\/\/portcultural.usv.ro\/en\/interviu-bucovina-tv-seminar-online-culegem-case-din-bucovina-la-usv\/\"\n                            class=\"eael-post-elements-readmore-btn\">Vezi<\/a><\/div>\n                    <\/div><\/div><\/div>\n        <\/div>\n    <\/article><article class=\"eael-grid-post eael-post-grid-column\" data-id=\"2775\">\n        <div class=\"eael-grid-post-holder\">\n            <div class=\"eael-grid-post-holder-inner\"><div class=\"eael-entry-media\"><div class=\"eael-entry-overlay fade-in\"><i class=\"fas fa-long-arrow-alt-right\" aria-hidden=\"true\"><\/i><a href=\"https:\/\/portcultural.usv.ro\/en\/port-cultural-la-itb-2021-meets-mienat\/\"><\/a><\/div><div class=\"eael-entry-thumbnail\">\n                <img width=\"600\" height=\"269\" src=\"https:\/\/portcultural.usv.ro\/wp-content\/uploads\/csm_itb_berlin_logo_bd99f241f3.png\" class=\"attachment-full size-full\" alt=\"\" loading=\"lazy\" srcset=\"https:\/\/portcultural.usv.ro\/wp-content\/uploads\/csm_itb_berlin_logo_bd99f241f3.png 600w, https:\/\/portcultural.usv.ro\/wp-content\/uploads\/csm_itb_berlin_logo_bd99f241f3-300x135.png 300w, https:\/\/portcultural.usv.ro\/wp-content\/uploads\/csm_itb_berlin_logo_bd99f241f3-150x67.png 150w, https:\/\/portcultural.usv.ro\/wp-content\/uploads\/csm_itb_berlin_logo_bd99f241f3-16x7.png 16w, https:\/\/portcultural.usv.ro\/wp-content\/uploads\/csm_itb_berlin_logo_bd99f241f3-24x11.png 24w, https:\/\/portcultural.usv.ro\/wp-content\/uploads\/csm_itb_berlin_logo_bd99f241f3-36x16.png 36w, https:\/\/portcultural.usv.ro\/wp-content\/uploads\/csm_itb_berlin_logo_bd99f241f3-48x22.png 48w\" sizes=\"(max-width: 600px) 100vw, 600px\" \/>\n            <\/div>\n        <\/div><div class=\"eael-entry-wrapper\"><header class=\"eael-entry-header\"><h2 class=\"eael-entry-title\"><a\n                        class=\"eael-grid-post-link\"\n                        href=\"https:\/\/portcultural.usv.ro\/en\/port-cultural-la-itb-2021-meets-mienat\/\"\n                        title=\"PORT Cultural la \u201eITB 2021 meets MIENAT\u201d\">PORT Cultural la \u201eITB 2021 meets MIENAT\u201d<\/a><\/h2><\/header><div class=\"eael-entry-meta\"><span class=\"eael-posted-by\"><a href=\"https:\/\/portcultural.usv.ro\/en\/author\/anamaria\/\" title=\"Posts by Bucaciuc Anamaria\" rel=\"author\">Bucaciuc Anamaria<\/a><\/span><span class=\"eael-posted-on\"><time datetime=\"9 March 2021\">9 March 2021<\/time><\/span><\/div><div class=\"eael-entry-content\">\n                        <div class=\"eael-grid-post-excerpt\"><a\n                            href=\"https:\/\/portcultural.usv.ro\/en\/port-cultural-la-itb-2021-meets-mienat\/\"\n                            class=\"eael-post-elements-readmore-btn\">Vezi<\/a><\/div>\n                    <\/div><\/div><\/div>\n        <\/div>\n    <\/article><article class=\"eael-grid-post eael-post-grid-column\" data-id=\"2319\">\n        <div class=\"eael-grid-post-holder\">\n            <div class=\"eael-grid-post-holder-inner\"><div class=\"eael-entry-wrapper\"><header class=\"eael-entry-header\"><h2 class=\"eael-entry-title\"><a\n                        class=\"eael-grid-post-link\"\n                        href=\"https:\/\/portcultural.usv.ro\/en\/articol-de-presa-solutii-inovative-de-protejare-a-peisajului-cultural-al-bucovinei-prin-proiectul-port-cultural\/\"\n                        title=\"Articol de pres\u0103 &#8211; Solu\u021bii inovative de protejare a peisajului cultural al Bucovinei prin proiectul \u201dPORT Cultural\u201d\">Articol de pres\u0103 &#8211; Solu\u021bii inovative de protejare a peisajului cultural al Bucovinei prin proiectul \u201dPORT Cultural\u201d<\/a><\/h2><\/header><div class=\"eael-entry-meta\"><span class=\"eael-posted-by\"><a href=\"https:\/\/portcultural.usv.ro\/en\/author\/anamaria\/\" title=\"Posts by Bucaciuc Anamaria\" rel=\"author\">Bucaciuc Anamaria<\/a><\/span><span class=\"eael-posted-on\"><time datetime=\"6 January 2021\">6 January 2021<\/time><\/span><\/div><div class=\"eael-entry-content\">\n                        <div class=\"eael-grid-post-excerpt\"><a\n                            href=\"https:\/\/portcultural.usv.ro\/en\/articol-de-presa-solutii-inovative-de-protejare-a-peisajului-cultural-al-bucovinei-prin-proiectul-port-cultural\/\"\n                            class=\"eael-post-elements-readmore-btn\">Vezi<\/a><\/div>\n                    <\/div><\/div><\/div>\n        <\/div>\n    <\/article><article class=\"eael-grid-post eael-post-grid-column\" data-id=\"2307\">\n        <div class=\"eael-grid-post-holder\">\n            <div class=\"eael-grid-post-holder-inner\"><div class=\"eael-entry-media\"><div class=\"eael-entry-overlay fade-in\"><i class=\"fas fa-long-arrow-alt-right\" aria-hidden=\"true\"><\/i><a href=\"https:\/\/portcultural.usv.ro\/en\/articol-de-presa-patrimoniul-cultural-al-bucovinei-trebuie-protejat-si-dezvoltat\/\"><\/a><\/div><div class=\"eael-entry-thumbnail\">\n                <img width=\"1920\" height=\"1080\" src=\"https:\/\/portcultural.usv.ro\/wp-content\/uploads\/Imagine-webinar-PORTCultural-1.jpg\" class=\"attachment-full size-full\" alt=\"\" loading=\"lazy\" srcset=\"https:\/\/portcultural.usv.ro\/wp-content\/uploads\/Imagine-webinar-PORTCultural-1.jpg 1920w, https:\/\/portcultural.usv.ro\/wp-content\/uploads\/Imagine-webinar-PORTCultural-1-300x169.jpg 300w, https:\/\/portcultural.usv.ro\/wp-content\/uploads\/Imagine-webinar-PORTCultural-1-1024x576.jpg 1024w, https:\/\/portcultural.usv.ro\/wp-content\/uploads\/Imagine-webinar-PORTCultural-1-150x84.jpg 150w, https:\/\/portcultural.usv.ro\/wp-content\/uploads\/Imagine-webinar-PORTCultural-1-768x432.jpg 768w, https:\/\/portcultural.usv.ro\/wp-content\/uploads\/Imagine-webinar-PORTCultural-1-1536x864.jpg 1536w, https:\/\/portcultural.usv.ro\/wp-content\/uploads\/Imagine-webinar-PORTCultural-1-16x9.jpg 16w, https:\/\/portcultural.usv.ro\/wp-content\/uploads\/Imagine-webinar-PORTCultural-1-24x14.jpg 24w, https:\/\/portcultural.usv.ro\/wp-content\/uploads\/Imagine-webinar-PORTCultural-1-36x20.jpg 36w, https:\/\/portcultural.usv.ro\/wp-content\/uploads\/Imagine-webinar-PORTCultural-1-48x27.jpg 48w\" sizes=\"(max-width: 1920px) 100vw, 1920px\" \/>\n            <\/div>\n        <\/div><div class=\"eael-entry-wrapper\"><header class=\"eael-entry-header\"><h2 class=\"eael-entry-title\"><a\n                        class=\"eael-grid-post-link\"\n                        href=\"https:\/\/portcultural.usv.ro\/en\/articol-de-presa-patrimoniul-cultural-al-bucovinei-trebuie-protejat-si-dezvoltat\/\"\n                        title=\"Articol de pres\u0103 &#8211; Patrimoniul cultural al Bucovinei trebuie protejat \u015fi dezvoltat\">Articol de pres\u0103 &#8211; Patrimoniul cultural al Bucovinei trebuie protejat \u015fi dezvoltat<\/a><\/h2><\/header><div class=\"eael-entry-meta\"><span class=\"eael-posted-by\"><a href=\"https:\/\/portcultural.usv.ro\/en\/author\/anamaria\/\" title=\"Posts by Bucaciuc Anamaria\" rel=\"author\">Bucaciuc Anamaria<\/a><\/span><span class=\"eael-posted-on\"><time datetime=\"6 January 2021\">6 January 2021<\/time><\/span><\/div><div class=\"eael-entry-content\">\n                        <div class=\"eael-grid-post-excerpt\"><a\n                            href=\"https:\/\/portcultural.usv.ro\/en\/articol-de-presa-patrimoniul-cultural-al-bucovinei-trebuie-protejat-si-dezvoltat\/\"\n                            class=\"eael-post-elements-readmore-btn\">Vezi<\/a><\/div>\n                    <\/div><\/div><\/div>\n        <\/div>\n    <\/article><article class=\"eael-grid-post eael-post-grid-column\" data-id=\"1705\">\n        <div class=\"eael-grid-post-holder\">\n            <div class=\"eael-grid-post-holder-inner\"><div class=\"eael-entry-wrapper\"><header class=\"eael-entry-header\"><h2 class=\"eael-entry-title\"><a\n                        class=\"eael-grid-post-link\"\n                        href=\"https:\/\/portcultural.usv.ro\/en\/materiale-video\/\"\n                        title=\"Materiale video\">Materiale video<\/a><\/h2><\/header><div class=\"eael-entry-meta\"><span class=\"eael-posted-by\"><a href=\"https:\/\/portcultural.usv.ro\/en\/author\/iulianc\/\" title=\"Posts by iulianc\" rel=\"author\">iulianc<\/a><\/span><span class=\"eael-posted-on\"><time datetime=\"10 December 2019\">10 December 2019<\/time><\/span><\/div><div class=\"eael-entry-content\">\n                        <div class=\"eael-grid-post-excerpt\"><a\n                            href=\"https:\/\/portcultural.usv.ro\/en\/materiale-video\/\"\n                            class=\"eael-post-elements-readmore-btn\">Vezi<\/a><\/div>\n                    <\/div><\/div><\/div>\n        <\/div>\n    <\/article><article class=\"eael-grid-post eael-post-grid-column\" data-id=\"1695\">\n        <div class=\"eael-grid-post-holder\">\n            <div class=\"eael-grid-post-holder-inner\"><div class=\"eael-entry-media\"><div class=\"eael-entry-overlay fade-in\"><i class=\"fas fa-long-arrow-alt-right\" aria-hidden=\"true\"><\/i><a href=\"https:\/\/portcultural.usv.ro\/en\/povestea-caselor-din-cacica-la-intermedia-tv\/\"><\/a><\/div><div class=\"eael-entry-thumbnail\">\n                <img width=\"1051\" height=\"725\" src=\"https:\/\/portcultural.usv.ro\/wp-content\/uploads\/2019\/12\/IntermediaTV1.jpg\" class=\"attachment-full size-full\" alt=\"\" loading=\"lazy\" srcset=\"https:\/\/portcultural.usv.ro\/wp-content\/uploads\/2019\/12\/IntermediaTV1.jpg 1051w, https:\/\/portcultural.usv.ro\/wp-content\/uploads\/2019\/12\/IntermediaTV1-300x207.jpg 300w, https:\/\/portcultural.usv.ro\/wp-content\/uploads\/2019\/12\/IntermediaTV1-768x530.jpg 768w, https:\/\/portcultural.usv.ro\/wp-content\/uploads\/2019\/12\/IntermediaTV1-1024x706.jpg 1024w, https:\/\/portcultural.usv.ro\/wp-content\/uploads\/2019\/12\/IntermediaTV1-24x17.jpg 24w, https:\/\/portcultural.usv.ro\/wp-content\/uploads\/2019\/12\/IntermediaTV1-36x25.jpg 36w, https:\/\/portcultural.usv.ro\/wp-content\/uploads\/2019\/12\/IntermediaTV1-48x33.jpg 48w\" sizes=\"(max-width: 1051px) 100vw, 1051px\" \/>\n            <\/div>\n        <\/div><div class=\"eael-entry-wrapper\"><header class=\"eael-entry-header\"><h2 class=\"eael-entry-title\"><a\n                        class=\"eael-grid-post-link\"\n                        href=\"https:\/\/portcultural.usv.ro\/en\/povestea-caselor-din-cacica-la-intermedia-tv\/\"\n                        title=\"Povestea Caselor din Cacica la Intermedia TV\">Povestea Caselor din Cacica la Intermedia TV<\/a><\/h2><\/header><div class=\"eael-entry-meta\"><span class=\"eael-posted-by\"><a href=\"https:\/\/portcultural.usv.ro\/en\/author\/iulianc\/\" title=\"Posts by iulianc\" rel=\"author\">iulianc<\/a><\/span><span class=\"eael-posted-on\"><time datetime=\"10 December 2019\">10 December 2019<\/time><\/span><\/div><div class=\"eael-entry-content\">\n                        <div class=\"eael-grid-post-excerpt\"><a\n                            href=\"https:\/\/portcultural.usv.ro\/en\/povestea-caselor-din-cacica-la-intermedia-tv\/\"\n                            class=\"eael-post-elements-readmore-btn\">Vezi<\/a><\/div>\n                    <\/div><\/div><\/div>\n        <\/div>\n    <\/article><article class=\"eael-grid-post eael-post-grid-column\" data-id=\"1700\">\n        <div class=\"eael-grid-post-holder\">\n            <div class=\"eael-grid-post-holder-inner\"><div class=\"eael-entry-media\"><div class=\"eael-entry-overlay fade-in\"><i class=\"fas fa-long-arrow-alt-right\" aria-hidden=\"true\"><\/i><a href=\"https:\/\/portcultural.usv.ro\/en\/articol-de-presa-newsbucovina-scoala-de-vara-a-usv-dezvoltare-competente-antreprenoriale\/\"><\/a><\/div><div class=\"eael-entry-thumbnail\">\n                <img width=\"1920\" src=\"https:\/\/www.newsbucovina.ro\/wp-content\/uploads\/2020\/01\/logo-color.png\" class=\"attachment-full size-full\" alt=\"Articol de presa \u2013 Newsbucovina \u2013 \u0218coala de var\u0103 a USV \u201eDezvoltare competen\u021be antreprenoriale\u201d\" loading=\"lazy\" \/>\n            <\/div>\n        <\/div><div class=\"eael-entry-wrapper\"><header class=\"eael-entry-header\"><h2 class=\"eael-entry-title\"><a\n                        class=\"eael-grid-post-link\"\n                        href=\"https:\/\/portcultural.usv.ro\/en\/articol-de-presa-newsbucovina-scoala-de-vara-a-usv-dezvoltare-competente-antreprenoriale\/\"\n                        title=\"Articol de presa &#8211; Newsbucovina &#8211; \u0218coala de var\u0103 a USV \u201eDezvoltare competen\u021be antreprenoriale\u201d\">Articol de presa &#8211; Newsbucovina &#8211; \u0218coala de var\u0103 a USV \u201eDezvoltare competen\u021be antreprenoriale\u201d<\/a><\/h2><\/header><div class=\"eael-entry-meta\"><span class=\"eael-posted-by\"><a href=\"https:\/\/portcultural.usv.ro\/en\/author\/iulianc\/\" title=\"Posts by iulianc\" rel=\"author\">iulianc<\/a><\/span><span class=\"eael-posted-on\"><time datetime=\"22 July 2019\">22 July 2019<\/time><\/span><\/div><div class=\"eael-entry-content\">\n                        <div class=\"eael-grid-post-excerpt\"><a\n                            href=\"https:\/\/portcultural.usv.ro\/en\/articol-de-presa-newsbucovina-scoala-de-vara-a-usv-dezvoltare-competente-antreprenoriale\/\"\n                            class=\"eael-post-elements-readmore-btn\">Vezi<\/a><\/div>\n                    <\/div><\/div><\/div>\n        <\/div>\n    <\/article><\/div>\n            <div class=\"clearfix\"><\/div>\n        <\/div>\t\t<\/div>\n\t\t\t\t<\/div>\n\t\t\t\t\t\t<\/div>\n\t\t\t\t\t<\/div>\n\t\t<\/div>\n\t\t\t\t\t\t\t\t<\/div>\n\t\t\t\t\t<\/div>\n\t\t<\/section>\n\t\t\t\t\t\t<\/div>\n\t\t\t\t\t\t<\/div>\n\t\t\t\t\t<\/div>","protected":false},"excerpt":{"rendered":"<p>Diseminare \u00een mass-media APT Bucovina promoveaz\u0103 PORT Cultural Bucaciuc Anamaria8 noiembrie 2021 Vezi Articol \u00een Gazeta de ecoturism \u021aara Dornelor Bucaciuc Anamaria30 septembrie 2021 Vezi Reportaj TVR Iasi de prezentare a proiectului PORT Cultural Bucaciuc Anamaria21 septembrie 2021 Vezi Articol de pres\u0103 &#8211; \u015ecoala de var\u0103 PORT Cultural: Regenerare rural\u0103 prin antreprenoriat \u0219i valorificarea patrimoniului &hellip;<\/p>\n<p class=\"read-more\"> <a class=\"\" href=\"https:\/\/portcultural.usv.ro\/en\/articol-de-presa-newsbucovina-scoala-de-vara-a-usv-dezvoltare-competente-antreprenoriale\/\"> <span class=\"screen-reader-text\">Articol de presa &#8211; Newsbucovina &#8211; \u0218coala de var\u0103 a USV \u201eDezvoltare competen\u021be antreprenoriale\u201d<\/span> Read More &raquo;<\/a><\/p>","protected":false},"author":1,"featured_media":0,"parent":0,"menu_order":0,"comment_status":"closed","ping_status":"closed","template":"","meta":[],"_links":{"self":[{"href":"https:\/\/portcultural.usv.ro\/en\/wp-json\/wp\/v2\/pages\/1693"}],"collection":[{"href":"https:\/\/portcultural.usv.ro\/en\/wp-json\/wp\/v2\/pages"}],"about":[{"href":"https:\/\/portcultural.usv.ro\/en\/wp-json\/wp\/v2\/types\/page"}],"author":[{"embeddable":true,"href":"https:\/\/portcultural.usv.ro\/en\/wp-json\/wp\/v2\/users\/1"}],"replies":[{"embeddable":true,"href":"https:\/\/portcultural.usv.ro\/en\/wp-json\/wp\/v2\/comments?post=1693"}],"version-history":[{"count":13,"href":"https:\/\/portcultural.usv.ro\/en\/wp-json\/wp\/v2\/pages\/1693\/revisions"}],"predecessor-version":[{"id":6122,"href":"https:\/\/portcultural.usv.ro\/en\/wp-json\/wp\/v2\/pages\/1693\/revisions\/6122"}],"wp:attachment":[{"href":"https:\/\/portcultural.usv.ro\/en\/wp-json\/wp\/v2\/media?parent=1693"}],"curies":[{"name":"wp","href":"https:\/\/api.w.org\/{rel}","templated":true}]}}