{"id":1860,"date":"2020-05-11T16:39:07","date_gmt":"2020-05-11T13:39:07","guid":{"rendered":"https:\/\/portcultural.usv.ro\/?page_id=1860"},"modified":"2021-12-13T10:50:54","modified_gmt":"2021-12-13T08:50:54","slug":"evenimente-2","status":"publish","type":"page","link":"https:\/\/portcultural.usv.ro\/en\/evenimente-2\/","title":{"rendered":"Evenimente"},"content":{"rendered":"<div data-elementor-type=\"wp-post\" data-elementor-id=\"1860\" class=\"elementor elementor-1860\" data-elementor-settings=\"[]\">\n\t\t\t\t\t\t<div class=\"elementor-inner\">\n\t\t\t\t\t\t\t<div class=\"elementor-section-wrap\">\n\t\t\t\t\t\t\t<section class=\"elementor-section elementor-top-section elementor-element elementor-element-b87984a elementor-section-boxed elementor-section-height-default elementor-section-height-default\" data-id=\"b87984a\" data-element_type=\"section\">\n\t\t\t\t\t\t<div class=\"elementor-container elementor-column-gap-default\">\n\t\t\t\t\t\t\t<div class=\"elementor-row\">\n\t\t\t\t\t<div class=\"elementor-column elementor-col-100 elementor-top-column elementor-element elementor-element-059945e\" data-id=\"059945e\" data-element_type=\"column\">\n\t\t\t<div class=\"elementor-column-wrap elementor-element-populated\">\n\t\t\t\t\t\t\t<div class=\"elementor-widget-wrap\">\n\t\t\t\t\t\t<div class=\"elementor-element elementor-element-5d12b08 elementor-widget elementor-widget-lae-heading\" data-id=\"5d12b08\" data-element_type=\"widget\" data-widget_type=\"lae-heading.default\">\n\t\t\t\t<div class=\"elementor-widget-container\">\n\t\t\t\n<div class=\"lae-heading lae-style3 lae-aligncenter\" >\n\n    <h3 class=\"lae-title\">Evenimente<\/h3>\n\n<\/div><!-- .lae-heading -->\t\t<\/div>\n\t\t\t\t<\/div>\n\t\t\t\t\t\t<\/div>\n\t\t\t\t\t<\/div>\n\t\t<\/div>\n\t\t\t\t\t\t\t\t<\/div>\n\t\t\t\t\t<\/div>\n\t\t<\/section>\n\t\t\t\t<section class=\"elementor-section elementor-top-section elementor-element elementor-element-94c821a elementor-section-boxed elementor-section-height-default elementor-section-height-default\" data-id=\"94c821a\" data-element_type=\"section\">\n\t\t\t\t\t\t<div class=\"elementor-container elementor-column-gap-default\">\n\t\t\t\t\t\t\t<div class=\"elementor-row\">\n\t\t\t\t\t<div class=\"elementor-column elementor-col-100 elementor-top-column elementor-element elementor-element-fd35b8f\" data-id=\"fd35b8f\" data-element_type=\"column\">\n\t\t\t<div class=\"elementor-column-wrap elementor-element-populated\">\n\t\t\t\t\t\t\t<div class=\"elementor-widget-wrap\">\n\t\t\t\t\t\t<div class=\"elementor-element elementor-element-558179c elementor-widget elementor-widget-eael-post-timeline\" data-id=\"558179c\" data-element_type=\"widget\" data-widget_type=\"eael-post-timeline.default\">\n\t\t\t\t<div class=\"elementor-widget-container\">\n\t\t\t<div id=\"eael-post-timeline-558179c\" class=\"eael-post-timeline timeline-layout-default eael-post-timeline-arrow-\">\n            <div class=\"eael-post-timeline eael-post-appender eael-post-appender-558179c\"><article class=\"eael-timeline-post eael-timeline-column\">\n    <div class=\"eael-timeline-bullet\"><\/div>\n    <div class=\"eael-timeline-post-inner\">\n        <a class=\"eael-timeline-post-link\" href=\"https:\/\/portcultural.usv.ro\/en\/propune-oamenii-patrimoniului-editia-2025\/\" title=\"Propune Oamenii Patrimoniului &#8211; Edi\u021bia 2025\">\n            <time datetime=\"2 December 2025\">2 December 2025<\/time>\n            <div class=\"eael-timeline-post-image attachment-medium_large size-medium_large\" style=\"background-image: url(https:\/\/portcultural.usv.ro\/wp-content\/uploads\/DiplomaOP2020-scaled-e1639385029408-768x280.jpg);\"><\/div><div class=\"eael-timeline-post-excerpt\"><p>Peisajul cultural \u0219i satul tradi\u021bional al Bucovinei trece prin modific\u0103ri...<\/p><\/div><div class=\"eael-timeline-post-title\">\n                    <h2>Propune Oamenii Patrimoniului &#8211; Edi\u021bia 2025<\/h2>\n                <\/div><\/a>\n    <\/div>\n<\/article><article class=\"eael-timeline-post eael-timeline-column\">\n    <div class=\"eael-timeline-bullet\"><\/div>\n    <div class=\"eael-timeline-post-inner\">\n        <a class=\"eael-timeline-post-link\" href=\"https:\/\/portcultural.usv.ro\/en\/propune-oamenii-patrimoniului-editia-2024\/\" title=\"Propune Oamenii Patrimoniului &#8211; Edi\u021bia 2024\">\n            <time datetime=\"2 February 2023\">2 February 2023<\/time>\n            <div class=\"eael-timeline-post-image attachment-medium_large size-medium_large\" style=\"background-image: url(https:\/\/portcultural.usv.ro\/wp-content\/uploads\/DiplomaOP2020-scaled-e1639385029408-768x280.jpg);\"><\/div><div class=\"eael-timeline-post-excerpt\"><p>Peisajul cultural \u0219i satul tradi\u021bional al Bucovinei trece prin modific\u0103ri...<\/p><\/div><div class=\"eael-timeline-post-title\">\n                    <h2>Propune Oamenii Patrimoniului &#8211; Edi\u021bia 2024<\/h2>\n                <\/div><\/a>\n    <\/div>\n<\/article><article class=\"eael-timeline-post eael-timeline-column\">\n    <div class=\"eael-timeline-bullet\"><\/div>\n    <div class=\"eael-timeline-post-inner\">\n        <a class=\"eael-timeline-post-link\" href=\"https:\/\/portcultural.usv.ro\/en\/scoala-de-vara-the-heritage-as-european-cultural-value\/\" title=\"Scoala de vara &#8211; The Heritage as European Cultural Value\">\n            <time datetime=\"14 May 2022\">14 May 2022<\/time>\n            <div class=\"eael-timeline-post-image attachment-medium_large size-medium_large\" style=\"background-image: url(https:\/\/portcultural.usv.ro\/wp-content\/uploads\/Scoala-de-vara-2022-Afis-v4-768x1086.jpg);\"><\/div><div class=\"eael-timeline-post-excerpt\"><p><\/p><\/div><div class=\"eael-timeline-post-title\">\n                    <h2>Scoala de vara &#8211; The Heritage as European Cultural Value<\/h2>\n                <\/div><\/a>\n    <\/div>\n<\/article><article class=\"eael-timeline-post eael-timeline-column\">\n    <div class=\"eael-timeline-bullet\"><\/div>\n    <div class=\"eael-timeline-post-inner\">\n        <a class=\"eael-timeline-post-link\" href=\"https:\/\/portcultural.usv.ro\/en\/propune-oamenii-patrimoniului-editia-2022\/\" title=\"Propune Oamenii Patrimoniului &#8211; Edi\u021bia 2022\">\n            <time datetime=\"21 April 2022\">21 April 2022<\/time>\n            <div class=\"eael-timeline-post-image attachment-medium_large size-medium_large\" style=\"background-image: url(https:\/\/portcultural.usv.ro\/wp-content\/uploads\/DiplomaOP2020-scaled-e1639385029408-768x280.jpg);\"><\/div><div class=\"eael-timeline-post-excerpt\"><p>Peisajul cultural \u0219i satul tradi\u021bional al Bucovinei trece prin modific\u0103ri...<\/p><\/div><div class=\"eael-timeline-post-title\">\n                    <h2>Propune Oamenii Patrimoniului &#8211; Edi\u021bia 2022<\/h2>\n                <\/div><\/a>\n    <\/div>\n<\/article><article class=\"eael-timeline-post eael-timeline-column\">\n    <div class=\"eael-timeline-bullet\"><\/div>\n    <div class=\"eael-timeline-post-inner\">\n        <a class=\"eael-timeline-post-link\" href=\"https:\/\/portcultural.usv.ro\/en\/expozitie-case-traditionale-din-bucovina\/\" title=\"Expozi\u021bie case tradi\u021bionale din Bucovina\">\n            <time datetime=\"14 February 2022\">14 February 2022<\/time>\n            <div class=\"eael-timeline-post-image attachment-medium_large size-medium_large\" style=\"background-image: url(https:\/\/portcultural.usv.ro\/wp-content\/uploads\/IMG20220214155604-1.jpg);\"><\/div><div class=\"eael-timeline-post-excerpt\"><p>\u00cen perioada de sustenabilitate a proiectului PORT Cultural continu\u0103m s\u0103...<\/p><\/div><div class=\"eael-timeline-post-title\">\n                    <h2>Expozi\u021bie case tradi\u021bionale din Bucovina<\/h2>\n                <\/div><\/a>\n    <\/div>\n<\/article><article class=\"eael-timeline-post eael-timeline-column\">\n    <div class=\"eael-timeline-bullet\"><\/div>\n    <div class=\"eael-timeline-post-inner\">\n        <a class=\"eael-timeline-post-link\" href=\"https:\/\/portcultural.usv.ro\/en\/propune-oamenii-patrimoniului-editia-2021\/\" title=\"Propune Oamenii Patrimoniului &#8211; Edi\u021bia 2021\">\n            <time datetime=\"13 December 2021\">13 December 2021<\/time>\n            <div class=\"eael-timeline-post-image attachment-medium_large size-medium_large\" style=\"background-image: url(https:\/\/portcultural.usv.ro\/wp-content\/uploads\/DiplomaOP2020-scaled-e1639385029408-768x280.jpg);\"><\/div><div class=\"eael-timeline-post-excerpt\"><p>Peisajul cultural \u0219i satul tradi\u021bional al Bucovinei trece prin modific\u0103ri...<\/p><\/div><div class=\"eael-timeline-post-title\">\n                    <h2>Propune Oamenii Patrimoniului &#8211; Edi\u021bia 2021<\/h2>\n                <\/div><\/a>\n    <\/div>\n<\/article><article class=\"eael-timeline-post eael-timeline-column\">\n    <div class=\"eael-timeline-bullet\"><\/div>\n    <div class=\"eael-timeline-post-inner\">\n        <a class=\"eael-timeline-post-link\" href=\"https:\/\/portcultural.usv.ro\/en\/modele-de-valorificare-a-patrimoniului-construit-in-satele-sasesti-ale-transilvaniei\/\" title=\"Modele de valorificare a patrimoniului construit \u00een satele s\u0103se\u0219ti ale Transilvaniei\">\n            <time datetime=\"23 September 2021\">23 September 2021<\/time>\n            <div class=\"eael-timeline-post-image attachment-medium_large size-medium_large\" style=\"background-image: url(https:\/\/portcultural.usv.ro\/wp-content\/uploads\/poza-Cloasterf-3-768x1024.jpeg);\"><\/div><div class=\"eael-timeline-post-excerpt\"><p>Echipa proiectului PORT Cultural, coordonat\u0103 de conf. univ. dr. Daniel...<\/p><\/div><div class=\"eael-timeline-post-title\">\n                    <h2>Modele de valorificare a patrimoniului construit \u00een satele s\u0103se\u0219ti ale Transilvaniei<\/h2>\n                <\/div><\/a>\n    <\/div>\n<\/article><article class=\"eael-timeline-post eael-timeline-column\">\n    <div class=\"eael-timeline-bullet\"><\/div>\n    <div class=\"eael-timeline-post-inner\">\n        <a class=\"eael-timeline-post-link\" href=\"https:\/\/portcultural.usv.ro\/en\/modele-de-valorificare-a-patrimoniului-construit-in-zona-podisului-tarnavelor\/\" title=\"Modele de valorificare a patrimoniului construit \u00een zona Podi\u0219ului T\u00e2rnavelor\">\n            <time datetime=\"23 September 2021\">23 September 2021<\/time>\n            <div class=\"eael-timeline-post-image attachment-medium_large size-medium_large\" style=\"background-image: url(https:\/\/portcultural.usv.ro\/wp-content\/uploads\/poza-Mica-2-768x576.jpeg);\"><\/div><div class=\"eael-timeline-post-excerpt\"><p>Echipa proiectului PORT Cultural, coordonat\u0103 de conf. univ. dr. Daniel...<\/p><\/div><div class=\"eael-timeline-post-title\">\n                    <h2>Modele de valorificare a patrimoniului construit \u00een zona Podi\u0219ului T\u00e2rnavelor<\/h2>\n                <\/div><\/a>\n    <\/div>\n<\/article><article class=\"eael-timeline-post eael-timeline-column\">\n    <div class=\"eael-timeline-bullet\"><\/div>\n    <div class=\"eael-timeline-post-inner\">\n        <a class=\"eael-timeline-post-link\" href=\"https:\/\/portcultural.usv.ro\/en\/port-cultural-in-bucovina-solutii-de-valorificare-a-patrimoniului-construit-din-mediul-rural\/\" title=\"PORT Cultural \u00een Bucovina. Solu\u021bii de valorificare a patrimoniului construit din mediul rural\">\n            <time datetime=\"13 July 2021\">13 July 2021<\/time>\n            <div class=\"eael-timeline-post-image attachment-medium_large size-medium_large\" style=\"background-image: url();\"><\/div><div class=\"eael-timeline-post-excerpt\"><p>S\u00e2mb\u0103t\u0103, 17 Iulie 2021, la Casa Muzeu Bukowina din Putna,...<\/p><\/div><div class=\"eael-timeline-post-title\">\n                    <h2>PORT Cultural \u00een Bucovina. Solu\u021bii de valorificare a patrimoniului construit din mediul rural<\/h2>\n                <\/div><\/a>\n    <\/div>\n<\/article><article class=\"eael-timeline-post eael-timeline-column\">\n    <div class=\"eael-timeline-bullet\"><\/div>\n    <div class=\"eael-timeline-post-inner\">\n        <a class=\"eael-timeline-post-link\" href=\"https:\/\/portcultural.usv.ro\/en\/bucovina-oamenii-patrimoniului\/\" title=\"Bucovina.Oamenii patrimoniului\">\n            <time datetime=\"15 March 2021\">15 March 2021<\/time>\n            <div class=\"eael-timeline-post-image attachment-medium_large size-medium_large\" style=\"background-image: url(https:\/\/portcultural.usv.ro\/wp-content\/uploads\/headerOP2020-768x288.png);\"><\/div><div class=\"eael-timeline-post-excerpt\"><p>Oamenii patrimoniului\u200b PASCAL GARNIER, Putna \u2013 Salvarea Casei Aioni\u021boaie FAMILIA...<\/p><\/div><div class=\"eael-timeline-post-title\">\n                    <h2>Bucovina.Oamenii patrimoniului<\/h2>\n                <\/div><\/a>\n    <\/div>\n<\/article><\/div>\n\t\t<\/div>\t\t<\/div>\n\t\t\t\t<\/div>\n\t\t\t\t\t\t<\/div>\n\t\t\t\t\t<\/div>\n\t\t<\/div>\n\t\t\t\t\t\t\t\t<\/div>\n\t\t\t\t\t<\/div>\n\t\t<\/section>\n\t\t\t\t\t\t<\/div>\n\t\t\t\t\t\t<\/div>\n\t\t\t\t\t<\/div>","protected":false},"excerpt":{"rendered":"<p>Evenimente 13 decembrie 2021 Peisajul cultural \u0219i satul tradi\u021bional al Bucovinei trece prin modific\u0103ri&#8230; Propune Oamenii Patrimoniului &#8211; Edi\u021bia 2021 23 septembrie 2021 Echipa proiectului PORT Cultural, coordonat\u0103 de conf. univ. dr. Daniel&#8230; Modele de valorificare a patrimoniului construit \u00een satele s\u0103se\u0219ti ale Transilvaniei 23 septembrie 2021 Echipa proiectului PORT Cultural, coordonat\u0103 de conf. univ. &hellip;<\/p>\n<p class=\"read-more\"> <a class=\"\" href=\"https:\/\/portcultural.usv.ro\/en\/bucovina-oamenii-patrimoniului\/\"> <span class=\"screen-reader-text\">Bucovina.Oamenii patrimoniului<\/span> Read More &raquo;<\/a><\/p>","protected":false},"author":1,"featured_media":0,"parent":0,"menu_order":0,"comment_status":"closed","ping_status":"closed","template":"","meta":[],"_links":{"self":[{"href":"https:\/\/portcultural.usv.ro\/en\/wp-json\/wp\/v2\/pages\/1860"}],"collection":[{"href":"https:\/\/portcultural.usv.ro\/en\/wp-json\/wp\/v2\/pages"}],"about":[{"href":"https:\/\/portcultural.usv.ro\/en\/wp-json\/wp\/v2\/types\/page"}],"author":[{"embeddable":true,"href":"https:\/\/portcultural.usv.ro\/en\/wp-json\/wp\/v2\/users\/1"}],"replies":[{"embeddable":true,"href":"https:\/\/portcultural.usv.ro\/en\/wp-json\/wp\/v2\/comments?post=1860"}],"version-history":[{"count":15,"href":"https:\/\/portcultural.usv.ro\/en\/wp-json\/wp\/v2\/pages\/1860\/revisions"}],"predecessor-version":[{"id":6143,"href":"https:\/\/portcultural.usv.ro\/en\/wp-json\/wp\/v2\/pages\/1860\/revisions\/6143"}],"wp:attachment":[{"href":"https:\/\/portcultural.usv.ro\/en\/wp-json\/wp\/v2\/media?parent=1860"}],"curies":[{"name":"wp","href":"https:\/\/api.w.org\/{rel}","templated":true}]}}