{"id":3010,"date":"2021-03-12T10:48:34","date_gmt":"2021-03-12T08:48:34","guid":{"rendered":"https:\/\/portcultural.usv.ro\/?page_id=3010"},"modified":"2026-02-19T12:02:05","modified_gmt":"2026-02-19T10:02:05","slug":"oamenii-patrimoniului","status":"publish","type":"page","link":"https:\/\/portcultural.usv.ro\/en\/oamenii-patrimoniului\/","title":{"rendered":"Oamenii patrimoniului"},"content":{"rendered":"<div data-elementor-type=\"wp-page\" data-elementor-id=\"3010\" class=\"elementor elementor-3010\" data-elementor-settings=\"[]\">\n\t\t\t\t\t\t<div class=\"elementor-inner\">\n\t\t\t\t\t\t\t<div class=\"elementor-section-wrap\">\n\t\t\t\t\t\t\t<section class=\"elementor-section elementor-top-section elementor-element elementor-element-fa7a110 elementor-section-full_width elementor-section-height-default elementor-section-height-default\" data-id=\"fa7a110\" data-element_type=\"section\">\n\t\t\t\t\t\t<div class=\"elementor-container elementor-column-gap-default\">\n\t\t\t\t\t\t\t<div class=\"elementor-row\">\n\t\t\t\t\t<div class=\"elementor-column elementor-col-100 elementor-top-column elementor-element elementor-element-eeb1155\" data-id=\"eeb1155\" data-element_type=\"column\">\n\t\t\t<div class=\"elementor-column-wrap elementor-element-populated\">\n\t\t\t\t\t\t\t<div class=\"elementor-widget-wrap\">\n\t\t\t\t\t\t<div class=\"elementor-element elementor-element-004ccd2 elementor-widget elementor-widget-image\" data-id=\"004ccd2\" data-element_type=\"widget\" data-widget_type=\"image.default\">\n\t\t\t\t<div class=\"elementor-widget-container\">\n\t\t\t\t\t\t\t\t<div class=\"elementor-image\">\n\t\t\t\t\t\t\t\t\t\t\t\t<img width=\"1265\" height=\"1028\" src=\"https:\/\/portcultural.usv.ro\/wp-content\/uploads\/RiomiiFoto1.jpg\" class=\"attachment-full size-full\" alt=\"\" loading=\"lazy\" srcset=\"https:\/\/portcultural.usv.ro\/wp-content\/uploads\/RiomiiFoto1.jpg 1265w, https:\/\/portcultural.usv.ro\/wp-content\/uploads\/RiomiiFoto1-300x244.jpg 300w, https:\/\/portcultural.usv.ro\/wp-content\/uploads\/RiomiiFoto1-1024x832.jpg 1024w, https:\/\/portcultural.usv.ro\/wp-content\/uploads\/RiomiiFoto1-150x122.jpg 150w, https:\/\/portcultural.usv.ro\/wp-content\/uploads\/RiomiiFoto1-768x624.jpg 768w, https:\/\/portcultural.usv.ro\/wp-content\/uploads\/RiomiiFoto1-16x12.jpg 16w, https:\/\/portcultural.usv.ro\/wp-content\/uploads\/RiomiiFoto1-24x20.jpg 24w, https:\/\/portcultural.usv.ro\/wp-content\/uploads\/RiomiiFoto1-36x29.jpg 36w, https:\/\/portcultural.usv.ro\/wp-content\/uploads\/RiomiiFoto1-48x39.jpg 48w\" sizes=\"(max-width: 1265px) 100vw, 1265px\" \/>\t\t\t\t\t\t\t\t\t\t\t\t\t\t<\/div>\n\t\t\t\t\t\t<\/div>\n\t\t\t\t<\/div>\n\t\t\t\t\t\t<\/div>\n\t\t\t\t\t<\/div>\n\t\t<\/div>\n\t\t\t\t\t\t\t\t<\/div>\n\t\t\t\t\t<\/div>\n\t\t<\/section>\n\t\t\t\t<section class=\"elementor-section elementor-top-section elementor-element elementor-element-05a9b0b elementor-section-boxed elementor-section-height-default elementor-section-height-default\" data-id=\"05a9b0b\" data-element_type=\"section\">\n\t\t\t\t\t\t<div class=\"elementor-container elementor-column-gap-default\">\n\t\t\t\t\t\t\t<div class=\"elementor-row\">\n\t\t\t\t\t<div class=\"elementor-column elementor-col-33 elementor-top-column elementor-element elementor-element-792c1b6\" data-id=\"792c1b6\" data-element_type=\"column\">\n\t\t\t<div class=\"elementor-column-wrap elementor-element-populated\">\n\t\t\t\t\t\t\t<div class=\"elementor-widget-wrap\">\n\t\t\t\t\t\t<div class=\"elementor-element elementor-element-82c7619 elementor-widget elementor-widget-image\" data-id=\"82c7619\" data-element_type=\"widget\" data-widget_type=\"image.default\">\n\t\t\t\t<div class=\"elementor-widget-container\">\n\t\t\t\t\t\t\t\t<div class=\"elementor-image\">\n\t\t\t\t\t\t\t\t\t\t\t\t<img width=\"251\" height=\"1024\" src=\"https:\/\/portcultural.usv.ro\/wp-content\/uploads\/StalpStanga-251x1024.jpg\" class=\"attachment-large size-large\" alt=\"\" loading=\"lazy\" srcset=\"https:\/\/portcultural.usv.ro\/wp-content\/uploads\/StalpStanga-251x1024.jpg 251w, https:\/\/portcultural.usv.ro\/wp-content\/uploads\/StalpStanga-37x150.jpg 37w, https:\/\/portcultural.usv.ro\/wp-content\/uploads\/StalpStanga-377x1536.jpg 377w, https:\/\/portcultural.usv.ro\/wp-content\/uploads\/StalpStanga-3x12.jpg 3w, https:\/\/portcultural.usv.ro\/wp-content\/uploads\/StalpStanga-6x24.jpg 6w, https:\/\/portcultural.usv.ro\/wp-content\/uploads\/StalpStanga-9x36.jpg 9w, https:\/\/portcultural.usv.ro\/wp-content\/uploads\/StalpStanga-12x48.jpg 12w, https:\/\/portcultural.usv.ro\/wp-content\/uploads\/StalpStanga.jpg 409w\" sizes=\"(max-width: 251px) 100vw, 251px\" \/>\t\t\t\t\t\t\t\t\t\t\t\t\t\t<\/div>\n\t\t\t\t\t\t<\/div>\n\t\t\t\t<\/div>\n\t\t\t\t\t\t<\/div>\n\t\t\t\t\t<\/div>\n\t\t<\/div>\n\t\t\t\t<div class=\"elementor-column elementor-col-66 elementor-top-column elementor-element elementor-element-126492d\" data-id=\"126492d\" data-element_type=\"column\">\n\t\t\t<div class=\"elementor-column-wrap elementor-element-populated\">\n\t\t\t\t\t\t\t<div class=\"elementor-widget-wrap\">\n\t\t\t\t\t\t<div class=\"elementor-element elementor-element-97829c2 elementor-widget elementor-widget-image\" data-id=\"97829c2\" data-element_type=\"widget\" data-widget_type=\"image.default\">\n\t\t\t\t<div class=\"elementor-widget-container\">\n\t\t\t\t\t\t\t\t<div class=\"elementor-image\">\n\t\t\t\t\t\t\t\t\t\t\t\t<img width=\"616\" height=\"125\" src=\"https:\/\/portcultural.usv.ro\/wp-content\/uploads\/header1_povesti.png\" class=\"attachment-large size-large\" alt=\"\" loading=\"lazy\" srcset=\"https:\/\/portcultural.usv.ro\/wp-content\/uploads\/header1_povesti.png 616w, https:\/\/portcultural.usv.ro\/wp-content\/uploads\/header1_povesti-300x61.png 300w, https:\/\/portcultural.usv.ro\/wp-content\/uploads\/header1_povesti-150x30.png 150w, https:\/\/portcultural.usv.ro\/wp-content\/uploads\/header1_povesti-16x3.png 16w, https:\/\/portcultural.usv.ro\/wp-content\/uploads\/header1_povesti-24x5.png 24w, https:\/\/portcultural.usv.ro\/wp-content\/uploads\/header1_povesti-36x7.png 36w, https:\/\/portcultural.usv.ro\/wp-content\/uploads\/header1_povesti-48x10.png 48w\" sizes=\"(max-width: 616px) 100vw, 616px\" \/>\t\t\t\t\t\t\t\t\t\t\t\t\t\t<\/div>\n\t\t\t\t\t\t<\/div>\n\t\t\t\t<\/div>\n\t\t\t\t<div class=\"elementor-element elementor-element-99b7bc5 elementor-grid-eael-col-2 elementor-grid-tablet-eael-col-2 elementor-grid-mobile-eael-col-1 elementor-widget elementor-widget-eael-post-grid\" data-id=\"99b7bc5\" data-element_type=\"widget\" data-settings=\"{&quot;eael_post_grid_columns&quot;:&quot;eael-col-2&quot;,&quot;eael_post_grid_columns_tablet&quot;:&quot;eael-col-2&quot;,&quot;eael_post_grid_columns_mobile&quot;:&quot;eael-col-1&quot;}\" data-widget_type=\"eael-post-grid.default\">\n\t\t\t\t<div class=\"elementor-widget-container\">\n\t\t\t<div id=\"eael-post-grid-99b7bc5\" class=\"eael-post-grid-container\">\n            <div class=\"eael-post-grid eael-post-appender eael-post-appender-99b7bc5 eael-post-grid-style-default\" data-layout-mode=\"grid\"><article class=\"eael-grid-post eael-post-grid-column\" data-id=\"6974\">\n        <div class=\"eael-grid-post-holder\">\n            <div class=\"eael-grid-post-holder-inner\"><div class=\"eael-entry-media\"><div class=\"eael-entry-overlay fade-in\"><i class=\"fas fa-long-arrow-alt-right\" aria-hidden=\"true\"><\/i><a href=\"https:\/\/portcultural.usv.ro\/en\/oamenii-patrimoniului-bucovina-2025\/\"><\/a><\/div><div class=\"eael-entry-thumbnail\">\n                <img width=\"770\" height=\"1024\" src=\"https:\/\/portcultural.usv.ro\/wp-content\/uploads\/2026.02.19_Afis-Oamenii-Patrimoniului_2025_Page_1-770x1024.jpg\" class=\"attachment-large size-large\" alt=\"\" loading=\"lazy\" srcset=\"https:\/\/portcultural.usv.ro\/wp-content\/uploads\/2026.02.19_Afis-Oamenii-Patrimoniului_2025_Page_1-770x1024.jpg 770w, https:\/\/portcultural.usv.ro\/wp-content\/uploads\/2026.02.19_Afis-Oamenii-Patrimoniului_2025_Page_1-226x300.jpg 226w, https:\/\/portcultural.usv.ro\/wp-content\/uploads\/2026.02.19_Afis-Oamenii-Patrimoniului_2025_Page_1-113x150.jpg 113w, https:\/\/portcultural.usv.ro\/wp-content\/uploads\/2026.02.19_Afis-Oamenii-Patrimoniului_2025_Page_1-768x1021.jpg 768w, https:\/\/portcultural.usv.ro\/wp-content\/uploads\/2026.02.19_Afis-Oamenii-Patrimoniului_2025_Page_1-1156x1536.jpg 1156w, https:\/\/portcultural.usv.ro\/wp-content\/uploads\/2026.02.19_Afis-Oamenii-Patrimoniului_2025_Page_1-1541x2048.jpg 1541w, https:\/\/portcultural.usv.ro\/wp-content\/uploads\/2026.02.19_Afis-Oamenii-Patrimoniului_2025_Page_1-9x12.jpg 9w, https:\/\/portcultural.usv.ro\/wp-content\/uploads\/2026.02.19_Afis-Oamenii-Patrimoniului_2025_Page_1-18x24.jpg 18w, https:\/\/portcultural.usv.ro\/wp-content\/uploads\/2026.02.19_Afis-Oamenii-Patrimoniului_2025_Page_1-27x36.jpg 27w, https:\/\/portcultural.usv.ro\/wp-content\/uploads\/2026.02.19_Afis-Oamenii-Patrimoniului_2025_Page_1-36x48.jpg 36w, https:\/\/portcultural.usv.ro\/wp-content\/uploads\/2026.02.19_Afis-Oamenii-Patrimoniului_2025_Page_1-scaled.jpg 1926w\" sizes=\"(max-width: 770px) 100vw, 770px\" \/>\n            <\/div>\n        <\/div><div class=\"eael-entry-wrapper\"><header class=\"eael-entry-header\"><h2 class=\"eael-entry-title\"><a\n                        class=\"eael-grid-post-link\"\n                        href=\"https:\/\/portcultural.usv.ro\/en\/oamenii-patrimoniului-bucovina-2025\/\"\n                        title=\"OAMENII PATRIMONIULUI \u2013 Bucovina 2025\">OAMENII PATRIMONIULUI \u2013 Bucovina 2025<\/a><\/h2><\/header><div class=\"eael-entry-content\">\n                        <div class=\"eael-grid-post-excerpt\"><p>Avem bucuria s\u0103 v\u0103 prezent\u0103m Oamenii Patrimoniului Bucovina 2025, persoanele eviden\u021biate pentru anul care s-a \u00eencheiat, prin aceast\u0103 ini\u021biativ\u0103 dedicat\u0103...<\/p><a\n                            href=\"https:\/\/portcultural.usv.ro\/en\/oamenii-patrimoniului-bucovina-2025\/\"\n                            class=\"eael-post-elements-readmore-btn\">Detalii &gt;&gt;<\/a><\/div>\n                    <\/div><\/div><\/div>\n        <\/div>\n    <\/article><article class=\"eael-grid-post eael-post-grid-column\" data-id=\"6530\">\n        <div class=\"eael-grid-post-holder\">\n            <div class=\"eael-grid-post-holder-inner\"><div class=\"eael-entry-media\"><div class=\"eael-entry-overlay fade-in\"><i class=\"fas fa-long-arrow-alt-right\" aria-hidden=\"true\"><\/i><a href=\"https:\/\/portcultural.usv.ro\/en\/oamenii-patrimoniului-2022\/\"><\/a><\/div><div class=\"eael-entry-thumbnail\">\n                <img width=\"1024\" height=\"332\" src=\"https:\/\/portcultural.usv.ro\/wp-content\/uploads\/2022-Afis-Oamenii-Patrimoniului-header-1024x332.jpg\" class=\"attachment-large size-large\" alt=\"\" loading=\"lazy\" srcset=\"https:\/\/portcultural.usv.ro\/wp-content\/uploads\/2022-Afis-Oamenii-Patrimoniului-header-1024x332.jpg 1024w, https:\/\/portcultural.usv.ro\/wp-content\/uploads\/2022-Afis-Oamenii-Patrimoniului-header-300x97.jpg 300w, https:\/\/portcultural.usv.ro\/wp-content\/uploads\/2022-Afis-Oamenii-Patrimoniului-header-150x49.jpg 150w, https:\/\/portcultural.usv.ro\/wp-content\/uploads\/2022-Afis-Oamenii-Patrimoniului-header-768x249.jpg 768w, https:\/\/portcultural.usv.ro\/wp-content\/uploads\/2022-Afis-Oamenii-Patrimoniului-header-1536x498.jpg 1536w, https:\/\/portcultural.usv.ro\/wp-content\/uploads\/2022-Afis-Oamenii-Patrimoniului-header-2048x664.jpg 2048w, https:\/\/portcultural.usv.ro\/wp-content\/uploads\/2022-Afis-Oamenii-Patrimoniului-header-18x6.jpg 18w, https:\/\/portcultural.usv.ro\/wp-content\/uploads\/2022-Afis-Oamenii-Patrimoniului-header-24x8.jpg 24w, https:\/\/portcultural.usv.ro\/wp-content\/uploads\/2022-Afis-Oamenii-Patrimoniului-header-36x12.jpg 36w, https:\/\/portcultural.usv.ro\/wp-content\/uploads\/2022-Afis-Oamenii-Patrimoniului-header-48x16.jpg 48w\" sizes=\"(max-width: 1024px) 100vw, 1024px\" \/>\n            <\/div>\n        <\/div><div class=\"eael-entry-wrapper\"><header class=\"eael-entry-header\"><h2 class=\"eael-entry-title\"><a\n                        class=\"eael-grid-post-link\"\n                        href=\"https:\/\/portcultural.usv.ro\/en\/oamenii-patrimoniului-2022\/\"\n                        title=\"Oamenii patrimoniului &#8211; 2022\">Oamenii patrimoniului &#8211; 2022<\/a><\/h2><\/header><div class=\"eael-entry-content\">\n                        <div class=\"eael-grid-post-excerpt\"><p>Asocia\u021bia \u201eAcas\u0103 \u00een Bucovina\u201d pentru includerea comunelor Brodina \u0219i Straja \u00een \u201eRuta satelor cu arhitectur\u0103 tradi\u021bional\u0103\u201d.\u058d Prim\u0103ria Cacica pentru g\u0103zduirea...<\/p><a\n                            href=\"https:\/\/portcultural.usv.ro\/en\/oamenii-patrimoniului-2022\/\"\n                            class=\"eael-post-elements-readmore-btn\">Detalii &gt;&gt;<\/a><\/div>\n                    <\/div><\/div><\/div>\n        <\/div>\n    <\/article><article class=\"eael-grid-post eael-post-grid-column\" data-id=\"6239\">\n        <div class=\"eael-grid-post-holder\">\n            <div class=\"eael-grid-post-holder-inner\"><div class=\"eael-entry-media\"><div class=\"eael-entry-overlay fade-in\"><i class=\"fas fa-long-arrow-alt-right\" aria-hidden=\"true\"><\/i><a href=\"https:\/\/portcultural.usv.ro\/en\/oamenii-patrimoniului-2021\/\"><\/a><\/div><div class=\"eael-entry-thumbnail\">\n                <img width=\"1024\" height=\"317\" src=\"https:\/\/portcultural.usv.ro\/wp-content\/uploads\/OP_2021-1024x317.jpg\" class=\"attachment-large size-large\" alt=\"\" loading=\"lazy\" srcset=\"https:\/\/portcultural.usv.ro\/wp-content\/uploads\/OP_2021-1024x317.jpg 1024w, https:\/\/portcultural.usv.ro\/wp-content\/uploads\/OP_2021-300x93.jpg 300w, https:\/\/portcultural.usv.ro\/wp-content\/uploads\/OP_2021-150x46.jpg 150w, https:\/\/portcultural.usv.ro\/wp-content\/uploads\/OP_2021-768x238.jpg 768w, https:\/\/portcultural.usv.ro\/wp-content\/uploads\/OP_2021-1536x475.jpg 1536w, https:\/\/portcultural.usv.ro\/wp-content\/uploads\/OP_2021-2048x634.jpg 2048w, https:\/\/portcultural.usv.ro\/wp-content\/uploads\/OP_2021-18x6.jpg 18w, https:\/\/portcultural.usv.ro\/wp-content\/uploads\/OP_2021-24x7.jpg 24w, https:\/\/portcultural.usv.ro\/wp-content\/uploads\/OP_2021-36x11.jpg 36w, https:\/\/portcultural.usv.ro\/wp-content\/uploads\/OP_2021-48x15.jpg 48w\" sizes=\"(max-width: 1024px) 100vw, 1024px\" \/>\n            <\/div>\n        <\/div><div class=\"eael-entry-wrapper\"><header class=\"eael-entry-header\"><h2 class=\"eael-entry-title\"><a\n                        class=\"eael-grid-post-link\"\n                        href=\"https:\/\/portcultural.usv.ro\/en\/oamenii-patrimoniului-2021\/\"\n                        title=\"Oamenii patrimoniului &#8211; 2021\">Oamenii patrimoniului &#8211; 2021<\/a><\/h2><\/header><div class=\"eael-entry-content\">\n                        <div class=\"eael-grid-post-excerpt\"><p>\u00a0 FELICIA \u0219i DIONIZIE OLENICI pentru Colectia Etnografic\u0103 \u201eFelicia \u0219i Dionizie Olenici\u201d \u0219i crearea unui muzeu etnografic impresionant \u00een gospod\u0103ria...<\/p><a\n                            href=\"https:\/\/portcultural.usv.ro\/en\/oamenii-patrimoniului-2021\/\"\n                            class=\"eael-post-elements-readmore-btn\">Detalii &gt;&gt;<\/a><\/div>\n                    <\/div><\/div><\/div>\n        <\/div>\n    <\/article><article class=\"eael-grid-post eael-post-grid-column\" data-id=\"6231\">\n        <div class=\"eael-grid-post-holder\">\n            <div class=\"eael-grid-post-holder-inner\"><div class=\"eael-entry-media\"><div class=\"eael-entry-overlay fade-in\"><i class=\"fas fa-long-arrow-alt-right\" aria-hidden=\"true\"><\/i><a href=\"https:\/\/portcultural.usv.ro\/en\/oamenii-patrimoniului-2020\/\"><\/a><\/div><div class=\"eael-entry-thumbnail\">\n                <img width=\"1024\" height=\"458\" src=\"https:\/\/portcultural.usv.ro\/wp-content\/uploads\/OP_2020-1024x458.jpg\" class=\"attachment-large size-large\" alt=\"\" loading=\"lazy\" srcset=\"https:\/\/portcultural.usv.ro\/wp-content\/uploads\/OP_2020-1024x458.jpg 1024w, https:\/\/portcultural.usv.ro\/wp-content\/uploads\/OP_2020-300x134.jpg 300w, https:\/\/portcultural.usv.ro\/wp-content\/uploads\/OP_2020-150x67.jpg 150w, https:\/\/portcultural.usv.ro\/wp-content\/uploads\/OP_2020-768x343.jpg 768w, https:\/\/portcultural.usv.ro\/wp-content\/uploads\/OP_2020-1536x687.jpg 1536w, https:\/\/portcultural.usv.ro\/wp-content\/uploads\/OP_2020-2048x916.jpg 2048w, https:\/\/portcultural.usv.ro\/wp-content\/uploads\/OP_2020-18x8.jpg 18w, https:\/\/portcultural.usv.ro\/wp-content\/uploads\/OP_2020-24x11.jpg 24w, https:\/\/portcultural.usv.ro\/wp-content\/uploads\/OP_2020-36x16.jpg 36w, https:\/\/portcultural.usv.ro\/wp-content\/uploads\/OP_2020-48x21.jpg 48w\" sizes=\"(max-width: 1024px) 100vw, 1024px\" \/>\n            <\/div>\n        <\/div><div class=\"eael-entry-wrapper\"><header class=\"eael-entry-header\"><h2 class=\"eael-entry-title\"><a\n                        class=\"eael-grid-post-link\"\n                        href=\"https:\/\/portcultural.usv.ro\/en\/oamenii-patrimoniului-2020\/\"\n                        title=\"Oamenii patrimoniului &#8211; 2020\">Oamenii patrimoniului &#8211; 2020<\/a><\/h2><\/header><div class=\"eael-entry-content\">\n                        <div class=\"eael-grid-post-excerpt\"><p>PASCAL GARNIER, Putna \u2013 Salvarea Casei Aioni\u021boaie FAMILIA B\u00ceCU, Putna \u2013 Conservarea Casei Muzeu Bukowina COLEGIUL \u201dANDRONIC MOTRESCU\u201d, R\u0103d\u0103u\u021bi \u2013...<\/p><a\n                            href=\"https:\/\/portcultural.usv.ro\/en\/oamenii-patrimoniului-2020\/\"\n                            class=\"eael-post-elements-readmore-btn\">Detalii &gt;&gt;<\/a><\/div>\n                    <\/div><\/div><\/div>\n        <\/div>\n    <\/article><\/div>\n            <div class=\"clearfix\"><\/div>\n        <\/div>            <div class=\"eael-load-more-button-wrap\">\n                <button class=\"eael-load-more-button\" id=\"eael-load-more-btn-99b7bc5\" data-widget-id=\"99b7bc5\" data-widget=\"99b7bc5\" data-page-id=\"3010\" data-nonce=\"04e4c6f36e\" data-template=\"{&quot;dir&quot;:&quot;lite&quot;,&quot;file_name&quot;:&quot;default.php&quot;,&quot;name&quot;:&quot;Post-Grid&quot;}\" data-class=\"Essential_Addons_Elementor\\Elements\\Post_Grid\" data-layout=\"grid\" data-page=\"1\" data-args=\"orderby=date&amp;order=desc&amp;ignore_sticky_posts=1&amp;post_status=publish&amp;posts_per_page=4&amp;offset=0&amp;post_type=post&amp;tax_query%5B0%5D%5Btaxonomy%5D=category&amp;tax_query%5B0%5D%5Bfield%5D=term_id&amp;tax_query%5B0%5D%5Bterms%5D%5B0%5D=26&amp;tax_query%5B0%5D%5Bterms%5D%5B1%5D=27&amp;tax_query%5Brelation%5D=AND\" data-max-page=\"3\">\n                    <div class=\"eael-btn-loader button__loader\"><\/div>\n                    <span>Mai mult &gt;&gt;<\/span>\n                <\/button>\n            <\/div>\n        \t\t<\/div>\n\t\t\t\t<\/div>\n\t\t\t\t<div class=\"elementor-element elementor-element-4cb7303 elementor-widget elementor-widget-text-editor\" data-id=\"4cb7303\" data-element_type=\"widget\" data-widget_type=\"text-editor.default\">\n\t\t\t\t<div class=\"elementor-widget-container\">\n\t\t\t\t\t\t\t\t<div class=\"elementor-text-editor elementor-clearfix\">\n\t\t\t\t<h3 style=\"text-align: center;\">OAMENII PATRIMONIULUI pretuiesc mo\u0219tenirea cultural\u0103 \u0219i casele traditionale ale Bucovinei.<\/h3>\t\t\t\t\t<\/div>\n\t\t\t\t\t\t<\/div>\n\t\t\t\t<\/div>\n\t\t\t\t\t\t<\/div>\n\t\t\t\t\t<\/div>\n\t\t<\/div>\n\t\t\t\t\t\t\t\t<\/div>\n\t\t\t\t\t<\/div>\n\t\t<\/section>\n\t\t\t\t\t\t<\/div>\n\t\t\t\t\t\t<\/div>\n\t\t\t\t\t<\/div>","protected":false},"excerpt":{"rendered":"<p>OAMENII PATRIMONIULUI \u2013 Bucovina 2025 Avem bucuria s\u0103 v\u0103 prezent\u0103m Oamenii Patrimoniului Bucovina 2025, persoanele eviden\u021biate pentru anul care s-a \u00eencheiat, prin aceast\u0103 ini\u021biativ\u0103 dedicat\u0103&#8230; Detalii &gt;&gt; Oamenii patrimoniului &#8211; 2022 Asocia\u021bia \u201eAcas\u0103 \u00een Bucovina\u201d pentru includerea comunelor Brodina \u0219i Straja \u00een \u201eRuta satelor cu arhitectur\u0103 tradi\u021bional\u0103\u201d.\u058d Prim\u0103ria Cacica pentru g\u0103zduirea&#8230; Detalii &gt;&gt; Oamenii patrimoniului &hellip;<\/p>\n<p class=\"read-more\"> <a class=\"\" href=\"https:\/\/portcultural.usv.ro\/en\/oamenii-patrimoniului-2020\/\"> <span class=\"screen-reader-text\">Oamenii patrimoniului &#8211; 2020<\/span> Read More &raquo;<\/a><\/p>","protected":false},"author":1,"featured_media":0,"parent":0,"menu_order":0,"comment_status":"closed","ping_status":"closed","template":"","meta":[],"_links":{"self":[{"href":"https:\/\/portcultural.usv.ro\/en\/wp-json\/wp\/v2\/pages\/3010"}],"collection":[{"href":"https:\/\/portcultural.usv.ro\/en\/wp-json\/wp\/v2\/pages"}],"about":[{"href":"https:\/\/portcultural.usv.ro\/en\/wp-json\/wp\/v2\/types\/page"}],"author":[{"embeddable":true,"href":"https:\/\/portcultural.usv.ro\/en\/wp-json\/wp\/v2\/users\/1"}],"replies":[{"embeddable":true,"href":"https:\/\/portcultural.usv.ro\/en\/wp-json\/wp\/v2\/comments?post=3010"}],"version-history":[{"count":59,"href":"https:\/\/portcultural.usv.ro\/en\/wp-json\/wp\/v2\/pages\/3010\/revisions"}],"predecessor-version":[{"id":6981,"href":"https:\/\/portcultural.usv.ro\/en\/wp-json\/wp\/v2\/pages\/3010\/revisions\/6981"}],"wp:attachment":[{"href":"https:\/\/portcultural.usv.ro\/en\/wp-json\/wp\/v2\/media?parent=3010"}],"curies":[{"name":"wp","href":"https:\/\/api.w.org\/{rel}","templated":true}]}}