{"id":461,"date":"2019-04-15T19:51:17","date_gmt":"2019-04-15T19:51:17","guid":{"rendered":"https:\/\/portcultural.usv.ro\/?page_id=461"},"modified":"2021-03-11T14:28:26","modified_gmt":"2021-03-11T12:28:26","slug":"pc2","status":"publish","type":"page","link":"https:\/\/portcultural.usv.ro\/en\/pc2\/","title":{"rendered":"PC2"},"content":{"rendered":"<div data-elementor-type=\"wp-post\" data-elementor-id=\"461\" class=\"elementor elementor-461\" data-elementor-settings=\"[]\">\n\t\t\t\t\t\t<div class=\"elementor-inner\">\n\t\t\t\t\t\t\t<div class=\"elementor-section-wrap\">\n\t\t\t\t\t\t\t<section class=\"elementor-section elementor-top-section elementor-element elementor-element-59dbab92 elementor-section-height-min-height elementor-section-content-top elementor-section-full_width elementor-section-height-default elementor-section-items-middle\" data-id=\"59dbab92\" data-element_type=\"section\">\n\t\t\t\t\t\t<div class=\"elementor-container elementor-column-gap-default\">\n\t\t\t\t\t\t\t<div class=\"elementor-row\">\n\t\t\t\t\t<div class=\"elementor-column elementor-col-100 elementor-top-column elementor-element elementor-element-1860e82d\" data-id=\"1860e82d\" data-element_type=\"column\">\n\t\t\t<div class=\"elementor-column-wrap elementor-element-populated\">\n\t\t\t\t\t\t\t<div class=\"elementor-widget-wrap\">\n\t\t\t\t\t\t<div class=\"elementor-element elementor-element-4f0b881 elementor-widget elementor-widget-image\" data-id=\"4f0b881\" data-element_type=\"widget\" data-widget_type=\"image.default\">\n\t\t\t\t<div class=\"elementor-widget-container\">\n\t\t\t\t\t\t\t\t<div class=\"elementor-image\">\n\t\t\t\t\t\t\t\t\t\t\t\t<img width=\"1024\" height=\"832\" src=\"https:\/\/portcultural.usv.ro\/wp-content\/uploads\/RiomiiFoto1-1024x832.jpg\" class=\"attachment-large size-large\" alt=\"\" loading=\"lazy\" srcset=\"https:\/\/portcultural.usv.ro\/wp-content\/uploads\/RiomiiFoto1-1024x832.jpg 1024w, https:\/\/portcultural.usv.ro\/wp-content\/uploads\/RiomiiFoto1-300x244.jpg 300w, https:\/\/portcultural.usv.ro\/wp-content\/uploads\/RiomiiFoto1-150x122.jpg 150w, https:\/\/portcultural.usv.ro\/wp-content\/uploads\/RiomiiFoto1-768x624.jpg 768w, https:\/\/portcultural.usv.ro\/wp-content\/uploads\/RiomiiFoto1-16x12.jpg 16w, https:\/\/portcultural.usv.ro\/wp-content\/uploads\/RiomiiFoto1-24x20.jpg 24w, https:\/\/portcultural.usv.ro\/wp-content\/uploads\/RiomiiFoto1-36x29.jpg 36w, https:\/\/portcultural.usv.ro\/wp-content\/uploads\/RiomiiFoto1-48x39.jpg 48w, https:\/\/portcultural.usv.ro\/wp-content\/uploads\/RiomiiFoto1.jpg 1265w\" sizes=\"(max-width: 1024px) 100vw, 1024px\" \/>\t\t\t\t\t\t\t\t\t\t\t\t\t\t<\/div>\n\t\t\t\t\t\t<\/div>\n\t\t\t\t<\/div>\n\t\t\t\t<div class=\"elementor-element elementor-element-52a92b6 elementor-widget__width-inherit elementor-invisible elementor-widget elementor-widget-lae-heading\" data-id=\"52a92b6\" data-element_type=\"widget\" data-settings=\"{&quot;_animation&quot;:&quot;fadeIn&quot;}\" data-widget_type=\"lae-heading.default\">\n\t\t\t\t<div class=\"elementor-widget-container\">\n\t\t\t\n<div class=\"lae-heading lae-style1 lae-aligncenter\" >\n\n    <h3 class=\"lae-title\">PATRIBUC<\/h3>\n\n    \n        <p class=\"lae-text\">Patrimoniul construit \u0219i peisajul cultural (inclusiv particularit\u0103\u021bi date de diversitatea etnic\u0103) \u00een zona Bucovina. Abord\u0103ri din perspectiva istoric\u0103 \u0219i etno-demografic\u0103.<\/p>\n\n    \n<\/div><!-- .lae-heading -->\t\t<\/div>\n\t\t\t\t<\/div>\n\t\t\t\t\t\t<\/div>\n\t\t\t\t\t<\/div>\n\t\t<\/div>\n\t\t\t\t\t\t\t\t<\/div>\n\t\t\t\t\t<\/div>\n\t\t<\/section>\n\t\t\t\t<section class=\"elementor-section elementor-top-section elementor-element elementor-element-707f96f3 elementor-section-boxed elementor-section-height-default elementor-section-height-default\" data-id=\"707f96f3\" data-element_type=\"section\">\n\t\t\t\t\t\t<div class=\"elementor-container elementor-column-gap-default\">\n\t\t\t\t\t\t\t<div class=\"elementor-row\">\n\t\t\t\t\t<div class=\"elementor-column elementor-col-100 elementor-top-column elementor-element elementor-element-6a0bcf3c\" data-id=\"6a0bcf3c\" data-element_type=\"column\">\n\t\t\t<div class=\"elementor-column-wrap elementor-element-populated\">\n\t\t\t\t\t\t\t<div class=\"elementor-widget-wrap\">\n\t\t\t\t\t\t<div class=\"elementor-element elementor-element-7c96a779 elementor-widget elementor-widget-lae-heading\" data-id=\"7c96a779\" data-element_type=\"widget\" data-widget_type=\"lae-heading.default\">\n\t\t\t\t<div class=\"elementor-widget-container\">\n\t\t\t\n<div class=\"lae-heading lae-style3 lae-aligncenter\" >\n\n    <h3 class=\"lae-title\">Descriere<\/h3>\n\n<\/div><!-- .lae-heading -->\t\t<\/div>\n\t\t\t\t<\/div>\n\t\t\t\t\t\t<\/div>\n\t\t\t\t\t<\/div>\n\t\t<\/div>\n\t\t\t\t\t\t\t\t<\/div>\n\t\t\t\t\t<\/div>\n\t\t<\/section>\n\t\t\t\t<section class=\"elementor-section elementor-top-section elementor-element elementor-element-159c244d elementor-section-boxed elementor-section-height-default elementor-section-height-default\" data-id=\"159c244d\" data-element_type=\"section\">\n\t\t\t\t\t\t<div class=\"elementor-container elementor-column-gap-default\">\n\t\t\t\t\t\t\t<div class=\"elementor-row\">\n\t\t\t\t\t<div class=\"elementor-column elementor-col-50 elementor-top-column elementor-element elementor-element-186cd8d1\" data-id=\"186cd8d1\" data-element_type=\"column\">\n\t\t\t<div class=\"elementor-column-wrap elementor-element-populated\">\n\t\t\t\t\t\t\t<div class=\"elementor-widget-wrap\">\n\t\t\t\t\t\t<div class=\"elementor-element elementor-element-69940dfe elementor-widget elementor-widget-text-editor\" data-id=\"69940dfe\" data-element_type=\"widget\" data-widget_type=\"text-editor.default\">\n\t\t\t\t<div class=\"elementor-widget-container\">\n\t\t\t\t\t\t\t\t<div class=\"elementor-text-editor elementor-clearfix\">\n\t\t\t\t<p>Conform Directivei 2011\/92\/EU privind evaluarea efectelor unor proiecte publice \u0219i private asupra mediului, \u201e<em>peisajul contribuie la formarea culturilor locale \u015fi este o component\u0103 de baz\u0103 a patrimoniului natural \u015fi cultural european, contribuind la bun\u0103starea uman\u0103 \u015fi la consolidarea identit\u0103\u021bii europene<\/em>\u201d. Patrimoniul construit este o resurs\u0103 important\u0103 a peisajului cultural, peisaj care a \u00eenregistrat \u00een ultimele dou\u0103 decenii, \u00een aproape toate zonele Rom\u00e2niei, muta\u021bii dramatice favorizate de un cadru legislativ permisiv \u0219i de aplicarea confuz\u0103 a noi modele constructive \u00een destina\u021bii turistice reprezentative. Lipsa unei cunoa\u0219teri adecvate a importan\u021bei patrimoniului construit, a unei inventarieri a resurselor valoroase existente, determin\u0103 o inconsisten\u021b\u0103 a politicilor de conservare, ca \u0219i interven\u021bii neadecvate ale proprietarilor publici sau priva\u021bi a acestor resurse. Proiectul <strong>Patrimoniul construit \u0219i\u00a0 peisajul cultural (inclusiv particularit\u0103\u021bi date de diversitatea etnic\u0103) \u00een zona Bucovina. Abord\u0103ri din perspectiva istoric\u0103 \u0219i etno-demografic\u0103. (PATRIBUC) <\/strong>va r\u0103spunde acestei nevoi prin cercet\u0103ri istorice, etno-demografice \u0219i antropologice ce vor documenta contextual de dezvoltare al peisajului construit, va inventaria elemente valoroase ale patrimoniului cultural construit, prin documentare \u00een teren. Prezenta propunere de proiect se \u00eenscrie \u00een aria preocup\u0103rilor membrilor echipei de proiect de la Institutul Bucovina, \u0219i face parte din Planul de cercetare al institutului\u00a0 \u0219i\u00a0 are un <em>profund caracter de noutate<\/em> pentru partea de nord a Regiunii de Nord-Est, Bucovina.<\/p>\t\t\t\t\t<\/div>\n\t\t\t\t\t\t<\/div>\n\t\t\t\t<\/div>\n\t\t\t\t\t\t<\/div>\n\t\t\t\t\t<\/div>\n\t\t<\/div>\n\t\t\t\t<div class=\"elementor-column elementor-col-50 elementor-top-column elementor-element elementor-element-25eef594\" data-id=\"25eef594\" data-element_type=\"column\">\n\t\t\t<div class=\"elementor-column-wrap elementor-element-populated\">\n\t\t\t\t\t\t\t<div class=\"elementor-widget-wrap\">\n\t\t\t\t\t\t<div class=\"elementor-element elementor-element-47fe93bc elementor-widget elementor-widget-text-editor\" data-id=\"47fe93bc\" data-element_type=\"widget\" data-widget_type=\"text-editor.default\">\n\t\t\t\t<div class=\"elementor-widget-container\">\n\t\t\t\t\t\t\t\t<div class=\"elementor-text-editor elementor-clearfix\">\n\t\t\t\t<p><strong>Obiectivul principal <\/strong>al proiectului este crearea unei baze de date privind specificul patrimoniului construit (inclusiv particularit\u0103\u021bi date de diversitatea etnic\u0103) a Bucovinei, prin documentare tehnic\u0103 \u0219i antropologic\u0103 \u0219i \u00eentocmirea unui raport care s\u0103 cuprind\u0103 caracteristicile specifice ale peisajului construit, cu identificarea elementelor valoroase de patrimoniu, crearea unei baze de date de 100 de cl\u0103diri tradi\u021bionale valoroase. De asemenea, se urm\u0103re\u0219te optimizarea competen\u021belor cercet\u0103torilor \u00een domeniul dezvolt\u0103rii, protej\u0103rii \u0219i valorific\u0103rii patrimoniului cultural reprezentativ, prin metodologia de cercetare \u0219i instrumentele de dezvoltare strategic\u0103 dezvoltate.<\/p><p><strong>Caracterul inovativ<\/strong> este dat de metodologia de investigare \u0219i documentare a cl\u0103dirilor tradi\u021bionale (documentare fotografic\u0103 \u0219i antropologic\u0103), prin rezultatele proiectului ce surprind \u00een mod \u0219tiin\u021bific realit\u0103\u021bi ce nu au fost investigate p\u00e2n\u0103 \u00een prezent \u00een zona Bucovinei (studiu istoric \u0219i etno-demografic privind evolu\u021bia patrimoniului construit \u00een comunit\u0103\u021bile rurale din Bucovina; studiu ce investigheaz\u0103 caracteristicile patrimoniului construit \u0219i leg\u0103tura cu diversitatea multicultural\u0103 \u0219i etnic\u0103 a zonei etc.). Elementele de patrimoniu identificate vor fi localizate cu instrumente GIS \u0219i vor fi postate pe platforma PORT-Cultural, ce va asigura (pe l\u00e2ng\u0103 alte mijloace) transferul informa\u021biilor \u0219i entit\u0103\u021bilor identificate c\u0103tre comunitate \u0219i poten\u021biali beneficiari din mediul de afaceri \u0219i din institu\u021biile publice. Proiectul va documenta, compara \u0219i identifica elemente de patrimoniu construit din zonele etnografice ale Bucovinei.<\/p>\t\t\t\t\t<\/div>\n\t\t\t\t\t\t<\/div>\n\t\t\t\t<\/div>\n\t\t\t\t\t\t<\/div>\n\t\t\t\t\t<\/div>\n\t\t<\/div>\n\t\t\t\t\t\t\t\t<\/div>\n\t\t\t\t\t<\/div>\n\t\t<\/section>\n\t\t\t\t<section class=\"elementor-section elementor-top-section elementor-element elementor-element-1ea44615 elementor-section-boxed elementor-section-height-default elementor-section-height-default\" data-id=\"1ea44615\" data-element_type=\"section\">\n\t\t\t\t\t\t<div class=\"elementor-container elementor-column-gap-default\">\n\t\t\t\t\t\t\t<div class=\"elementor-row\">\n\t\t\t\t\t<div class=\"elementor-column elementor-col-100 elementor-top-column elementor-element elementor-element-6838e2c3\" data-id=\"6838e2c3\" data-element_type=\"column\">\n\t\t\t<div class=\"elementor-column-wrap elementor-element-populated\">\n\t\t\t\t\t\t\t<div class=\"elementor-widget-wrap\">\n\t\t\t\t\t\t<div class=\"elementor-element elementor-element-6c0eb42f elementor-widget elementor-widget-lae-heading\" data-id=\"6c0eb42f\" data-element_type=\"widget\" data-widget_type=\"lae-heading.default\">\n\t\t\t\t<div class=\"elementor-widget-container\">\n\t\t\t\n<div class=\"lae-heading lae-style3 lae-aligncenter\" >\n\n    <h3 class=\"lae-title\">Activit\u0103\u021bi<\/h3>\n\n<\/div><!-- .lae-heading -->\t\t<\/div>\n\t\t\t\t<\/div>\n\t\t\t\t\t\t<\/div>\n\t\t\t\t\t<\/div>\n\t\t<\/div>\n\t\t\t\t\t\t\t\t<\/div>\n\t\t\t\t\t<\/div>\n\t\t<\/section>\n\t\t\t\t<section class=\"elementor-section elementor-top-section elementor-element elementor-element-2f99d5ec elementor-section-boxed elementor-section-height-default elementor-section-height-default\" data-id=\"2f99d5ec\" data-element_type=\"section\">\n\t\t\t\t\t\t<div class=\"elementor-container elementor-column-gap-default\">\n\t\t\t\t\t\t\t<div class=\"elementor-row\">\n\t\t\t\t\t<div class=\"elementor-column elementor-col-100 elementor-top-column elementor-element elementor-element-50e881ec\" data-id=\"50e881ec\" data-element_type=\"column\">\n\t\t\t<div class=\"elementor-column-wrap elementor-element-populated\">\n\t\t\t\t\t\t\t<div class=\"elementor-widget-wrap\">\n\t\t\t\t\t\t<div class=\"elementor-element elementor-element-b1f4cc elementor-widget elementor-widget-eael-adv-accordion\" data-id=\"b1f4cc\" data-element_type=\"widget\" data-widget_type=\"eael-adv-accordion.default\">\n\t\t\t\t<div class=\"elementor-widget-container\">\n\t\t\t        <div class=\"eael-adv-accordion\" id=\"eael-adv-accordion-b1f4cc\" data-accordion-id=\"b1f4cc\" data-accordion-type=\"accordion\" data-toogle-speed=\"300\">\n    <div class=\"eael-accordion-list\">\n                <div id=\"2-1-cercetri-privind-peisajul-cultural-al-bucovinei-\" class=\"elementor-tab-title eael-accordion-header\" tabindex=\"1161\" data-tab=\"1\" role=\"tab\" aria-controls=\"elementor-tab-content-1161\"><i class=\"fa fa-plus fa-accordion-icon\"><\/i><span class=\"eael-accordion-tab-title\">2-1  Cercet\u0103ri privind peisajul cultural al Bucovinei <\/span><i aria-hidden=\"true\" class=\"fa-toggle fas fa-angle-right\"><\/i><\/div><div id=\"elementor-tab-content-1161\" class=\"eael-accordion-content clearfix\" data-tab=\"1\" role=\"tabpanel\" aria-labelledby=\"2-1-cercetri-privind-peisajul-cultural-al-bucovinei-\"><p><p>Activitatea 2-1-1 <br \/>Documentare ini\u021bial\u0103. Studiu istoric \u0219i etno-demografic \u201eEvolu\u021bia patrimoniului construit \u00een comunit\u0103\u021bile rurale din Bucovina.\u201d<br \/>Activitatea 2-1-2<br \/>Cercetare privind peisajul cultural al Bucovinei; identificarea practicilor curente de utilizare a patrimoniului construit, cu eviden\u021bierea unor eventuale bune practici de valorificare a acestuia. Identificarea de tipuri constructive \u0219i descrierea tipologiilor de contruc\u021bii tradi\u021bionale (private \u0219i publice) relevante pentru patrimoniul Bucovinei, cu documentare fotografic\u0103 \u0219i istoric\u0103, cu documentare din arhivele diferitelor institu\u021bii.<\/p><\/p><\/div>\n                <\/div><div class=\"eael-accordion-list\">\n                <div id=\"2-2-dezvoltarea-i-testarea-instrumentelor-de-cercetare-cercetare-exploratorie-casele-tradiionale-parte-integrant-a-patrimoniui-construit-al-bucovinei\" class=\"elementor-tab-title eael-accordion-header\" tabindex=\"1162\" data-tab=\"2\" role=\"tab\" aria-controls=\"elementor-tab-content-1162\"><i class=\"fa fa-plus fa-accordion-icon\"><\/i><span class=\"eael-accordion-tab-title\">2-2 Dezvoltarea \u0219i testarea instrumentelor de cercetare. Cercetare Exploratorie: \u201dCasele tradi\u021bionale - parte integrant\u0103 a patrimoniui construit al Bucovinei.\u201d<\/span><i aria-hidden=\"true\" class=\"fa-toggle fas fa-angle-right\"><\/i><\/div><div id=\"elementor-tab-content-1162\" class=\"eael-accordion-content clearfix\" data-tab=\"2\" role=\"tabpanel\" aria-labelledby=\"2-2-dezvoltarea-i-testarea-instrumentelor-de-cercetare-cercetare-exploratorie-casele-tradiionale-parte-integrant-a-patrimoniui-construit-al-bucovinei\"><p><p>Activitatea 2-2-1<br \/>Studii privind instrumentele de cercetare \u0219i analiza critic\u0103 a acestora \u0219i a metodologiilor existente<br \/>Activitatea 2-2-2<br \/>Dezvoltarea instrumentelor de cercetare adaptate specificului zonei \u021bint\u0103 \u0219i testarea pe un e\u0219antion pilot de cel pu\u021bin 30 de case tradi\u021bionale \u0219i cl\u0103diri de patrimoniu, reprezentative pentru minorit\u0103\u021bile etnice din zon\u0103, ce vor permite o prim\u0103 analiz\u0103 critic\u0103 a st\u0103rii patrimoniului \u0219i dezvoltarea produselor inovative \u00een P1<br \/>Activitatea 2-2-3<br \/>Vizit\u0103 de lucru \u00een vederea disemin\u0103rii bazei de date pilot<br \/>Activitatea 2-2-4<br \/>Extinderea bazei de date \u0219i completarea inventarului documentat de cl\u0103diri tradi\u021bionale relevante pentru identitatea cultural\u0103 a zonei, consemnate conform metodologiei dezvoltate \u00een proiect, cu surprinderea caracteristicilor constructive, a detaliilor zonale specifice, pentru promovarea acestora pe portalul proiectului complex<br \/>Activitatea 2-2-5<br \/>Diseminarea rezultatelor la nivelul proiectului: pe platforma proiectului complex PORT Cultural \u015fi pe platforma www.erris.gov.ro <br \/>Activitatea 2-2-6<br \/>Diseminarea c\u0103tre mediul de afaceri \u0219i transferul rezultatelor c\u0103tre stakeholderi publici\/institu\u021bionali (prim\u0103rii din zonele \u021bint\u0103 \/ subdestina\u021bii turistice)<\/p><\/p><\/div>\n                <\/div><\/div>\t\t<\/div>\n\t\t\t\t<\/div>\n\t\t\t\t\t\t<\/div>\n\t\t\t\t\t<\/div>\n\t\t<\/div>\n\t\t\t\t\t\t\t\t<\/div>\n\t\t\t\t\t<\/div>\n\t\t<\/section>\n\t\t\t\t<section class=\"elementor-section elementor-top-section elementor-element elementor-element-3c70d757 elementor-section-boxed elementor-section-height-default elementor-section-height-default\" data-id=\"3c70d757\" data-element_type=\"section\">\n\t\t\t\t\t\t<div class=\"elementor-container elementor-column-gap-default\">\n\t\t\t\t\t\t\t<div class=\"elementor-row\">\n\t\t\t\t\t<div class=\"elementor-column elementor-col-100 elementor-top-column elementor-element elementor-element-42c4d3d5\" data-id=\"42c4d3d5\" data-element_type=\"column\">\n\t\t\t<div class=\"elementor-column-wrap elementor-element-populated\">\n\t\t\t\t\t\t\t<div class=\"elementor-widget-wrap\">\n\t\t\t\t\t\t<div class=\"elementor-element elementor-element-c1f6f5d elementor-widget elementor-widget-lae-heading\" data-id=\"c1f6f5d\" data-element_type=\"widget\" data-widget_type=\"lae-heading.default\">\n\t\t\t\t<div class=\"elementor-widget-container\">\n\t\t\t\n<div class=\"lae-heading lae-style3 lae-aligncenter\" >\n\n    <h3 class=\"lae-title\">Rezultate<\/h3>\n\n<\/div><!-- .lae-heading -->\t\t<\/div>\n\t\t\t\t<\/div>\n\t\t\t\t\t\t<\/div>\n\t\t\t\t\t<\/div>\n\t\t<\/div>\n\t\t\t\t\t\t\t\t<\/div>\n\t\t\t\t\t<\/div>\n\t\t<\/section>\n\t\t\t\t<section class=\"elementor-section elementor-top-section elementor-element elementor-element-363a004 elementor-section-boxed elementor-section-height-default elementor-section-height-default\" data-id=\"363a004\" data-element_type=\"section\">\n\t\t\t\t\t\t<div class=\"elementor-container elementor-column-gap-default\">\n\t\t\t\t\t\t\t<div class=\"elementor-row\">\n\t\t\t\t\t<div class=\"elementor-column elementor-col-100 elementor-top-column elementor-element elementor-element-a2871a7\" data-id=\"a2871a7\" data-element_type=\"column\">\n\t\t\t<div class=\"elementor-column-wrap elementor-element-populated\">\n\t\t\t\t\t\t\t<div class=\"elementor-widget-wrap\">\n\t\t\t\t\t\t<div class=\"elementor-element elementor-element-43374ba elementor-widget elementor-widget-lae-odometers\" data-id=\"43374ba\" data-element_type=\"widget\" data-widget_type=\"lae-odometers.default\">\n\t\t\t\t<div class=\"elementor-widget-container\">\n\t\t\t\n<div class=\"lae-odometers lae-uber-grid-container  lae-grid-auto-column-layout\">\n\n    \n        \n        \n<div class=\"lae-grid-item lae-odometer\">\n\n    \n    <div class=\"lae-number odometer\" data-stop=\"1\">\n\n        0\n    <\/div>\n\n    \n    \n    \n    \n    <div class=\"lae-stats-title-wrap\">\n\n        <div class=\"lae-stats-title\">Studiu istoric \u0219i etno-demografic privind evolu\u021bia patrimoniului construit \u00een comunit\u0103\u021bile rurale din Bucovina<\/div>\n\n    <\/div>\n\n<\/div><!-- .lae-odometer -->\n    \n        \n        \n<div class=\"lae-grid-item lae-odometer\">\n\n    \n    <div class=\"lae-number odometer\" data-stop=\"1\">\n\n        0\n    <\/div>\n\n    \n    \n    \n    \n    <div class=\"lae-stats-title-wrap\">\n\n        <div class=\"lae-stats-title\">Studiu privind caracteristicile patrimoniului construit \u0219i impactul diversit\u0103\u021bii multiculturale \u0219i etnice asupra acestuia<\/div>\n\n    <\/div>\n\n<\/div><!-- .lae-odometer -->\n    \n        \n        \n<div class=\"lae-grid-item lae-odometer\">\n\n    \n    <div class=\"lae-number odometer\" data-stop=\"1\">\n\n        0\n    <\/div>\n\n    \n    \n    \n    \n    <div class=\"lae-stats-title-wrap\">\n\n        <div class=\"lae-stats-title\">studiu privind istoricul cl\u0103dirilor reprezentative pentru patrimoniul construit (documentare fotografic\u0103 \u0219i \u00een arhive)<\/div>\n\n    <\/div>\n\n<\/div><!-- .lae-odometer -->\n    \n        \n        \n<div class=\"lae-grid-item lae-odometer\">\n\n    \n    <div class=\"lae-number odometer\" data-stop=\"1\">\n\n        0\n    <\/div>\n\n    \n    \n    \n    \n    <div class=\"lae-stats-title-wrap\">\n\n        <div class=\"lae-stats-title\">Studiu privind instrumentele de cercetare \u0219i analiza critic\u0103 a acestora \u0219i a metodologiilor existente pentru analiza patrimoniului construit<\/div>\n\n    <\/div>\n\n<\/div><!-- .lae-odometer -->\n    \n        \n        \n<div class=\"lae-grid-item lae-odometer\">\n\n    \n    <div class=\"lae-number odometer\" data-stop=\"1\">\n\n        0\n    <\/div>\n\n    \n    \n    \n    \n    <div class=\"lae-stats-title-wrap\">\n\n        <div class=\"lae-stats-title\">Catalog \u201dCase Tradi\u021bionale din Bucovina\u201d (400 exemplare)<\/div>\n\n    <\/div>\n\n<\/div><!-- .lae-odometer -->\n    \n        \n        \n<div class=\"lae-grid-item lae-odometer\">\n\n    \n    <div class=\"lae-number odometer\" data-stop=\"1\">\n\n        0\n    <\/div>\n\n    \n    \n    \n    \n    <div class=\"lae-stats-title-wrap\">\n\n        <div class=\"lae-stats-title\">Publica\u021bie\/ lucrare \u0219tiin\u021bific\u0103<\/div>\n\n    <\/div>\n\n<\/div><!-- .lae-odometer -->\n    \n        \n        \n<div class=\"lae-grid-item lae-odometer\">\n\n    \n    <div class=\"lae-number odometer\" data-stop=\"1\">\n\n        0\n    <\/div>\n\n    \n    \n    \n    \n    <div class=\"lae-stats-title-wrap\">\n\n        <div class=\"lae-stats-title\">Metodologie de cercetare \u00een vederea  inventarierii \u0219i document\u0103rii fotografice \u0219i antropologice a cl\u0103dirilor tradi\u021bionale reprezentative<\/div>\n\n    <\/div>\n\n<\/div><!-- .lae-odometer -->\n    \n        \n        \n<div class=\"lae-grid-item lae-odometer\">\n\n    \n    <div class=\"lae-number odometer\" data-stop=\"1\">\n\n        0\n    <\/div>\n\n    \n    \n    \n    \n    <div class=\"lae-stats-title-wrap\">\n\n        <div class=\"lae-stats-title\">Baz\u0103 de date pilot cu cel pu\u021bin 30 de construc\u021bii reprezentative pentru patrimoniul construit, din diferite zone etnografice ale Bucovinei<\/div>\n\n    <\/div>\n\n<\/div><!-- .lae-odometer -->\n    \n        \n        \n<div class=\"lae-grid-item lae-odometer\">\n\n    \n    <div class=\"lae-number odometer\" data-stop=\"1\">\n\n        0\n    <\/div>\n\n    \n    \n    \n    \n    <div class=\"lae-stats-title-wrap\">\n\n        <div class=\"lae-stats-title\">Baz\u0103 de date extins\u0103 cu cel pu\u021bin 70 de construc\u021bii reprezentative pentru patrimoniul construit<\/div>\n\n    <\/div>\n\n<\/div><!-- .lae-odometer -->\n    \n        \n        \n<div class=\"lae-grid-item lae-odometer\">\n\n    \n    <div class=\"lae-number odometer\" data-stop=\"1\">\n\n        0\n    <\/div>\n\n    \n    \n    \n    \n    <div class=\"lae-stats-title-wrap\">\n\n        <div class=\"lae-stats-title\">Catalog electronic \u201dCasele Tradi\u021bionale ale Bucovinei\u201d <\/div>\n\n    <\/div>\n\n<\/div><!-- .lae-odometer -->\n    \n<\/div><!-- .lae-odometers -->\n\n<div class=\"lae-clear\"><\/div>\t\t<\/div>\n\t\t\t\t<\/div>\n\t\t\t\t\t\t<\/div>\n\t\t\t\t\t<\/div>\n\t\t<\/div>\n\t\t\t\t\t\t\t\t<\/div>\n\t\t\t\t\t<\/div>\n\t\t<\/section>\n\t\t\t\t<section class=\"elementor-section elementor-top-section elementor-element elementor-element-2bdc6713 elementor-section-boxed elementor-section-height-default elementor-section-height-default\" data-id=\"2bdc6713\" data-element_type=\"section\">\n\t\t\t\t\t\t<div class=\"elementor-container elementor-column-gap-default\">\n\t\t\t\t\t\t\t<div class=\"elementor-row\">\n\t\t\t\t\t<div class=\"elementor-column elementor-col-100 elementor-top-column elementor-element elementor-element-7ea7a7d0\" data-id=\"7ea7a7d0\" data-element_type=\"column\">\n\t\t\t<div class=\"elementor-column-wrap elementor-element-populated\">\n\t\t\t\t\t\t\t<div class=\"elementor-widget-wrap\">\n\t\t\t\t\t\t<div class=\"elementor-element elementor-element-3f12aada elementor-widget elementor-widget-lae-heading\" data-id=\"3f12aada\" data-element_type=\"widget\" data-widget_type=\"lae-heading.default\">\n\t\t\t\t<div class=\"elementor-widget-container\">\n\t\t\t\n<div class=\"lae-heading lae-style3 lae-aligncenter\" >\n\n    <h3 class=\"lae-title\">Echipa<\/h3>\n\n<\/div><!-- .lae-heading -->\t\t<\/div>\n\t\t\t\t<\/div>\n\t\t\t\t\t\t<\/div>\n\t\t\t\t\t<\/div>\n\t\t<\/div>\n\t\t\t\t\t\t\t\t<\/div>\n\t\t\t\t\t<\/div>\n\t\t<\/section>\n\t\t\t\t<section class=\"elementor-section elementor-top-section elementor-element elementor-element-ae8761a elementor-section-boxed elementor-section-height-default elementor-section-height-default\" data-id=\"ae8761a\" data-element_type=\"section\">\n\t\t\t\t\t\t<div class=\"elementor-container elementor-column-gap-default\">\n\t\t\t\t\t\t\t<div class=\"elementor-row\">\n\t\t\t\t\t<div class=\"elementor-column elementor-col-25 elementor-top-column elementor-element elementor-element-85959fe\" data-id=\"85959fe\" data-element_type=\"column\">\n\t\t\t<div class=\"elementor-column-wrap elementor-element-populated\">\n\t\t\t\t\t\t\t<div class=\"elementor-widget-wrap\">\n\t\t\t\t\t\t<div class=\"elementor-element elementor-element-a922f00 eael-team-align-eael-team-align-default elementor-widget elementor-widget-eael-team-member\" data-id=\"a922f00\" data-element_type=\"widget\" data-widget_type=\"eael-team-member.default\">\n\t\t\t\t<div class=\"elementor-widget-container\">\n\t\t\t\n\n\t<div id=\"eael-team-member-a922f00\" class=\"eael-team-item eael-team-members-simple team-avatar-rounded\">\n\t\t<div class=\"eael-team-item-inner\">\n\t\t\t<div class=\"eael-team-image\">\n\t\t\t\t<figure>\n\t\t\t\t\t<img src=\"https:\/\/portcultural.usv.ro\/wp-content\/uploads\/2019\/07\/10354150_10201726293910660_1732968538201822659_n.jpg\" alt=\"\">\n\t\t\t\t<\/figure>\n\t\t\t\t\t\t\t<\/div>\n\n\t\t\t<div class=\"eael-team-content\">\n\t\t\t\t<h3 class=\"eael-team-member-name\">\u0218TEFAN PURICI<\/h3>\n\t\t\t\t<h4 class=\"eael-team-member-position\">Coordonator proiect \/ cercet\u0103tor<\/h4>\n\n\t\t\t\t\t\t\t\t\t\t\t\t\t\t<p class=\"eael-team-text\">\u0218tefan Purici este managerul proiectului component P2 \u0219i este cercet\u0103tor \u0219tiin\u021bific la Institutul Bucovina al Academiei Rom\u00e2ne. \r\n\t<a class=\"paoc-popup-click paoc-popup-cust-666 paoc-popup-simple_link paoc-popup-link\" href=\"javascript:void(0);\">[...]<\/a>\r\n\r\n<\/p>\n\t\t\t\t\t\t\t<\/div>\n\t\t<\/div>\n\t<\/div>\n\t\t\t<\/div>\n\t\t\t\t<\/div>\n\t\t\t\t\t\t<\/div>\n\t\t\t\t\t<\/div>\n\t\t<\/div>\n\t\t\t\t<div class=\"elementor-column elementor-col-25 elementor-top-column elementor-element elementor-element-7aa0e0a\" data-id=\"7aa0e0a\" data-element_type=\"column\">\n\t\t\t<div class=\"elementor-column-wrap elementor-element-populated\">\n\t\t\t\t\t\t\t<div class=\"elementor-widget-wrap\">\n\t\t\t\t\t\t<div class=\"elementor-element elementor-element-c21a7aa eael-team-align-eael-team-align-default elementor-widget elementor-widget-eael-team-member\" data-id=\"c21a7aa\" data-element_type=\"widget\" data-widget_type=\"eael-team-member.default\">\n\t\t\t\t<div class=\"elementor-widget-container\">\n\t\t\t\n\n\t<div id=\"eael-team-member-c21a7aa\" class=\"eael-team-item eael-team-members-simple team-avatar-rounded\">\n\t\t<div class=\"eael-team-item-inner\">\n\t\t\t<div class=\"eael-team-image\">\n\t\t\t\t<figure>\n\t\t\t\t\t<img src=\"https:\/\/portcultural.usv.ro\/wp-content\/uploads\/2019\/07\/foto-M.-Olaru.jpg\" alt=\"\">\n\t\t\t\t<\/figure>\n\t\t\t\t\t\t\t<\/div>\n\n\t\t\t<div class=\"eael-team-content\">\n\t\t\t\t<h3 class=\"eael-team-member-name\">MARIAN OLARU<\/h3>\n\t\t\t\t<h4 class=\"eael-team-member-position\">Cercet\u0103tor proiect<\/h4>\n\n\t\t\t\t\t\t\t\t\t\t\t\t\t\t<p class=\"eael-team-text\">Marian Olaru este cercet\u0103tor \u00een cadrul proiectului PORT Cultural, cercet\u0103tor \u0219tiin\u021bific II \u0219i director al Institutului \u201eBucovina\u201d al Academiei Rom\u00e2ne din R\u0103d\u0103u\u021bi.\r\n\t<a class=\"paoc-popup-click paoc-popup-cust-668 paoc-popup-simple_link paoc-popup-link\" href=\"javascript:void(0);\">[...]<\/a>\r\n\r\n\n<\/p>\n\t\t\t\t\t\t\t<\/div>\n\t\t<\/div>\n\t<\/div>\n\t\t\t<\/div>\n\t\t\t\t<\/div>\n\t\t\t\t\t\t<\/div>\n\t\t\t\t\t<\/div>\n\t\t<\/div>\n\t\t\t\t<div class=\"elementor-column elementor-col-25 elementor-top-column elementor-element elementor-element-822756f\" data-id=\"822756f\" data-element_type=\"column\">\n\t\t\t<div class=\"elementor-column-wrap elementor-element-populated\">\n\t\t\t\t\t\t\t<div class=\"elementor-widget-wrap\">\n\t\t\t\t\t\t<div class=\"elementor-element elementor-element-cad9d0a eael-team-align-eael-team-align-default elementor-widget elementor-widget-eael-team-member\" data-id=\"cad9d0a\" data-element_type=\"widget\" data-widget_type=\"eael-team-member.default\">\n\t\t\t\t<div class=\"elementor-widget-container\">\n\t\t\t\n\n\t<div id=\"eael-team-member-cad9d0a\" class=\"eael-team-item eael-team-members-simple team-avatar-rounded\">\n\t\t<div class=\"eael-team-item-inner\">\n\t\t\t<div class=\"eael-team-image\">\n\t\t\t\t<figure>\n\t\t\t\t\t<img src=\"https:\/\/portcultural.usv.ro\/wp-content\/uploads\/2019\/07\/foto-O.-Bata-150x150.jpg\" alt=\"\">\n\t\t\t\t<\/figure>\n\t\t\t\t\t\t\t<\/div>\n\n\t\t\t<div class=\"eael-team-content\">\n\t\t\t\t<h3 class=\"eael-team-member-name\"> OVIDIU B\u00c2T\u0102<\/h3>\n\t\t\t\t<h4 class=\"eael-team-member-position\">Cercet\u0103tor proiect<\/h4>\n\n\t\t\t\t\t\t\t\t\t\t\t\t\t\t<p class=\"eael-team-text\">Ovidiu B\u00e2t\u0103 este cercet\u0103tor \u00een cadrul proiectului PORT Cultural \u0219i cercet\u0103tor \u0219tiin\u021bific III la Institutul \u201eBucovina\u201d al Academiei Rom\u00e2ne din R\u0103d\u0103u\u021bi.\r\n\t<a class=\"paoc-popup-click paoc-popup-cust-670 paoc-popup-simple_link paoc-popup-link\" href=\"javascript:void(0);\">[...]<\/a>\r\n\r\n<\/p>\n\t\t\t\t\t\t\t<\/div>\n\t\t<\/div>\n\t<\/div>\n\t\t\t<\/div>\n\t\t\t\t<\/div>\n\t\t\t\t\t\t<\/div>\n\t\t\t\t\t<\/div>\n\t\t<\/div>\n\t\t\t\t<div class=\"elementor-column elementor-col-25 elementor-top-column elementor-element elementor-element-76e4731\" data-id=\"76e4731\" data-element_type=\"column\">\n\t\t\t<div class=\"elementor-column-wrap elementor-element-populated\">\n\t\t\t\t\t\t\t<div class=\"elementor-widget-wrap\">\n\t\t\t\t\t\t<div class=\"elementor-element elementor-element-5207136 eael-team-align-eael-team-align-default elementor-widget elementor-widget-eael-team-member\" data-id=\"5207136\" data-element_type=\"widget\" data-widget_type=\"eael-team-member.default\">\n\t\t\t\t<div class=\"elementor-widget-container\">\n\t\t\t\n\n\t<div id=\"eael-team-member-5207136\" class=\"eael-team-item eael-team-members-simple team-avatar-rounded\">\n\t\t<div class=\"eael-team-item-inner\">\n\t\t\t<div class=\"eael-team-image\">\n\t\t\t\t<figure>\n\t\t\t\t\t<img src=\"https:\/\/portcultural.usv.ro\/wp-content\/uploads\/2019\/07\/foto-M.-Ungureanu.jpg\" alt=\"\">\n\t\t\t\t<\/figure>\n\t\t\t\t\t\t\t<\/div>\n\n\t\t\t<div class=\"eael-team-content\">\n\t\t\t\t<h3 class=\"eael-team-member-name\">\u0218TEF\u0102NI\u021aA MIHAELA UNGUREANU<\/h3>\n\t\t\t\t<h4 class=\"eael-team-member-position\">Cercet\u0103tor proiect<\/h4>\n\n\t\t\t\t\t\t\t\t\t\t\t\t\t\t<p class=\"eael-team-text\">\u0218tef\u0103ni\u021ba-Mihaela Ungureanu este cercet\u0103tor \u00een cadrul proiectului PORT Cultural \u0219i cercet\u0103tor \u0219tiin\u021bific III la Institutul \u201eBucovina\u201d al Academiei Rom\u00e2ne din R\u0103d\u0103u\u021bi.\r\n\t<a class=\"paoc-popup-click paoc-popup-cust-672 paoc-popup-simple_link paoc-popup-link\" href=\"javascript:void(0);\">[...]<\/a>\r\n\r\n<\/p>\n\t\t\t\t\t\t\t<\/div>\n\t\t<\/div>\n\t<\/div>\n\t\t\t<\/div>\n\t\t\t\t<\/div>\n\t\t\t\t\t\t<\/div>\n\t\t\t\t\t<\/div>\n\t\t<\/div>\n\t\t\t\t\t\t\t\t<\/div>\n\t\t\t\t\t<\/div>\n\t\t<\/section>\n\t\t\t\t<section class=\"elementor-section elementor-top-section elementor-element elementor-element-d224527 elementor-section-boxed elementor-section-height-default elementor-section-height-default\" data-id=\"d224527\" data-element_type=\"section\">\n\t\t\t\t\t\t<div class=\"elementor-container elementor-column-gap-default\">\n\t\t\t\t\t\t\t<div class=\"elementor-row\">\n\t\t\t\t\t<div class=\"elementor-column elementor-col-25 elementor-top-column elementor-element elementor-element-6c1323d\" data-id=\"6c1323d\" data-element_type=\"column\">\n\t\t\t<div class=\"elementor-column-wrap elementor-element-populated\">\n\t\t\t\t\t\t\t<div class=\"elementor-widget-wrap\">\n\t\t\t\t\t\t<div class=\"elementor-element elementor-element-c05fad3 eael-team-align-eael-team-align-default elementor-widget elementor-widget-eael-team-member\" data-id=\"c05fad3\" data-element_type=\"widget\" data-widget_type=\"eael-team-member.default\">\n\t\t\t\t<div class=\"elementor-widget-container\">\n\t\t\t\n\n\t<div id=\"eael-team-member-c05fad3\" class=\"eael-team-item eael-team-members-simple team-avatar-rounded\">\n\t\t<div class=\"eael-team-item-inner\">\n\t\t\t<div class=\"eael-team-image\">\n\t\t\t\t<figure>\n\t\t\t\t\t<img src=\"https:\/\/portcultural.usv.ro\/wp-content\/uploads\/2019\/07\/foto-C.-Mohr-150x150.jpg\" alt=\"\">\n\t\t\t\t<\/figure>\n\t\t\t\t\t\t\t<\/div>\n\n\t\t\t<div class=\"eael-team-content\">\n\t\t\t\t<h3 class=\"eael-team-member-name\">CAROL MOHR<\/h3>\n\t\t\t\t<h4 class=\"eael-team-member-position\">Cercet\u0103tor proiect<\/h4>\n\n\t\t\t\t\t\t\t\t\t\t\t\t\t\t<p class=\"eael-team-text\">Carol Mohr este asistent cercet\u0103tor \u00een cadrul proiectului PORT Cultural \u0219i cercet\u0103tor \u0219tiin\u021bific la Institutul \u201eBucovina\u201d al Academiei Rom\u00e2ne din R\u0103d\u0103u\u021bi.\r\n\t<a class=\"paoc-popup-click paoc-popup-cust-674 paoc-popup-simple_link paoc-popup-link\" href=\"javascript:void(0);\">[...]<\/a>\r\n\r\n<\/p>\n\t\t\t\t\t\t\t<\/div>\n\t\t<\/div>\n\t<\/div>\n\t\t\t<\/div>\n\t\t\t\t<\/div>\n\t\t\t\t\t\t<\/div>\n\t\t\t\t\t<\/div>\n\t\t<\/div>\n\t\t\t\t<div class=\"elementor-column elementor-col-25 elementor-top-column elementor-element elementor-element-0051377\" data-id=\"0051377\" data-element_type=\"column\">\n\t\t\t<div class=\"elementor-column-wrap elementor-element-populated\">\n\t\t\t\t\t\t\t<div class=\"elementor-widget-wrap\">\n\t\t\t\t\t\t<div class=\"elementor-element elementor-element-589a76f eael-team-align-eael-team-align-default elementor-widget elementor-widget-eael-team-member\" data-id=\"589a76f\" data-element_type=\"widget\" data-widget_type=\"eael-team-member.default\">\n\t\t\t\t<div class=\"elementor-widget-container\">\n\t\t\t\n\n\t<div id=\"eael-team-member-589a76f\" class=\"eael-team-item eael-team-members-simple team-avatar-rounded\">\n\t\t<div class=\"eael-team-item-inner\">\n\t\t\t<div class=\"eael-team-image\">\n\t\t\t\t<figure>\n\t\t\t\t\t<img src=\"https:\/\/portcultural.usv.ro\/wp-content\/uploads\/2019\/07\/20190308_165628_HDR.jpg\" alt=\"\">\n\t\t\t\t<\/figure>\n\t\t\t\t\t\t\t<\/div>\n\n\t\t\t<div class=\"eael-team-content\">\n\t\t\t\t<h3 class=\"eael-team-member-name\">CRISTIAN - ALEXANDRU BOGHIAN<\/h3>\n\t\t\t\t<h4 class=\"eael-team-member-position\">Cercet\u0103tor proiect<\/h4>\n\n\t\t\t\t\t\t\t\t\t\t\t\t\t\t<p class=\"eael-team-text\">Cristian Alexandru Boghian este doctor \u00een istorie, fiind licen\u021biat at\u00e2t \u00een istorie (\u0219ef de promo\u021bie) c\u00e2t \u0219i \u00een economie. \r\n\t<a class=\"paoc-popup-click paoc-popup-cust-1156 paoc-popup-simple_link paoc-popup-link\" href=\"javascript:void(0);\">[...]<\/a>\r\n\r\n<\/p>\n\t\t\t\t\t\t\t<\/div>\n\t\t<\/div>\n\t<\/div>\n\t\t\t<\/div>\n\t\t\t\t<\/div>\n\t\t\t\t\t\t<\/div>\n\t\t\t\t\t<\/div>\n\t\t<\/div>\n\t\t\t\t<div class=\"elementor-column elementor-col-25 elementor-top-column elementor-element elementor-element-e3cb911\" data-id=\"e3cb911\" data-element_type=\"column\">\n\t\t\t<div class=\"elementor-column-wrap\">\n\t\t\t\t\t\t\t<div class=\"elementor-widget-wrap\">\n\t\t\t\t\t\t\t\t<\/div>\n\t\t\t\t\t<\/div>\n\t\t<\/div>\n\t\t\t\t<div class=\"elementor-column elementor-col-25 elementor-top-column elementor-element elementor-element-d6802a6\" data-id=\"d6802a6\" data-element_type=\"column\">\n\t\t\t<div class=\"elementor-column-wrap\">\n\t\t\t\t\t\t\t<div class=\"elementor-widget-wrap\">\n\t\t\t\t\t\t\t\t<\/div>\n\t\t\t\t\t<\/div>\n\t\t<\/div>\n\t\t\t\t\t\t\t\t<\/div>\n\t\t\t\t\t<\/div>\n\t\t<\/section>\n\t\t\t\t<section class=\"elementor-section elementor-top-section elementor-element elementor-element-afa8df8 elementor-section-boxed elementor-section-height-default elementor-section-height-default\" data-id=\"afa8df8\" data-element_type=\"section\">\n\t\t\t\t\t\t<div class=\"elementor-container elementor-column-gap-default\">\n\t\t\t\t\t\t\t<div class=\"elementor-row\">\n\t\t\t\t\t<div class=\"elementor-column elementor-col-100 elementor-top-column elementor-element elementor-element-6917ab5\" data-id=\"6917ab5\" data-element_type=\"column\">\n\t\t\t<div class=\"elementor-column-wrap elementor-element-populated\">\n\t\t\t\t\t\t\t<div class=\"elementor-widget-wrap\">\n\t\t\t\t\t\t<div class=\"elementor-element elementor-element-4caad91 elementor-position-top elementor-vertical-align-top elementor-widget elementor-widget-image-box\" data-id=\"4caad91\" data-element_type=\"widget\" data-widget_type=\"image-box.default\">\n\t\t\t\t<div class=\"elementor-widget-container\">\n\t\t\t<div class=\"elementor-image-box-wrapper\"><figure class=\"elementor-image-box-img\"><img width=\"300\" height=\"150\" src=\"https:\/\/portcultural.usv.ro\/wp-content\/uploads\/2018\/08\/IB.jpg\" class=\"attachment-full size-full\" alt=\"\" loading=\"lazy\" \/><\/figure><div class=\"elementor-image-box-content\"><h3 class=\"elementor-image-box-title\">Institutul \"Bucovina\"<\/h3><\/div><\/div>\t\t<\/div>\n\t\t\t\t<\/div>\n\t\t\t\t\t\t<\/div>\n\t\t\t\t\t<\/div>\n\t\t<\/div>\n\t\t\t\t\t\t\t\t<\/div>\n\t\t\t\t\t<\/div>\n\t\t<\/section>\n\t\t\t\t\t\t<\/div>\n\t\t\t\t\t\t<\/div>\n\t\t\t\t\t<\/div>","protected":false},"excerpt":{"rendered":"<p>PATRIBUC Patrimoniul construit \u0219i peisajul cultural (inclusiv particularit\u0103\u021bi date de diversitatea etnic\u0103) \u00een zona Bucovina. Abord\u0103ri din perspectiva istoric\u0103 \u0219i etno-demografic\u0103. Descriere Conform Directivei 2011\/92\/EU privind evaluarea efectelor unor proiecte publice \u0219i private asupra mediului, \u201epeisajul contribuie la formarea culturilor locale \u015fi este o component\u0103 de baz\u0103 a patrimoniului natural \u015fi cultural european, contribuind la &hellip;<\/p>\n<p class=\"read-more\"> <a class=\"\" href=\"https:\/\/portcultural.usv.ro\/en\/pc2\/\"> <span class=\"screen-reader-text\">PC2<\/span> Read More &raquo;<\/a><\/p>","protected":false},"author":1,"featured_media":0,"parent":0,"menu_order":0,"comment_status":"closed","ping_status":"closed","template":"","meta":[],"_links":{"self":[{"href":"https:\/\/portcultural.usv.ro\/en\/wp-json\/wp\/v2\/pages\/461"}],"collection":[{"href":"https:\/\/portcultural.usv.ro\/en\/wp-json\/wp\/v2\/pages"}],"about":[{"href":"https:\/\/portcultural.usv.ro\/en\/wp-json\/wp\/v2\/types\/page"}],"author":[{"embeddable":true,"href":"https:\/\/portcultural.usv.ro\/en\/wp-json\/wp\/v2\/users\/1"}],"replies":[{"embeddable":true,"href":"https:\/\/portcultural.usv.ro\/en\/wp-json\/wp\/v2\/comments?post=461"}],"version-history":[{"count":54,"href":"https:\/\/portcultural.usv.ro\/en\/wp-json\/wp\/v2\/pages\/461\/revisions"}],"predecessor-version":[{"id":2949,"href":"https:\/\/portcultural.usv.ro\/en\/wp-json\/wp\/v2\/pages\/461\/revisions\/2949"}],"wp:attachment":[{"href":"https:\/\/portcultural.usv.ro\/en\/wp-json\/wp\/v2\/media?parent=461"}],"curies":[{"name":"wp","href":"https:\/\/api.w.org\/{rel}","templated":true}]}}