{"id":484,"date":"2019-04-16T06:39:07","date_gmt":"2019-04-16T06:39:07","guid":{"rendered":"https:\/\/portcultural.usv.ro\/?page_id=484"},"modified":"2021-11-09T15:40:05","modified_gmt":"2021-11-09T13:40:05","slug":"pc3","status":"publish","type":"page","link":"https:\/\/portcultural.usv.ro\/en\/pc3\/","title":{"rendered":"PC3"},"content":{"rendered":"<div data-elementor-type=\"wp-post\" data-elementor-id=\"484\" class=\"elementor elementor-484\" data-elementor-settings=\"[]\">\n\t\t\t\t\t\t<div class=\"elementor-inner\">\n\t\t\t\t\t\t\t<div class=\"elementor-section-wrap\">\n\t\t\t\t\t\t\t<section class=\"elementor-section elementor-top-section elementor-element elementor-element-f748a70 elementor-section-height-min-height elementor-section-content-top elementor-section-full_width elementor-section-height-default elementor-section-items-middle\" data-id=\"f748a70\" data-element_type=\"section\">\n\t\t\t\t\t\t<div class=\"elementor-container elementor-column-gap-default\">\n\t\t\t\t\t\t\t<div class=\"elementor-row\">\n\t\t\t\t\t<div class=\"elementor-column elementor-col-100 elementor-top-column elementor-element elementor-element-36451954\" data-id=\"36451954\" data-element_type=\"column\">\n\t\t\t<div class=\"elementor-column-wrap elementor-element-populated\">\n\t\t\t\t\t\t\t<div class=\"elementor-widget-wrap\">\n\t\t\t\t\t\t<div class=\"elementor-element elementor-element-da2aabe elementor-widget elementor-widget-image\" data-id=\"da2aabe\" data-element_type=\"widget\" data-widget_type=\"image.default\">\n\t\t\t\t<div class=\"elementor-widget-container\">\n\t\t\t\t\t\t\t\t<div class=\"elementor-image\">\n\t\t\t\t\t\t\t\t\t\t\t\t<img width=\"1024\" height=\"768\" src=\"https:\/\/portcultural.usv.ro\/wp-content\/uploads\/PascalFoto1-1024x768.jpg\" class=\"attachment-large size-large\" alt=\"\" loading=\"lazy\" srcset=\"https:\/\/portcultural.usv.ro\/wp-content\/uploads\/PascalFoto1-1024x768.jpg 1024w, https:\/\/portcultural.usv.ro\/wp-content\/uploads\/PascalFoto1-300x225.jpg 300w, https:\/\/portcultural.usv.ro\/wp-content\/uploads\/PascalFoto1-150x112.jpg 150w, https:\/\/portcultural.usv.ro\/wp-content\/uploads\/PascalFoto1-768x576.jpg 768w, https:\/\/portcultural.usv.ro\/wp-content\/uploads\/PascalFoto1-16x12.jpg 16w, https:\/\/portcultural.usv.ro\/wp-content\/uploads\/PascalFoto1-24x18.jpg 24w, https:\/\/portcultural.usv.ro\/wp-content\/uploads\/PascalFoto1-36x27.jpg 36w, https:\/\/portcultural.usv.ro\/wp-content\/uploads\/PascalFoto1-48x36.jpg 48w, https:\/\/portcultural.usv.ro\/wp-content\/uploads\/PascalFoto1.jpg 1266w\" sizes=\"(max-width: 1024px) 100vw, 1024px\" \/>\t\t\t\t\t\t\t\t\t\t\t\t\t\t<\/div>\n\t\t\t\t\t\t<\/div>\n\t\t\t\t<\/div>\n\t\t\t\t<div class=\"elementor-element elementor-element-6d9adb7 elementor-widget__width-inherit elementor-invisible elementor-widget elementor-widget-lae-heading\" data-id=\"6d9adb7\" data-element_type=\"widget\" data-settings=\"{&quot;_animation&quot;:&quot;fadeIn&quot;}\" data-widget_type=\"lae-heading.default\">\n\t\t\t\t<div class=\"elementor-widget-container\">\n\t\t\t\n<div class=\"lae-heading lae-style1 lae-aligncenter\" >\n\n    <h3 class=\"lae-title\">PATRITRANS<\/h3>\n\n    \n        <p class=\"lae-text\">Patrimoniul construit \u0219i  peisajul cultural (inclusiv particularit\u0103\u021bi date de diversitatea etnic\u0103) \u00een zona Transilvania de Sud<\/p>\n\n    \n<\/div><!-- .lae-heading -->\t\t<\/div>\n\t\t\t\t<\/div>\n\t\t\t\t\t\t<\/div>\n\t\t\t\t\t<\/div>\n\t\t<\/div>\n\t\t\t\t\t\t\t\t<\/div>\n\t\t\t\t\t<\/div>\n\t\t<\/section>\n\t\t\t\t<section class=\"elementor-section elementor-top-section elementor-element elementor-element-675b61a0 elementor-section-boxed elementor-section-height-default elementor-section-height-default\" data-id=\"675b61a0\" data-element_type=\"section\">\n\t\t\t\t\t\t<div class=\"elementor-container elementor-column-gap-default\">\n\t\t\t\t\t\t\t<div class=\"elementor-row\">\n\t\t\t\t\t<div class=\"elementor-column elementor-col-100 elementor-top-column elementor-element elementor-element-2f11c93\" data-id=\"2f11c93\" data-element_type=\"column\">\n\t\t\t<div class=\"elementor-column-wrap elementor-element-populated\">\n\t\t\t\t\t\t\t<div class=\"elementor-widget-wrap\">\n\t\t\t\t\t\t<div class=\"elementor-element elementor-element-6794896b elementor-widget elementor-widget-lae-heading\" data-id=\"6794896b\" data-element_type=\"widget\" data-widget_type=\"lae-heading.default\">\n\t\t\t\t<div class=\"elementor-widget-container\">\n\t\t\t\n<div class=\"lae-heading lae-style3 lae-aligncenter\" >\n\n    <h3 class=\"lae-title\">Descriere<\/h3>\n\n<\/div><!-- .lae-heading -->\t\t<\/div>\n\t\t\t\t<\/div>\n\t\t\t\t\t\t<\/div>\n\t\t\t\t\t<\/div>\n\t\t<\/div>\n\t\t\t\t\t\t\t\t<\/div>\n\t\t\t\t\t<\/div>\n\t\t<\/section>\n\t\t\t\t<section class=\"elementor-section elementor-top-section elementor-element elementor-element-341b55e6 elementor-section-boxed elementor-section-height-default elementor-section-height-default\" data-id=\"341b55e6\" data-element_type=\"section\">\n\t\t\t\t\t\t<div class=\"elementor-container elementor-column-gap-default\">\n\t\t\t\t\t\t\t<div class=\"elementor-row\">\n\t\t\t\t\t<div class=\"elementor-column elementor-col-50 elementor-top-column elementor-element elementor-element-26e51d69\" data-id=\"26e51d69\" data-element_type=\"column\">\n\t\t\t<div class=\"elementor-column-wrap elementor-element-populated\">\n\t\t\t\t\t\t\t<div class=\"elementor-widget-wrap\">\n\t\t\t\t\t\t<div class=\"elementor-element elementor-element-b2255cb elementor-widget elementor-widget-text-editor\" data-id=\"b2255cb\" data-element_type=\"widget\" data-widget_type=\"text-editor.default\">\n\t\t\t\t<div class=\"elementor-widget-container\">\n\t\t\t\t\t\t\t\t<div class=\"elementor-text-editor elementor-clearfix\">\n\t\t\t\t<p>Statul rom\u00e2n \u0219i-a luat angajamentul prin Legea nr. 451\/2002 pentru ratificarea Conven\u021biei europene a peisajului (adoptat\u0103 la Floren\u021ba la 20 octombrie 2000) de a asigura realizarea obiectivelor \u00eenscrise \u00een aceast\u0103 Conven\u021bie. Peisajul este \u00een\u021beles ca un &#8220;patrimoniu comun&#8221; al c\u0103rui management trebuie s\u0103\u00a0 genereze &#8220;acorduri \u00een domeniul economic \u015fi social&#8221;, prin care s\u0103 se &#8220;ajung\u0103 la o dezvoltare durabil\u0103 bazat\u0103 pe o rela\u021bie echitabil\u0103 \u015fi armonioas\u0103 \u00eentre necesit\u0103\u021bile sociale, activit\u0103\u021bile economice \u015fi mediu&#8221;. Analiza diagnostic \u0219i consultarea stakeholderilor, realizate \u00een faza de pre-proiect, au relevant o dezvoltare haotic\u0103 a peisajului construit, duc\u00e2nd la o sc\u0103dere a atractivit\u0103\u021bii zonei \u0219i a calit\u0103\u021bii vie\u021bii locuitorilor din zona vizat\u0103.<\/p>\t\t\t\t\t<\/div>\n\t\t\t\t\t\t<\/div>\n\t\t\t\t<\/div>\n\t\t\t\t\t\t<\/div>\n\t\t\t\t\t<\/div>\n\t\t<\/div>\n\t\t\t\t<div class=\"elementor-column elementor-col-50 elementor-top-column elementor-element elementor-element-4a0bf2c\" data-id=\"4a0bf2c\" data-element_type=\"column\">\n\t\t\t<div class=\"elementor-column-wrap elementor-element-populated\">\n\t\t\t\t\t\t\t<div class=\"elementor-widget-wrap\">\n\t\t\t\t\t\t<div class=\"elementor-element elementor-element-3a671136 elementor-widget elementor-widget-text-editor\" data-id=\"3a671136\" data-element_type=\"widget\" data-widget_type=\"text-editor.default\">\n\t\t\t\t<div class=\"elementor-widget-container\">\n\t\t\t\t\t\t\t\t<div class=\"elementor-text-editor elementor-clearfix\">\n\t\t\t\t<p>Obiectivul proiectului <strong>PATRITRANS &#8211; Patrimoniul construit \u0219i\u00a0 peisajul cultural (inclusiv particularit\u0103\u021bi date de diversitatea etnic\u0103) \u00een Transilvania de Sud <\/strong>are \u00een vedere crearea unei baze de date privind specificul patrimoniului construit (inclusiv particularit\u0103\u021bi date de diversitatea etnic\u0103) pentru zona de sud a Transilvaniei, prin documentare tehnic\u0103 \u0219i antropologic\u0103. Se va urm\u0103ri \u00een paralel \u0219i dezvoltarea capacit\u0103\u021bii organiza\u021bionale a institu\u021biei, prin instrumentele \u0219i serviciile de cercetare care vor deveni opera\u021bionale dup\u0103 finalizarea proiectului.<\/p><p><strong>Caracterul inovativ<\/strong> este dat de metodologia de investigare \u0219i documentare a cl\u0103dirilor tradi\u021bionale (documentare fotografic\u0103 \u0219i antropologic\u0103), prin rezultatele proiectului, ce surprind \u00een mod \u0219tiin\u021bific realit\u0103\u021bi ce au fost investigate doar par\u021bial p\u00e2n\u0103 \u00een prezent \u00een zona Transilvania de Sud (studiu istoric \u0219i etno-demografic privind evolu\u021bia patrimoniului construit \u00een comunit\u0103\u021bile rurale; studiu ce investigheaz\u0103 caracteristicile patrimoniului construit \u0219i leg\u0103tura cu diversitatea multicultural\u0103 \u0219i etnic\u0103 a zonei etc.). Elementele de patrimoniu identificate vor fi localizate cu instrumente GIS \u0219i vor fi postate pe platforma PORT-Cultural, ce va asigura (pe l\u00e2ng\u0103 alte mijloace) transferul informa\u021biilor \u0219i entit\u0103\u021bilor identificate c\u0103tre comunitate \u0219i poten\u021biali beneficiari din mediul de afaceri \u0219i din institu\u021biile publice. Proiectul va documenta, compara \u0219i identifica elemente de patrimoniu construit din zona \u021bint\u0103.<\/p>\t\t\t\t\t<\/div>\n\t\t\t\t\t\t<\/div>\n\t\t\t\t<\/div>\n\t\t\t\t\t\t<\/div>\n\t\t\t\t\t<\/div>\n\t\t<\/div>\n\t\t\t\t\t\t\t\t<\/div>\n\t\t\t\t\t<\/div>\n\t\t<\/section>\n\t\t\t\t<section class=\"elementor-section elementor-top-section elementor-element elementor-element-4eb3bba1 elementor-section-boxed elementor-section-height-default elementor-section-height-default\" data-id=\"4eb3bba1\" data-element_type=\"section\">\n\t\t\t\t\t\t<div class=\"elementor-container elementor-column-gap-default\">\n\t\t\t\t\t\t\t<div class=\"elementor-row\">\n\t\t\t\t\t<div class=\"elementor-column elementor-col-100 elementor-top-column elementor-element elementor-element-124be1ae\" data-id=\"124be1ae\" data-element_type=\"column\">\n\t\t\t<div class=\"elementor-column-wrap elementor-element-populated\">\n\t\t\t\t\t\t\t<div class=\"elementor-widget-wrap\">\n\t\t\t\t\t\t<div class=\"elementor-element elementor-element-45dcf76 elementor-widget elementor-widget-lae-heading\" data-id=\"45dcf76\" data-element_type=\"widget\" data-widget_type=\"lae-heading.default\">\n\t\t\t\t<div class=\"elementor-widget-container\">\n\t\t\t\n<div class=\"lae-heading lae-style3 lae-aligncenter\" >\n\n    <h3 class=\"lae-title\">Activit\u0103\u021bi<\/h3>\n\n<\/div><!-- .lae-heading -->\t\t<\/div>\n\t\t\t\t<\/div>\n\t\t\t\t\t\t<\/div>\n\t\t\t\t\t<\/div>\n\t\t<\/div>\n\t\t\t\t\t\t\t\t<\/div>\n\t\t\t\t\t<\/div>\n\t\t<\/section>\n\t\t\t\t<section class=\"elementor-section elementor-top-section elementor-element elementor-element-409cf7da elementor-section-boxed elementor-section-height-default elementor-section-height-default\" data-id=\"409cf7da\" data-element_type=\"section\">\n\t\t\t\t\t\t<div class=\"elementor-container elementor-column-gap-default\">\n\t\t\t\t\t\t\t<div class=\"elementor-row\">\n\t\t\t\t\t<div class=\"elementor-column elementor-col-100 elementor-top-column elementor-element elementor-element-1603659a\" data-id=\"1603659a\" data-element_type=\"column\">\n\t\t\t<div class=\"elementor-column-wrap elementor-element-populated\">\n\t\t\t\t\t\t\t<div class=\"elementor-widget-wrap\">\n\t\t\t\t\t\t<div class=\"elementor-element elementor-element-628b3dd0 elementor-widget elementor-widget-eael-adv-accordion\" data-id=\"628b3dd0\" data-element_type=\"widget\" data-widget_type=\"eael-adv-accordion.default\">\n\t\t\t\t<div class=\"elementor-widget-container\">\n\t\t\t        <div class=\"eael-adv-accordion\" id=\"eael-adv-accordion-628b3dd0\" data-accordion-id=\"628b3dd0\" data-accordion-type=\"accordion\" data-toogle-speed=\"300\">\n    <div class=\"eael-accordion-list\">\n                <div id=\"3-1-cercetri-privind-peisajul-cultural-al-transilvaniei-de-sud\" class=\"elementor-tab-title eael-accordion-header\" tabindex=\"1651\" data-tab=\"1\" role=\"tab\" aria-controls=\"elementor-tab-content-1651\"><i class=\"fa fa-plus fa-accordion-icon\"><\/i><span class=\"eael-accordion-tab-title\">3-1  Cercet\u0103ri privind peisajul cultural al Transilvaniei de Sud<\/span><i aria-hidden=\"true\" class=\"fa-toggle fas fa-angle-right\"><\/i><\/div><div id=\"elementor-tab-content-1651\" class=\"eael-accordion-content clearfix\" data-tab=\"1\" role=\"tabpanel\" aria-labelledby=\"3-1-cercetri-privind-peisajul-cultural-al-transilvaniei-de-sud\"><p><p>Activitatea 3-1-1 <br \/>Documentare ini\u021bial\u0103. Studiu istoric \u0219i etno-demografic \u0219i evolu\u021bia patrimoniului construit \u00een comunit\u0103\u021bile rurale din Transilvania de Sud.<br \/>Activitatea 3-1-2<br \/>Cercetare privind peisajul cultural al Transilvaniei de Sud; identificarea practicilor curente de utilizare a patrimoniului construit, cu eviden\u021bierea unor eventuale bune practici de valorificare a acestuia. Identificarea de tipuri constructive \u0219i descrierea tipologiilor de contruc\u021bii tradi\u0163ionale (private \u0219i publice) relevante pentru patrimoniul Transilvaniei de Sud, cu documentare fotografic\u0103 \u0219i istoric\u0103, cu documentare din arhivele diferitelor institu\u021bii. <br \/>Activitatea 3-1-3<br \/>Vizit\u0103 de lucru \u0219i workshop \u201dBune practici \u00een protejarea patrimoniului construit\u201d. Schimb de experien\u021b\u0103 inter-regional.<\/p><\/p><\/div>\n                <\/div><div class=\"eael-accordion-list\">\n                <div id=\"3-2-cercetare-exploratorie-a-patrimoniului-construit-casele-tradiionale-parte-integrant-a-patrimoniului-construit-al-transilvaniei\" class=\"elementor-tab-title eael-accordion-header\" tabindex=\"1652\" data-tab=\"2\" role=\"tab\" aria-controls=\"elementor-tab-content-1652\"><i class=\"fa fa-plus fa-accordion-icon\"><\/i><span class=\"eael-accordion-tab-title\">3-2 Cercetare exploratorie a patrimoniului construit: Casele tradi\u021bionale - parte integrant\u0103 a patrimoniului construit al Transilvaniei<\/span><i aria-hidden=\"true\" class=\"fa-toggle fas fa-angle-right\"><\/i><\/div><div id=\"elementor-tab-content-1652\" class=\"eael-accordion-content clearfix\" data-tab=\"2\" role=\"tabpanel\" aria-labelledby=\"3-2-cercetare-exploratorie-a-patrimoniului-construit-casele-tradiionale-parte-integrant-a-patrimoniului-construit-al-transilvaniei\"><p><p>Activitatea 3-2-1<br \/>Stagiu de preg\u0103tire la P1\/CO de 2 zile: Metodologia de cercetare dezvoltat\u0103 \u00een PC2.<br \/>Activitatea 3-2-2<br \/>Realizarea bazei de date pilot de cel pu\u021bin 30 de case tradi\u021bionale \u0219i cl\u0103diri de patrimoniu, reprezentative pentru minorit\u0103\u021bile etnice din zon\u0103, ce vor permite o prim\u0103 analiz\u0103 critic\u0103 a st\u0103rii patrimoniului \u0219i dezvoltarea produselor inovative \u00een P1. Se va utiliza metodologia realizat\u0103 de P1 \u00een Proiectul 2.<br \/>Activitatea 3-2-3<br \/>Vizit\u0103 de lucru \u00een vederea disemin\u0103rii bazei de date pilot.<br \/>Activitatea 3-2-4<br \/>Extinderea bazei de date \u0219i completarea inventarului documentat de cl\u0103diri tradi\u021bionale relevante pentru identitatea cultural\u0103 a zonei, consemnate conform metodologiei dezvoltate \u00een proiect, cu surprinderea caracteristicilor constructive, a detaliilor zonale specifice, pentru promovarea acestora pe portalul proiectului complex.<br \/>Activitatea 3-2-5<br \/>Diseminarea rezultatelor la nivelul proiectului: pe platforma PORT Cultural \u0219i pe platforma ERRIS;<br \/>Activitatea 3-2-6<br \/>Diseminarea c\u0103tre mediul de afaceri \u0219i transferul rezultatelor c\u0103tre stakeholderi publici\/institu\u021bionali (prim\u0103rii din zonele \u021bint\u0103 \/ subdestina\u021bii turistice)<\/p><\/p><\/div>\n                <\/div><\/div>\t\t<\/div>\n\t\t\t\t<\/div>\n\t\t\t\t\t\t<\/div>\n\t\t\t\t\t<\/div>\n\t\t<\/div>\n\t\t\t\t\t\t\t\t<\/div>\n\t\t\t\t\t<\/div>\n\t\t<\/section>\n\t\t\t\t<section class=\"elementor-section elementor-top-section elementor-element elementor-element-3933574f elementor-section-boxed elementor-section-height-default elementor-section-height-default\" data-id=\"3933574f\" data-element_type=\"section\">\n\t\t\t\t\t\t<div class=\"elementor-container elementor-column-gap-default\">\n\t\t\t\t\t\t\t<div class=\"elementor-row\">\n\t\t\t\t\t<div class=\"elementor-column elementor-col-100 elementor-top-column elementor-element elementor-element-3da321b0\" data-id=\"3da321b0\" data-element_type=\"column\">\n\t\t\t<div class=\"elementor-column-wrap elementor-element-populated\">\n\t\t\t\t\t\t\t<div class=\"elementor-widget-wrap\">\n\t\t\t\t\t\t<div class=\"elementor-element elementor-element-5ee934e elementor-widget elementor-widget-lae-heading\" data-id=\"5ee934e\" data-element_type=\"widget\" data-widget_type=\"lae-heading.default\">\n\t\t\t\t<div class=\"elementor-widget-container\">\n\t\t\t\n<div class=\"lae-heading lae-style3 lae-aligncenter\" >\n\n    <h3 class=\"lae-title\">Rezultate<\/h3>\n\n<\/div><!-- .lae-heading -->\t\t<\/div>\n\t\t\t\t<\/div>\n\t\t\t\t\t\t<\/div>\n\t\t\t\t\t<\/div>\n\t\t<\/div>\n\t\t\t\t\t\t\t\t<\/div>\n\t\t\t\t\t<\/div>\n\t\t<\/section>\n\t\t\t\t<section class=\"elementor-section elementor-top-section elementor-element elementor-element-48870845 elementor-section-boxed elementor-section-height-default elementor-section-height-default\" data-id=\"48870845\" data-element_type=\"section\">\n\t\t\t\t\t\t<div class=\"elementor-container elementor-column-gap-default\">\n\t\t\t\t\t\t\t<div class=\"elementor-row\">\n\t\t\t\t\t<div class=\"elementor-column elementor-col-100 elementor-top-column elementor-element elementor-element-2692857\" data-id=\"2692857\" data-element_type=\"column\">\n\t\t\t<div class=\"elementor-column-wrap elementor-element-populated\">\n\t\t\t\t\t\t\t<div class=\"elementor-widget-wrap\">\n\t\t\t\t\t\t<div class=\"elementor-element elementor-element-5ca88705 elementor-widget elementor-widget-lae-odometers\" data-id=\"5ca88705\" data-element_type=\"widget\" data-widget_type=\"lae-odometers.default\">\n\t\t\t\t<div class=\"elementor-widget-container\">\n\t\t\t\n<div class=\"lae-odometers lae-uber-grid-container  lae-grid-auto-column-layout\">\n\n    \n        \n        \n<div class=\"lae-grid-item lae-odometer\">\n\n    \n    <div class=\"lae-number odometer\" data-stop=\"1\">\n\n        0\n    <\/div>\n\n    \n    \n    \n    \n    <div class=\"lae-stats-title-wrap\">\n\n        <div class=\"lae-stats-title\">Studiu istoric \u0219i etno-demografic privind evolu\u021bia patrimoniului construit \u00een comunit\u0103\u021bile rurale din Transilvania de Sud<\/div>\n\n    <\/div>\n\n<\/div><!-- .lae-odometer -->\n    \n        \n        \n<div class=\"lae-grid-item lae-odometer\">\n\n    \n    <div class=\"lae-number odometer\" data-stop=\"1\">\n\n        0\n    <\/div>\n\n    \n    \n    \n    \n    <div class=\"lae-stats-title-wrap\">\n\n        <div class=\"lae-stats-title\">Studiu privind caracteristicile patrimoniului construit \u0219i impactul diversit\u0103\u021bii multiculturale \u0219i etnice asupra acestuia<\/div>\n\n    <\/div>\n\n<\/div><!-- .lae-odometer -->\n    \n        \n        \n<div class=\"lae-grid-item lae-odometer\">\n\n    \n    <div class=\"lae-number odometer\" data-stop=\"1\">\n\n        0\n    <\/div>\n\n    \n    \n    \n    \n    <div class=\"lae-stats-title-wrap\">\n\n        <div class=\"lae-stats-title\">Studiu privind istoricul cl\u0103dirilor reprezentative pentru patrimoniul construit (documentare fotografic\u0103 \u0219i \u00een arhive)<\/div>\n\n    <\/div>\n\n<\/div><!-- .lae-odometer -->\n    \n        \n        \n<div class=\"lae-grid-item lae-odometer\">\n\n    \n    <div class=\"lae-number odometer\" data-stop=\"1\">\n\n        0\n    <\/div>\n\n    \n    \n    \n    \n    <div class=\"lae-stats-title-wrap\">\n\n        <div class=\"lae-stats-title\">Catalog \u201dCase Tradi\u021bionale din Transilvania\u201d (400 exemplare<\/div>\n\n    <\/div>\n\n<\/div><!-- .lae-odometer -->\n    \n        \n        \n<div class=\"lae-grid-item lae-odometer\">\n\n    \n    <div class=\"lae-number odometer\" data-stop=\"1\">\n\n        0\n    <\/div>\n\n    \n    \n    \n    \n    <div class=\"lae-stats-title-wrap\">\n\n        <div class=\"lae-stats-title\">Publica\u021bie\/ lucrare \u0219tiin\u021bific\u0103<\/div>\n\n    <\/div>\n\n<\/div><!-- .lae-odometer -->\n    \n        \n        \n<div class=\"lae-grid-item lae-odometer\">\n\n    \n    <div class=\"lae-number odometer\" data-stop=\"1\">\n\n        0\n    <\/div>\n\n    \n    \n    \n    \n    <div class=\"lae-stats-title-wrap\">\n\n        <div class=\"lae-stats-title\">Baz\u0103 de date pilot cu cel pu\u021bin 30 de construc\u021bii reprezentative pentru patrimoniul construit, din diferite zone etnografice ale Transilvaniei de Sud<\/div>\n\n    <\/div>\n\n<\/div><!-- .lae-odometer -->\n    \n        \n        \n<div class=\"lae-grid-item lae-odometer\">\n\n    \n    <div class=\"lae-number odometer\" data-stop=\"1\">\n\n        0\n    <\/div>\n\n    \n    \n    \n    \n    <div class=\"lae-stats-title-wrap\">\n\n        <div class=\"lae-stats-title\">Baz\u0103 de date extins\u0103 cu cel pu\u021bin 70 de construc\u021bii reprezentative pentru patrimoniul construit<\/div>\n\n    <\/div>\n\n<\/div><!-- .lae-odometer -->\n    \n        \n        \n<div class=\"lae-grid-item lae-odometer\">\n\n    \n    <div class=\"lae-number odometer\" data-stop=\"1\">\n\n        0\n    <\/div>\n\n    \n    \n    \n    \n    <div class=\"lae-stats-title-wrap\">\n\n        <div class=\"lae-stats-title\">Catalog electronic \u201dCasele Tradi\u021bionale ale Transilvaniei\u201d <\/div>\n\n    <\/div>\n\n<\/div><!-- .lae-odometer -->\n    \n<\/div><!-- .lae-odometers -->\n\n<div class=\"lae-clear\"><\/div>\t\t<\/div>\n\t\t\t\t<\/div>\n\t\t\t\t\t\t<\/div>\n\t\t\t\t\t<\/div>\n\t\t<\/div>\n\t\t\t\t\t\t\t\t<\/div>\n\t\t\t\t\t<\/div>\n\t\t<\/section>\n\t\t\t\t<section class=\"elementor-section elementor-top-section elementor-element elementor-element-3f9d08d2 elementor-section-boxed elementor-section-height-default elementor-section-height-default\" data-id=\"3f9d08d2\" data-element_type=\"section\">\n\t\t\t\t\t\t<div class=\"elementor-container elementor-column-gap-default\">\n\t\t\t\t\t\t\t<div class=\"elementor-row\">\n\t\t\t\t\t<div class=\"elementor-column elementor-col-100 elementor-top-column elementor-element elementor-element-1c3bc746\" data-id=\"1c3bc746\" data-element_type=\"column\">\n\t\t\t<div class=\"elementor-column-wrap elementor-element-populated\">\n\t\t\t\t\t\t\t<div class=\"elementor-widget-wrap\">\n\t\t\t\t\t\t<div class=\"elementor-element elementor-element-119148b1 elementor-widget elementor-widget-lae-heading\" data-id=\"119148b1\" data-element_type=\"widget\" data-widget_type=\"lae-heading.default\">\n\t\t\t\t<div class=\"elementor-widget-container\">\n\t\t\t\n<div class=\"lae-heading lae-style3 lae-aligncenter\" >\n\n    <h3 class=\"lae-title\">Echipa<\/h3>\n\n<\/div><!-- .lae-heading -->\t\t<\/div>\n\t\t\t\t<\/div>\n\t\t\t\t\t\t<\/div>\n\t\t\t\t\t<\/div>\n\t\t<\/div>\n\t\t\t\t\t\t\t\t<\/div>\n\t\t\t\t\t<\/div>\n\t\t<\/section>\n\t\t\t\t<section class=\"elementor-section elementor-top-section elementor-element elementor-element-931e2cb elementor-section-boxed elementor-section-height-default elementor-section-height-default\" data-id=\"931e2cb\" data-element_type=\"section\">\n\t\t\t\t\t\t<div class=\"elementor-container elementor-column-gap-default\">\n\t\t\t\t\t\t\t<div class=\"elementor-row\">\n\t\t\t\t\t<div class=\"elementor-column elementor-col-25 elementor-top-column elementor-element elementor-element-7c340fd\" data-id=\"7c340fd\" data-element_type=\"column\">\n\t\t\t<div class=\"elementor-column-wrap elementor-element-populated\">\n\t\t\t\t\t\t\t<div class=\"elementor-widget-wrap\">\n\t\t\t\t\t\t<div class=\"elementor-element elementor-element-d46db03 eael-team-align-eael-team-align-default elementor-widget elementor-widget-eael-team-member\" data-id=\"d46db03\" data-element_type=\"widget\" data-widget_type=\"eael-team-member.default\">\n\t\t\t\t<div class=\"elementor-widget-container\">\n\t\t\t\n\n\t<div id=\"eael-team-member-d46db03\" class=\"eael-team-item eael-team-members-simple team-avatar-rounded\">\n\t\t<div class=\"eael-team-item-inner\">\n\t\t\t<div class=\"eael-team-image\">\n\t\t\t\t<figure>\n\t\t\t\t\t<img src=\"https:\/\/portcultural.usv.ro\/wp-content\/uploads\/2019\/05\/Daniel-Stefan-e1558010484815-150x150.jpg\" alt=\"\">\n\t\t\t\t<\/figure>\n\t\t\t\t\t\t\t<\/div>\n\n\t\t\t<div class=\"eael-team-content\">\n\t\t\t\t<h3 class=\"eael-team-member-name\">DANIEL \u0218TEFAN <\/h3>\n\t\t\t\t<h4 class=\"eael-team-member-position\">Coordonator proiect \/ cercet\u0103tor<\/h4>\n\n\t\t\t\t\t\t\t\t\t\t\t\t\t\t<p class=\"eael-team-text\">Daniel Stefan a absolvit studiile de licen\u021b\u0103 \u00een domeniul Finante si Banci la Universitatea Babes-Bolyai, Cluj-Napoca, Romania, in 1999 \u0219i\u00a0 doctoratul \u00een Finante, Cluj-Napoca in 209.\r\n\t<a class=\"paoc-popup-click paoc-popup-cust-681 paoc-popup-simple_link paoc-popup-link\" href=\"javascript:void(0);\">[...]<\/a>\r\n\r\n<\/p>\n\t\t\t\t\t\t\t<\/div>\n\t\t<\/div>\n\t<\/div>\n\t\t\t<\/div>\n\t\t\t\t<\/div>\n\t\t\t\t\t\t<\/div>\n\t\t\t\t\t<\/div>\n\t\t<\/div>\n\t\t\t\t<div class=\"elementor-column elementor-col-25 elementor-top-column elementor-element elementor-element-88ae1ec\" data-id=\"88ae1ec\" data-element_type=\"column\">\n\t\t\t<div class=\"elementor-column-wrap elementor-element-populated\">\n\t\t\t\t\t\t\t<div class=\"elementor-widget-wrap\">\n\t\t\t\t\t\t<div class=\"elementor-element elementor-element-6972644 eael-team-align-eael-team-align-default elementor-widget elementor-widget-eael-team-member\" data-id=\"6972644\" data-element_type=\"widget\" data-widget_type=\"eael-team-member.default\">\n\t\t\t\t<div class=\"elementor-widget-container\">\n\t\t\t\n\n\t<div id=\"eael-team-member-6972644\" class=\"eael-team-item eael-team-members-simple team-avatar-rounded\">\n\t\t<div class=\"eael-team-item-inner\">\n\t\t\t<div class=\"eael-team-image\">\n\t\t\t\t<figure>\n\t\t\t\t\t<img src=\"https:\/\/portcultural.usv.ro\/wp-content\/uploads\/2019\/05\/Calin-AdrianComes-e1558011108197.jpg\" alt=\"\">\n\t\t\t\t<\/figure>\n\t\t\t\t\t\t\t<\/div>\n\n\t\t\t<div class=\"eael-team-content\">\n\t\t\t\t<h3 class=\"eael-team-member-name\">C\u0102LIN-ADRIAN COMES <\/h3>\n\t\t\t\t<h4 class=\"eael-team-member-position\">Cercet\u0103tor proiect<\/h4>\n\n\t\t\t\t\t\t\t\t\t\t\t\t\t\t<p class=\"eael-team-text\">C\u0103lin-Adrian Comes a absolvit studiile de licen\u021b\u0103 \u00een domeniul Cibernetic\u0103 \u0219i Statistic\u0103 la Universitatea Babes-Bolyai, Cluj-Napoca, Romania, in 2000 \u0219i \u00a0doctoratul \u00een Cibernetic\u0103 \u0219i Statistic\u0103 Economic\u0103 la Universitatea Babes-Bolyai, Cluj-Napoca in 2012.\r\n\t<a class=\"paoc-popup-click paoc-popup-cust-693 paoc-popup-simple_link paoc-popup-link\" href=\"javascript:void(0);\">[...]<\/a>\r\n\r\n<\/p>\n\t\t\t\t\t\t\t<\/div>\n\t\t<\/div>\n\t<\/div>\n\t\t\t<\/div>\n\t\t\t\t<\/div>\n\t\t\t\t\t\t<\/div>\n\t\t\t\t\t<\/div>\n\t\t<\/div>\n\t\t\t\t<div class=\"elementor-column elementor-col-25 elementor-top-column elementor-element elementor-element-851e4ee\" data-id=\"851e4ee\" data-element_type=\"column\">\n\t\t\t<div class=\"elementor-column-wrap elementor-element-populated\">\n\t\t\t\t\t\t\t<div class=\"elementor-widget-wrap\">\n\t\t\t\t\t\t<div class=\"elementor-element elementor-element-c5a9657 eael-team-align-eael-team-align-default elementor-widget elementor-widget-eael-team-member\" data-id=\"c5a9657\" data-element_type=\"widget\" data-widget_type=\"eael-team-member.default\">\n\t\t\t\t<div class=\"elementor-widget-container\">\n\t\t\t\n\n\t<div id=\"eael-team-member-c5a9657\" class=\"eael-team-item eael-team-members-simple team-avatar-rounded\">\n\t\t<div class=\"eael-team-item-inner\">\n\t\t\t<div class=\"eael-team-image\">\n\t\t\t\t<figure>\n\t\t\t\t\t<img src=\"https:\/\/portcultural.usv.ro\/wp-content\/uploads\/2019\/11\/Butoan3.png\" alt=\"\">\n\t\t\t\t<\/figure>\n\t\t\t\t\t\t\t<\/div>\n\n\t\t\t<div class=\"eael-team-content\">\n\t\t\t\t<h3 class=\"eael-team-member-name\">LIVIU CIUCAN-RUSU <\/h3>\n\t\t\t\t<h4 class=\"eael-team-member-position\">Cercet\u0103tor proiect<\/h4>\n\n\t\t\t\t\t\t\t\t\t\t\t\t\t\t<p class=\"eael-team-text\">Ciucan Rusu Liviu a absolvit studiile de licen\u021b\u0103 \u00een domeniul Management la Universitatea Petru Maior, Tirgu Mures, Romania, in 1998 \u0219i\u00a0 doctoratul \u00een Management, Cluj-Napoca in 2007.\r\n\t<a class=\"paoc-popup-click paoc-popup-cust-702 paoc-popup-simple_link paoc-popup-link\" href=\"javascript:void(0);\">[...]<\/a>\r\n\r\n<\/p>\n\t\t\t\t\t\t\t<\/div>\n\t\t<\/div>\n\t<\/div>\n\t\t\t<\/div>\n\t\t\t\t<\/div>\n\t\t\t\t\t\t<\/div>\n\t\t\t\t\t<\/div>\n\t\t<\/div>\n\t\t\t\t<div class=\"elementor-column elementor-col-25 elementor-top-column elementor-element elementor-element-fe4345e\" data-id=\"fe4345e\" data-element_type=\"column\">\n\t\t\t<div class=\"elementor-column-wrap elementor-element-populated\">\n\t\t\t\t\t\t\t<div class=\"elementor-widget-wrap\">\n\t\t\t\t\t\t<div class=\"elementor-element elementor-element-e7bf38f eael-team-align-eael-team-align-default elementor-widget elementor-widget-eael-team-member\" data-id=\"e7bf38f\" data-element_type=\"widget\" data-widget_type=\"eael-team-member.default\">\n\t\t\t\t<div class=\"elementor-widget-container\">\n\t\t\t\n\n\t<div id=\"eael-team-member-e7bf38f\" class=\"eael-team-item eael-team-members-simple team-avatar-rounded\">\n\t\t<div class=\"eael-team-item-inner\">\n\t\t\t<div class=\"eael-team-image\">\n\t\t\t\t<figure>\n\t\t\t\t\t<img src=\"https:\/\/portcultural.usv.ro\/wp-content\/uploads\/2019\/05\/Adrian-Boant\u0103-150x150.png\" alt=\"\">\n\t\t\t\t<\/figure>\n\t\t\t\t\t\t\t<\/div>\n\n\t\t\t<div class=\"eael-team-content\">\n\t\t\t\t<h3 class=\"eael-team-member-name\">ADRIAN BOANT\u0102 <\/h3>\n\t\t\t\t<h4 class=\"eael-team-member-position\">Cercet\u0103tor proiect<\/h4>\n\n\t\t\t\t\t\t\t\t\t\t\t\t\t\t<p class=\"eael-team-text\">Dl. Adrian Boant\u0103 este unul din fondatorii Cercului Ius Iuventutis din cadrul Universit\u0103\u0163ii, cerc cu preocup\u0103ri \u00een domeniul drepturilor omului \u015fi drept european.\r\n\t<a class=\"paoc-popup-click paoc-popup-cust-705 paoc-popup-simple_link paoc-popup-link\" href=\"javascript:void(0);\">[...]<\/a>\r\n\r\n<\/p>\n\t\t\t\t\t\t\t<\/div>\n\t\t<\/div>\n\t<\/div>\n\t\t\t<\/div>\n\t\t\t\t<\/div>\n\t\t\t\t\t\t<\/div>\n\t\t\t\t\t<\/div>\n\t\t<\/div>\n\t\t\t\t\t\t\t\t<\/div>\n\t\t\t\t\t<\/div>\n\t\t<\/section>\n\t\t\t\t<section class=\"elementor-section elementor-top-section elementor-element elementor-element-1566bed elementor-section-boxed elementor-section-height-default elementor-section-height-default\" data-id=\"1566bed\" data-element_type=\"section\">\n\t\t\t\t\t\t<div class=\"elementor-container elementor-column-gap-default\">\n\t\t\t\t\t\t\t<div class=\"elementor-row\">\n\t\t\t\t\t<div class=\"elementor-column elementor-col-25 elementor-top-column elementor-element elementor-element-9a0d40f\" data-id=\"9a0d40f\" data-element_type=\"column\">\n\t\t\t<div class=\"elementor-column-wrap elementor-element-populated\">\n\t\t\t\t\t\t\t<div class=\"elementor-widget-wrap\">\n\t\t\t\t\t\t<div class=\"elementor-element elementor-element-3b6632e eael-team-align-eael-team-align-default elementor-widget elementor-widget-eael-team-member\" data-id=\"3b6632e\" data-element_type=\"widget\" data-widget_type=\"eael-team-member.default\">\n\t\t\t\t<div class=\"elementor-widget-container\">\n\t\t\t\n\n\t<div id=\"eael-team-member-3b6632e\" class=\"eael-team-item eael-team-members-simple team-avatar-rounded\">\n\t\t<div class=\"eael-team-item-inner\">\n\t\t\t<div class=\"eael-team-image\">\n\t\t\t\t<figure>\n\t\t\t\t\t<img src=\"https:\/\/portcultural.usv.ro\/wp-content\/uploads\/2019\/05\/Elena-Bunduchi-e1558010636789-150x150.png\" alt=\"\">\n\t\t\t\t<\/figure>\n\t\t\t\t\t\t\t<\/div>\n\n\t\t\t<div class=\"eael-team-content\">\n\t\t\t\t<h3 class=\"eael-team-member-name\">ELENA BUNDUCHI <\/h3>\n\t\t\t\t<h4 class=\"eael-team-member-position\">Cercet\u0103tor proiect<\/h4>\n\n\t\t\t\t\t\t\t\t\t\t\t\t\t\t<p class=\"eael-team-text\">ELENA BUNDUCHI a absolvit \u00een anul 2014 studii de licen\u021b\u0103, specializarea Fina\u021be la Academia de Studii Economice din Chi\u0219in\u0103u, R.Moldova.\r\n\t<a class=\"paoc-popup-click paoc-popup-cust-707 paoc-popup-simple_link paoc-popup-link\" href=\"javascript:void(0);\">[...]<\/a>\r\n\r\n<\/p>\n\t\t\t\t\t\t\t<\/div>\n\t\t<\/div>\n\t<\/div>\n\t\t\t<\/div>\n\t\t\t\t<\/div>\n\t\t\t\t\t\t<\/div>\n\t\t\t\t\t<\/div>\n\t\t<\/div>\n\t\t\t\t<div class=\"elementor-column elementor-col-25 elementor-top-column elementor-element elementor-element-80b3ba1\" data-id=\"80b3ba1\" data-element_type=\"column\">\n\t\t\t<div class=\"elementor-column-wrap elementor-element-populated\">\n\t\t\t\t\t\t\t<div class=\"elementor-widget-wrap\">\n\t\t\t\t\t\t<div class=\"elementor-element elementor-element-a3cc988 eael-team-align-eael-team-align-default elementor-widget elementor-widget-eael-team-member\" data-id=\"a3cc988\" data-element_type=\"widget\" data-widget_type=\"eael-team-member.default\">\n\t\t\t\t<div class=\"elementor-widget-container\">\n\t\t\t\n\n\t<div id=\"eael-team-member-a3cc988\" class=\"eael-team-item eael-team-members-simple team-avatar-rounded\">\n\t\t<div class=\"eael-team-item-inner\">\n\t\t\t<div class=\"eael-team-image\">\n\t\t\t\t<figure>\n\t\t\t\t\t<img src=\"https:\/\/portcultural.usv.ro\/wp-content\/uploads\/2019\/05\/IMG_0400-e1557499160440.jpg\" alt=\"\">\n\t\t\t\t<\/figure>\n\t\t\t\t\t\t\t<\/div>\n\n\t\t\t<div class=\"eael-team-content\">\n\t\t\t\t<h3 class=\"eael-team-member-name\">ANCA OLTEAN<\/h3>\n\t\t\t\t<h4 class=\"eael-team-member-position\">Cercet\u0103tor proiect<\/h4>\n\n\t\t\t\t\t\t\t\t\t\t\t\t\t\t<p class=\"eael-team-text\">A ob\u021binut titlul de doctor \u00een Finan\u021be \u00een anul 2013, Academia de \u0218tiin\u021be Economice, Bucure\u0219ti.\r\n\t<a class=\"paoc-popup-click paoc-popup-cust-710 paoc-popup-simple_link paoc-popup-link\" href=\"javascript:void(0);\">[...]<\/a>\r\n\r\n<\/p>\n\t\t\t\t\t\t\t<\/div>\n\t\t<\/div>\n\t<\/div>\n\t\t\t<\/div>\n\t\t\t\t<\/div>\n\t\t\t\t\t\t<\/div>\n\t\t\t\t\t<\/div>\n\t\t<\/div>\n\t\t\t\t<div class=\"elementor-column elementor-col-25 elementor-top-column elementor-element elementor-element-ca48a5a\" data-id=\"ca48a5a\" data-element_type=\"column\">\n\t\t\t<div class=\"elementor-column-wrap elementor-element-populated\">\n\t\t\t\t\t\t\t<div class=\"elementor-widget-wrap\">\n\t\t\t\t\t\t<div class=\"elementor-element elementor-element-5f3ad1f eael-team-align-eael-team-align-default elementor-widget elementor-widget-eael-team-member\" data-id=\"5f3ad1f\" data-element_type=\"widget\" data-widget_type=\"eael-team-member.default\">\n\t\t\t\t<div class=\"elementor-widget-container\">\n\t\t\t\n\n\t<div id=\"eael-team-member-5f3ad1f\" class=\"eael-team-item eael-team-members-simple team-avatar-rounded\">\n\t\t<div class=\"eael-team-item-inner\">\n\t\t\t<div class=\"eael-team-image\">\n\t\t\t\t<figure>\n\t\t\t\t\t<img src=\"https:\/\/portcultural.usv.ro\/wp-content\/uploads\/2019\/05\/Laura-Brad-poza-1-e1558010695482.jpg\" alt=\"\">\n\t\t\t\t<\/figure>\n\t\t\t\t\t\t\t<\/div>\n\n\t\t\t<div class=\"eael-team-content\">\n\t\t\t\t<h3 class=\"eael-team-member-name\">LAURA BRAD<\/h3>\n\t\t\t\t<h4 class=\"eael-team-member-position\">Cercet\u0103tor proiect<\/h4>\n\n\t\t\t\t\t\t\t\t\t\t\t\t\t\t<p class=\"eael-team-text\">A absolvit facultatea de Finan\u021be, Asigur\u0103ri, B\u0103nci \u0219i Burse de Valori din cadrul Academiei de Studii Economice\u00a0 \u0219i a ob\u021binut titlul de doctor \u00een Finan\u021be \u00een anul 2015.\r\n\t<a class=\"paoc-popup-click paoc-popup-cust-712 paoc-popup-simple_link paoc-popup-link\" href=\"javascript:void(0);\">[...]<\/a>\r\n\r\n<\/p>\n\t\t\t\t\t\t\t<\/div>\n\t\t<\/div>\n\t<\/div>\n\t\t\t<\/div>\n\t\t\t\t<\/div>\n\t\t\t\t\t\t<\/div>\n\t\t\t\t\t<\/div>\n\t\t<\/div>\n\t\t\t\t<div class=\"elementor-column elementor-col-25 elementor-top-column elementor-element elementor-element-8ee0038\" data-id=\"8ee0038\" data-element_type=\"column\">\n\t\t\t<div class=\"elementor-column-wrap elementor-element-populated\">\n\t\t\t\t\t\t\t<div class=\"elementor-widget-wrap\">\n\t\t\t\t\t\t<div class=\"elementor-element elementor-element-1261a9d eael-team-align-eael-team-align-default elementor-widget elementor-widget-eael-team-member\" data-id=\"1261a9d\" data-element_type=\"widget\" data-widget_type=\"eael-team-member.default\">\n\t\t\t\t<div class=\"elementor-widget-container\">\n\t\t\t\n\n\t<div id=\"eael-team-member-1261a9d\" class=\"eael-team-item eael-team-members-simple team-avatar-rounded\">\n\t\t<div class=\"eael-team-item-inner\">\n\t\t\t<div class=\"eael-team-image\">\n\t\t\t\t<figure>\n\t\t\t\t\t<img src=\"https:\/\/portcultural.usv.ro\/wp-content\/uploads\/2019\/05\/PopaAlexandra-e1558010799259-150x150.jpg\" alt=\"\">\n\t\t\t\t<\/figure>\n\t\t\t\t\t\t\t<\/div>\n\n\t\t\t<div class=\"eael-team-content\">\n\t\t\t\t<h3 class=\"eael-team-member-name\">MARIA-ALEXANDRA POPA<\/h3>\n\t\t\t\t<h4 class=\"eael-team-member-position\">Cercet\u0103tor proiect<\/h4>\n\n\t\t\t\t\t\t\t\t\t\t\t\t\t\t<p class=\"eael-team-text\">Maria-Alexandra Popa a absolvit studiile de licen\u021b\u0103 din domeniul contabilit\u0103\u021bii \u00een cadrul Universit\u0103\u021bii \"Petru Maior\" din T\u00e2rgu-Mure\u0219 \u00een anul 2015.\r\n\t<a class=\"paoc-popup-click paoc-popup-cust-715 paoc-popup-simple_link paoc-popup-link\" href=\"javascript:void(0);\">[...]<\/a>\r\n\r\n<\/p>\n\t\t\t\t\t\t\t<\/div>\n\t\t<\/div>\n\t<\/div>\n\t\t\t<\/div>\n\t\t\t\t<\/div>\n\t\t\t\t\t\t<\/div>\n\t\t\t\t\t<\/div>\n\t\t<\/div>\n\t\t\t\t\t\t\t\t<\/div>\n\t\t\t\t\t<\/div>\n\t\t<\/section>\n\t\t\t\t<section class=\"elementor-section elementor-top-section elementor-element elementor-element-4cc6e62 elementor-section-boxed elementor-section-height-default elementor-section-height-default\" data-id=\"4cc6e62\" data-element_type=\"section\">\n\t\t\t\t\t\t<div class=\"elementor-container elementor-column-gap-default\">\n\t\t\t\t\t\t\t<div class=\"elementor-row\">\n\t\t\t\t\t<div class=\"elementor-column elementor-col-100 elementor-top-column elementor-element elementor-element-5016f72\" data-id=\"5016f72\" data-element_type=\"column\">\n\t\t\t<div class=\"elementor-column-wrap elementor-element-populated\">\n\t\t\t\t\t\t\t<div class=\"elementor-widget-wrap\">\n\t\t\t\t\t\t<div class=\"elementor-element elementor-element-1209561 elementor-position-top elementor-vertical-align-top elementor-widget elementor-widget-image-box\" data-id=\"1209561\" data-element_type=\"widget\" data-widget_type=\"image-box.default\">\n\t\t\t\t<div class=\"elementor-widget-container\">\n\t\t\t<div class=\"elementor-image-box-wrapper\"><figure class=\"elementor-image-box-img\"><img width=\"1257\" height=\"342\" src=\"https:\/\/portcultural.usv.ro\/wp-content\/uploads\/LogoUMFST.png\" class=\"attachment-full size-full\" alt=\"\" loading=\"lazy\" \/><\/figure><div class=\"elementor-image-box-content\"><h3 class=\"elementor-image-box-title\">Universitatea de Medicin\u0103, Farmacie, \u0218tiin\u021be \u0219i Tehnologie \"George Emil Palade\" din T\u00e2rgu Mure\u0219<\/h3><\/div><\/div>\t\t<\/div>\n\t\t\t\t<\/div>\n\t\t\t\t\t\t<\/div>\n\t\t\t\t\t<\/div>\n\t\t<\/div>\n\t\t\t\t\t\t\t\t<\/div>\n\t\t\t\t\t<\/div>\n\t\t<\/section>\n\t\t\t\t\t\t<\/div>\n\t\t\t\t\t\t<\/div>\n\t\t\t\t\t<\/div>","protected":false},"excerpt":{"rendered":"<p>PATRITRANS Patrimoniul construit \u0219i peisajul cultural (inclusiv particularit\u0103\u021bi date de diversitatea etnic\u0103) \u00een zona Transilvania de Sud Descriere Statul rom\u00e2n \u0219i-a luat angajamentul prin Legea nr. 451\/2002 pentru ratificarea Conven\u021biei europene a peisajului (adoptat\u0103 la Floren\u021ba la 20 octombrie 2000) de a asigura realizarea obiectivelor \u00eenscrise \u00een aceast\u0103 Conven\u021bie. Peisajul este \u00een\u021beles ca un &#8220;patrimoniu &hellip;<\/p>\n<p class=\"read-more\"> <a class=\"\" href=\"https:\/\/portcultural.usv.ro\/en\/pc3\/\"> <span class=\"screen-reader-text\">PC3<\/span> Read More &raquo;<\/a><\/p>","protected":false},"author":1,"featured_media":0,"parent":0,"menu_order":0,"comment_status":"closed","ping_status":"closed","template":"","meta":[],"_links":{"self":[{"href":"https:\/\/portcultural.usv.ro\/en\/wp-json\/wp\/v2\/pages\/484"}],"collection":[{"href":"https:\/\/portcultural.usv.ro\/en\/wp-json\/wp\/v2\/pages"}],"about":[{"href":"https:\/\/portcultural.usv.ro\/en\/wp-json\/wp\/v2\/types\/page"}],"author":[{"embeddable":true,"href":"https:\/\/portcultural.usv.ro\/en\/wp-json\/wp\/v2\/users\/1"}],"replies":[{"embeddable":true,"href":"https:\/\/portcultural.usv.ro\/en\/wp-json\/wp\/v2\/comments?post=484"}],"version-history":[{"count":36,"href":"https:\/\/portcultural.usv.ro\/en\/wp-json\/wp\/v2\/pages\/484\/revisions"}],"predecessor-version":[{"id":5908,"href":"https:\/\/portcultural.usv.ro\/en\/wp-json\/wp\/v2\/pages\/484\/revisions\/5908"}],"wp:attachment":[{"href":"https:\/\/portcultural.usv.ro\/en\/wp-json\/wp\/v2\/media?parent=484"}],"curies":[{"name":"wp","href":"https:\/\/api.w.org\/{rel}","templated":true}]}}