{"id":489,"date":"2019-04-16T07:04:59","date_gmt":"2019-04-16T07:04:59","guid":{"rendered":"https:\/\/portcultural.usv.ro\/?page_id=489"},"modified":"2021-11-09T15:38:03","modified_gmt":"2021-11-09T13:38:03","slug":"pc5","status":"publish","type":"page","link":"https:\/\/portcultural.usv.ro\/en\/pc5\/","title":{"rendered":"PC5"},"content":{"rendered":"<div data-elementor-type=\"wp-post\" data-elementor-id=\"489\" class=\"elementor elementor-489\" data-elementor-settings=\"[]\">\n\t\t\t\t\t\t<div class=\"elementor-inner\">\n\t\t\t\t\t\t\t<div class=\"elementor-section-wrap\">\n\t\t\t\t\t\t\t<section class=\"elementor-section elementor-top-section elementor-element elementor-element-7ff0285c elementor-section-height-min-height elementor-section-content-top elementor-section-full_width elementor-section-height-default elementor-section-items-middle\" data-id=\"7ff0285c\" data-element_type=\"section\">\n\t\t\t\t\t\t<div class=\"elementor-container elementor-column-gap-default\">\n\t\t\t\t\t\t\t<div class=\"elementor-row\">\n\t\t\t\t\t<div class=\"elementor-column elementor-col-100 elementor-top-column elementor-element elementor-element-22ad1e03\" data-id=\"22ad1e03\" data-element_type=\"column\">\n\t\t\t<div class=\"elementor-column-wrap elementor-element-populated\">\n\t\t\t\t\t\t\t<div class=\"elementor-widget-wrap\">\n\t\t\t\t\t\t<div class=\"elementor-element elementor-element-186227c elementor-widget elementor-widget-image\" data-id=\"186227c\" data-element_type=\"widget\" data-widget_type=\"image.default\">\n\t\t\t\t<div class=\"elementor-widget-container\">\n\t\t\t\t\t\t\t\t<div class=\"elementor-image\">\n\t\t\t\t\t\t\t\t\t\t\t\t<img width=\"488\" height=\"325\" src=\"https:\/\/portcultural.usv.ro\/wp-content\/uploads\/FotoPovesti4.jpg\" class=\"attachment-large size-large\" alt=\"\" loading=\"lazy\" srcset=\"https:\/\/portcultural.usv.ro\/wp-content\/uploads\/FotoPovesti4.jpg 488w, https:\/\/portcultural.usv.ro\/wp-content\/uploads\/FotoPovesti4-300x200.jpg 300w, https:\/\/portcultural.usv.ro\/wp-content\/uploads\/FotoPovesti4-150x100.jpg 150w, https:\/\/portcultural.usv.ro\/wp-content\/uploads\/FotoPovesti4-16x12.jpg 16w, https:\/\/portcultural.usv.ro\/wp-content\/uploads\/FotoPovesti4-24x16.jpg 24w, https:\/\/portcultural.usv.ro\/wp-content\/uploads\/FotoPovesti4-36x24.jpg 36w, https:\/\/portcultural.usv.ro\/wp-content\/uploads\/FotoPovesti4-48x32.jpg 48w, https:\/\/portcultural.usv.ro\/wp-content\/uploads\/FotoPovesti4-272x182.jpg 272w\" sizes=\"(max-width: 488px) 100vw, 488px\" \/>\t\t\t\t\t\t\t\t\t\t\t\t\t\t<\/div>\n\t\t\t\t\t\t<\/div>\n\t\t\t\t<\/div>\n\t\t\t\t<div class=\"elementor-element elementor-element-942f8d4 elementor-widget__width-inherit elementor-invisible elementor-widget elementor-widget-lae-heading\" data-id=\"942f8d4\" data-element_type=\"widget\" data-settings=\"{&quot;_animation&quot;:&quot;fadeIn&quot;}\" data-widget_type=\"lae-heading.default\">\n\t\t\t\t<div class=\"elementor-widget-container\">\n\t\t\t\n<div class=\"lae-heading lae-style1 lae-aligncenter\" >\n\n    <h3 class=\"lae-title\">PACULT<\/h3>\n\n    \n        <p class=\"lae-text\">(Re)valorizarea patrimoniului cultural \u0219i dezvoltarea local\u0103 integrat\u0103 \u00een mediul rural. Model de analiza complex\u0103 a impactului dezvoltarii\/moderniz\u0103rii poten\u021bialului cultural identitar \u0219i al integr\u0103rii patrimoniului construit \u00een circuitul de consum (inter)na\u021bional.<\/p>\n\n    \n<\/div><!-- .lae-heading -->\t\t<\/div>\n\t\t\t\t<\/div>\n\t\t\t\t\t\t<\/div>\n\t\t\t\t\t<\/div>\n\t\t<\/div>\n\t\t\t\t\t\t\t\t<\/div>\n\t\t\t\t\t<\/div>\n\t\t<\/section>\n\t\t\t\t<section class=\"elementor-section elementor-top-section elementor-element elementor-element-7034f6e0 elementor-section-boxed elementor-section-height-default elementor-section-height-default\" data-id=\"7034f6e0\" data-element_type=\"section\">\n\t\t\t\t\t\t<div class=\"elementor-container elementor-column-gap-default\">\n\t\t\t\t\t\t\t<div class=\"elementor-row\">\n\t\t\t\t\t<div class=\"elementor-column elementor-col-100 elementor-top-column elementor-element elementor-element-55a86bc8\" data-id=\"55a86bc8\" data-element_type=\"column\">\n\t\t\t<div class=\"elementor-column-wrap elementor-element-populated\">\n\t\t\t\t\t\t\t<div class=\"elementor-widget-wrap\">\n\t\t\t\t\t\t<div class=\"elementor-element elementor-element-1593e1f6 elementor-widget elementor-widget-lae-heading\" data-id=\"1593e1f6\" data-element_type=\"widget\" data-widget_type=\"lae-heading.default\">\n\t\t\t\t<div class=\"elementor-widget-container\">\n\t\t\t\n<div class=\"lae-heading lae-style3 lae-aligncenter\" >\n\n    <h3 class=\"lae-title\">Descriere<\/h3>\n\n<\/div><!-- .lae-heading -->\t\t<\/div>\n\t\t\t\t<\/div>\n\t\t\t\t\t\t<\/div>\n\t\t\t\t\t<\/div>\n\t\t<\/div>\n\t\t\t\t\t\t\t\t<\/div>\n\t\t\t\t\t<\/div>\n\t\t<\/section>\n\t\t\t\t<section class=\"elementor-section elementor-top-section elementor-element elementor-element-490ae936 elementor-section-boxed elementor-section-height-default elementor-section-height-default\" data-id=\"490ae936\" data-element_type=\"section\">\n\t\t\t\t\t\t<div class=\"elementor-container elementor-column-gap-default\">\n\t\t\t\t\t\t\t<div class=\"elementor-row\">\n\t\t\t\t\t<div class=\"elementor-column elementor-col-50 elementor-top-column elementor-element elementor-element-51c12201\" data-id=\"51c12201\" data-element_type=\"column\">\n\t\t\t<div class=\"elementor-column-wrap elementor-element-populated\">\n\t\t\t\t\t\t\t<div class=\"elementor-widget-wrap\">\n\t\t\t\t\t\t<div class=\"elementor-element elementor-element-2a4a7442 elementor-widget elementor-widget-text-editor\" data-id=\"2a4a7442\" data-element_type=\"widget\" data-widget_type=\"text-editor.default\">\n\t\t\t\t<div class=\"elementor-widget-container\">\n\t\t\t\t\t\t\t\t<div class=\"elementor-text-editor elementor-clearfix\">\n\t\t\t\t<p><strong>Obiectivul principal<\/strong> al proiectului const\u0103 \u00een identificarea unor metode privind (re)valorizarea patrimoniului cultural pentru dezvoltarea local\u0103 integrat\u0103 \u00een mediul rural, precum \u0219i crearea unui model de analiz\u0103 complex\u0103 a impactului dezvolt\u0103rii\/moderniz\u0103rii poten\u021bialului cultural identitar \u0219i al integr\u0103rii patrimoniului construit \u00een circuitul de consum (inter)na\u021bional.<\/p><p><strong>Caracterul\u00a0 inovativ<\/strong> al acestui proiect se refer\u0103 la identificarea, valorizarea \u015fi activarea patrimoniului construit cu poten\u0163ial de modernizare \u015fi adecvare la cerin\u0163ele mediului de consum modern, cu prezervarea profilului \u015fi particularit\u0103\u0163ilor istorice \u015fi arhitecturale, etc. Pentru zonele selectate se vor dezvolta h\u0103r\u0163i ale elementelor de patrimoniu predominante, nevalorificate, valorificate par\u0163ial sau \u00een stare neutilizabil\u0103. Acestea vor reprezenta foaia de parcurs pentru partenerul 1, care va asigura, prin solu\u0163ii arhitecturale adecvate, valoarea ad\u0103ugat\u0103 necesar\u0103 pentru reintegrarea \u00een circuitul turistic local, regional \u015fi na\u0163ional. <\/p>\t\t\t\t\t<\/div>\n\t\t\t\t\t\t<\/div>\n\t\t\t\t<\/div>\n\t\t\t\t\t\t<\/div>\n\t\t\t\t\t<\/div>\n\t\t<\/div>\n\t\t\t\t<div class=\"elementor-column elementor-col-50 elementor-top-column elementor-element elementor-element-52d99394\" data-id=\"52d99394\" data-element_type=\"column\">\n\t\t\t<div class=\"elementor-column-wrap elementor-element-populated\">\n\t\t\t\t\t\t\t<div class=\"elementor-widget-wrap\">\n\t\t\t\t\t\t<div class=\"elementor-element elementor-element-453b9b7e elementor-widget elementor-widget-text-editor\" data-id=\"453b9b7e\" data-element_type=\"widget\" data-widget_type=\"text-editor.default\">\n\t\t\t\t<div class=\"elementor-widget-container\">\n\t\t\t\t\t\t\t\t<div class=\"elementor-text-editor elementor-clearfix\">\n\t\t\t\t<p>Instrumentele de cercetare dezvoltate \u00een proiect au ca scop sprijinirea noilor antreprenori, \u00een special a celor care doresc s\u0103 promoveze un nou model de turism cultural, ce asigur\u0103 protec\u0163ia mediului natural, contribuie la sus\u0163inerea refacerii patrimoniul construit sau adapt\u0103rii acestuia \u015fi, ulterior, integreaz\u0103 aceste tipuri de obiective patrimoniale cu produse inovative de turism, asigur\u00e2nd poten\u0163ialul de dezvoltare a cererii de pia\u0163\u0103 pentru consum integrat, modern, participativ. Se vor analiza situa\u0163iile de asociere a diverselor elemente de patrimoniu asociate cu servicii inovative de consum cultural, cre\u00e2ndu-se h\u0103r\u0163i ce eviden\u0163iaz\u0103 elementele identitare predominante, care, printr-un management adecvat, pot contribui la dezvoltarea economic\u0103 \u015fi social\u0103 local\u0103. Deoarece ne adresam cu predilec\u0163ie mediului rural si patrimoniului construit de la sate, tradi\u0163ional, \u00een dezvoltarea politicilor de suport am integrat componen\u0163a parteneriatului public-privat \u015fi dezvoltarea \u00eentreprinderilor de economie social\u0103, ca modele posibil de urmat pentru revigorarea activit\u0103\u0163ii antreprenoriale pe termen scurt \u015fi mediu. Pentru abordarea pe termen lung am urm\u0103rit identificarea stakeholderilor prezen\u0163i \u015fi poten\u0163iali \u015fi dezvoltarea unei re\u0163ele de monitorizare, stimulare \u015fi promovare a oportunit\u0103\u0163ilor de afaceri la nivel zonal, precum \u015fi atragerea unor actori de pia\u0163\u0103 reprezentativi, capabili s\u0103 sus\u0163in\u0103 extinderea re\u0163elelor colaborative la nivel interna\u0163ional \u015fi consolidarea acestora. \u00cen acest fel, practic, se sus\u0163ine dezvoltarea unui sector de ni\u015f\u0103, at\u00e2t \u00een cercetarea inter, trans, multidisciplinar\u0103, c\u00e2t \u015fi \u00een domeniul antreprenoriatului, respectiv sectorul activ\u0103rii mo\u015ftenirii culturale \u015fi transform\u0103rii \u00een factor de dezvoltare durabil\u0103.<\/p>\t\t\t\t\t<\/div>\n\t\t\t\t\t\t<\/div>\n\t\t\t\t<\/div>\n\t\t\t\t\t\t<\/div>\n\t\t\t\t\t<\/div>\n\t\t<\/div>\n\t\t\t\t\t\t\t\t<\/div>\n\t\t\t\t\t<\/div>\n\t\t<\/section>\n\t\t\t\t<section class=\"elementor-section elementor-top-section elementor-element elementor-element-45ead08b elementor-section-boxed elementor-section-height-default elementor-section-height-default\" data-id=\"45ead08b\" data-element_type=\"section\">\n\t\t\t\t\t\t<div class=\"elementor-container elementor-column-gap-default\">\n\t\t\t\t\t\t\t<div class=\"elementor-row\">\n\t\t\t\t\t<div class=\"elementor-column elementor-col-100 elementor-top-column elementor-element elementor-element-15fb282e\" data-id=\"15fb282e\" data-element_type=\"column\">\n\t\t\t<div class=\"elementor-column-wrap elementor-element-populated\">\n\t\t\t\t\t\t\t<div class=\"elementor-widget-wrap\">\n\t\t\t\t\t\t<div class=\"elementor-element elementor-element-3cd8a4f9 elementor-widget elementor-widget-lae-heading\" data-id=\"3cd8a4f9\" data-element_type=\"widget\" data-widget_type=\"lae-heading.default\">\n\t\t\t\t<div class=\"elementor-widget-container\">\n\t\t\t\n<div class=\"lae-heading lae-style3 lae-aligncenter\" >\n\n    <h3 class=\"lae-title\">Activit\u0103\u021bi<\/h3>\n\n<\/div><!-- .lae-heading -->\t\t<\/div>\n\t\t\t\t<\/div>\n\t\t\t\t\t\t<\/div>\n\t\t\t\t\t<\/div>\n\t\t<\/div>\n\t\t\t\t\t\t\t\t<\/div>\n\t\t\t\t\t<\/div>\n\t\t<\/section>\n\t\t\t\t<section class=\"elementor-section elementor-top-section elementor-element elementor-element-1714fb36 elementor-section-boxed elementor-section-height-default elementor-section-height-default\" data-id=\"1714fb36\" data-element_type=\"section\">\n\t\t\t\t\t\t<div class=\"elementor-container elementor-column-gap-default\">\n\t\t\t\t\t\t\t<div class=\"elementor-row\">\n\t\t\t\t\t<div class=\"elementor-column elementor-col-100 elementor-top-column elementor-element elementor-element-364110d5\" data-id=\"364110d5\" data-element_type=\"column\">\n\t\t\t<div class=\"elementor-column-wrap elementor-element-populated\">\n\t\t\t\t\t\t\t<div class=\"elementor-widget-wrap\">\n\t\t\t\t\t\t<div class=\"elementor-element elementor-element-49915b87 elementor-widget elementor-widget-eael-adv-accordion\" data-id=\"49915b87\" data-element_type=\"widget\" data-widget_type=\"eael-adv-accordion.default\">\n\t\t\t\t<div class=\"elementor-widget-container\">\n\t\t\t        <div class=\"eael-adv-accordion\" id=\"eael-adv-accordion-49915b87\" data-accordion-id=\"49915b87\" data-accordion-type=\"accordion\" data-toogle-speed=\"300\">\n    <div class=\"eael-accordion-list\">\n                <div id=\"5-1-identificare-modele-de-consum-turistic-in-zonele-rurale-cu-patrimoniu-cultural-diferentiat-pe-niveluri-de-valorificare-operational-dezvoltat-valorificat-partial-potential-nevalorizat\" class=\"elementor-tab-title eael-accordion-header\" tabindex=\"1231\" data-tab=\"1\" role=\"tab\" aria-controls=\"elementor-tab-content-1231\"><i class=\"fa fa-plus fa-accordion-icon\"><\/i><span class=\"eael-accordion-tab-title\">5-1 Identificare modele de consum turistic in zonele rurale cu patrimoniu cultural (diferentiat pe niveluri de valorificare: operational-dezvoltat, valorificat partial, potential nevalorizat)<\/span><i aria-hidden=\"true\" class=\"fa-toggle fas fa-angle-right\"><\/i><\/div><div id=\"elementor-tab-content-1231\" class=\"eael-accordion-content clearfix\" data-tab=\"1\" role=\"tabpanel\" aria-labelledby=\"5-1-identificare-modele-de-consum-turistic-in-zonele-rurale-cu-patrimoniu-cultural-diferentiat-pe-niveluri-de-valorificare-operational-dezvoltat-valorificat-partial-potential-nevalorizat\"><p><p>Activitatea 5.1.1 Identificarea modelor de consum specifice mediului rural (national vs international). Analiza limitelor de standardizare<br \/>Activitatea 5.1.2 Cercetare documentara \u00een localitatile selectate din cele 2 zone<br \/>Activitatea 5.1.3 Ancheta calitativa in zonele cu patrimoniu exploatat<\/p><\/p><\/div>\n                <\/div><div class=\"eael-accordion-list\">\n                <div id=\"5-2-studii-privind-dezvoltarea-antreprenoriatului-pentru-revalorizarea-elementelor-de-patrimoniu-n-mediul-rural-percepia-stakeholderilor-privind-oportunitile-de-dezvoltare-antreprenorial-n-mediul-rural-diferentieri-zonale-pe-criterii-selectate\" class=\"elementor-tab-title eael-accordion-header\" tabindex=\"1232\" data-tab=\"2\" role=\"tab\" aria-controls=\"elementor-tab-content-1232\"><i class=\"fa fa-plus fa-accordion-icon\"><\/i><span class=\"eael-accordion-tab-title\">5-2 Studii privind dezvoltarea antreprenoriatului pentru (re)valorizarea elementelor de patrimoniu \u00een mediul rural. Percep\u021bia stakeholderilor privind oportunit\u0103\u021bile de dezvoltare antreprenorial\u0103 \u00een mediul rural (diferentieri zonale pe criterii selectate)<\/span><i aria-hidden=\"true\" class=\"fa-toggle fas fa-angle-right\"><\/i><\/div><div id=\"elementor-tab-content-1232\" class=\"eael-accordion-content clearfix\" data-tab=\"2\" role=\"tabpanel\" aria-labelledby=\"5-2-studii-privind-dezvoltarea-antreprenoriatului-pentru-revalorizarea-elementelor-de-patrimoniu-n-mediul-rural-percepia-stakeholderilor-privind-oportunitile-de-dezvoltare-antreprenorial-n-mediul-rural-diferentieri-zonale-pe-criterii-selectate\"><p><p>Activitatea 5.2.1 Analiza si selectia bunelor practici - nationale vs europene<br \/>Activitatea 5.2.2 Elaborarea metodogiei de cercetare<br \/>Activitatea 5.2.3 Cercetare \u00een teren -ancheta si focus grup<br \/>Activitatea 5.2.4 Prelucrarea informa\u021biilor \u0219i prezentarea acestora sub forma unui studiu<\/p><\/p><\/div>\n                <\/div><div class=\"eael-accordion-list\">\n                <div id=\"5-3-politici-i-instrumente-de-protejare-a-patrimoniului-i-de-dezvoltare-a-antreprenoriatului-prin-valorificarea-patrimoniului-construit\" class=\"elementor-tab-title eael-accordion-header\" tabindex=\"1233\" data-tab=\"3\" role=\"tab\" aria-controls=\"elementor-tab-content-1233\"><i class=\"fa fa-plus fa-accordion-icon\"><\/i><span class=\"eael-accordion-tab-title\">5-3 Politici \u0219i instrumente de protejare a patrimoniului \u0219i de dezvoltare a antreprenoriatului prin valorificarea patrimoniului construit<\/span><i aria-hidden=\"true\" class=\"fa-toggle fas fa-angle-right\"><\/i><\/div><div id=\"elementor-tab-content-1233\" class=\"eael-accordion-content clearfix\" data-tab=\"3\" role=\"tabpanel\" aria-labelledby=\"5-3-politici-i-instrumente-de-protejare-a-patrimoniului-i-de-dezvoltare-a-antreprenoriatului-prin-valorificarea-patrimoniului-construit\"><p><p>Activitatea 5.3.1 Studii privind bune practici interna\u021bionale<br \/>Activitatea 5.3.2 Elaborare proiect de politici publice pentru protejarea peisajului cultural \u0219i patrimoniului construit - Agenda locala si Plan de actiune<br \/>Activitatea 5.3.3 Dezvoltarea unei colec\u021bii de instrumente ready-to-use, \u00een sprijinul stakeholderilor implica\u021bi \u00een dezvoltarea comunit\u0103\u021bilor, \u00een vederea valorific\u0103rii patrimoniului cultural<\/p><\/p><\/div>\n                <\/div><div class=\"eael-accordion-list\">\n                <div id=\"5-4-model-de-analiza-integrata-a-localitatilor-din-mediul-rural-cu-potential-cultural-identitar-pentru-dezvoltare-local-sustenabil\" class=\"elementor-tab-title eael-accordion-header\" tabindex=\"1234\" data-tab=\"4\" role=\"tab\" aria-controls=\"elementor-tab-content-1234\"><i class=\"fa fa-plus fa-accordion-icon\"><\/i><span class=\"eael-accordion-tab-title\">5-4 Model de analiza integrata a localitatilor din mediul rural cu potential cultural identitar, pentru dezvoltare local\u0103 sustenabil\u0103<\/span><i aria-hidden=\"true\" class=\"fa-toggle fas fa-angle-right\"><\/i><\/div><div id=\"elementor-tab-content-1234\" class=\"eael-accordion-content clearfix\" data-tab=\"4\" role=\"tabpanel\" aria-labelledby=\"5-4-model-de-analiza-integrata-a-localitatilor-din-mediul-rural-cu-potential-cultural-identitar-pentru-dezvoltare-local-sustenabil\"><p><p>Activitatea 5.4.1 Analiza cost-beneficiu la nivelul locatiilor si proiectelor selectate (cel putin 5 tipuri pe zona selectata - Bucovina; Transilvania de Sud)<br \/>Activitatea 5.4.2 Dezvoltarea unui sistem de indicatori de monitorizare a gradului de valorificare eficienta a patrimoniului cultural identitar<br \/>Activitatea 5.4.3 Proiect pilot- testare sistem de indicatori pe localitati selectate <br \/>Activitatea 5.4.5 Transferul c\u0103tre mediul economic al activit\u0103\u021bilor \u0219i diseminarea activit\u0103\u021bilor Proiectului 5<\/p><\/p><\/div>\n                <\/div><\/div>\t\t<\/div>\n\t\t\t\t<\/div>\n\t\t\t\t\t\t<\/div>\n\t\t\t\t\t<\/div>\n\t\t<\/div>\n\t\t\t\t\t\t\t\t<\/div>\n\t\t\t\t\t<\/div>\n\t\t<\/section>\n\t\t\t\t<section class=\"elementor-section elementor-top-section elementor-element elementor-element-4d58e61d elementor-section-boxed elementor-section-height-default elementor-section-height-default\" data-id=\"4d58e61d\" data-element_type=\"section\">\n\t\t\t\t\t\t<div class=\"elementor-container elementor-column-gap-default\">\n\t\t\t\t\t\t\t<div class=\"elementor-row\">\n\t\t\t\t\t<div class=\"elementor-column elementor-col-100 elementor-top-column elementor-element elementor-element-572aff71\" data-id=\"572aff71\" data-element_type=\"column\">\n\t\t\t<div class=\"elementor-column-wrap elementor-element-populated\">\n\t\t\t\t\t\t\t<div class=\"elementor-widget-wrap\">\n\t\t\t\t\t\t<div class=\"elementor-element elementor-element-2763afc8 elementor-widget elementor-widget-lae-heading\" data-id=\"2763afc8\" data-element_type=\"widget\" data-widget_type=\"lae-heading.default\">\n\t\t\t\t<div class=\"elementor-widget-container\">\n\t\t\t\n<div class=\"lae-heading lae-style3 lae-aligncenter\" >\n\n    <h3 class=\"lae-title\">Rezultate preconizate<\/h3>\n\n<\/div><!-- .lae-heading -->\t\t<\/div>\n\t\t\t\t<\/div>\n\t\t\t\t\t\t<\/div>\n\t\t\t\t\t<\/div>\n\t\t<\/div>\n\t\t\t\t\t\t\t\t<\/div>\n\t\t\t\t\t<\/div>\n\t\t<\/section>\n\t\t\t\t<section class=\"elementor-section elementor-top-section elementor-element elementor-element-114734f elementor-section-boxed elementor-section-height-default elementor-section-height-default\" data-id=\"114734f\" data-element_type=\"section\">\n\t\t\t\t\t\t<div class=\"elementor-container elementor-column-gap-default\">\n\t\t\t\t\t\t\t<div class=\"elementor-row\">\n\t\t\t\t\t<div class=\"elementor-column elementor-col-100 elementor-top-column elementor-element elementor-element-4411699f\" data-id=\"4411699f\" data-element_type=\"column\">\n\t\t\t<div class=\"elementor-column-wrap elementor-element-populated\">\n\t\t\t\t\t\t\t<div class=\"elementor-widget-wrap\">\n\t\t\t\t\t\t<div class=\"elementor-element elementor-element-5da1b5cd elementor-widget elementor-widget-lae-odometers\" data-id=\"5da1b5cd\" data-element_type=\"widget\" data-widget_type=\"lae-odometers.default\">\n\t\t\t\t<div class=\"elementor-widget-container\">\n\t\t\t\n<div class=\"lae-odometers lae-uber-grid-container  lae-grid-auto-column-layout\">\n\n    \n        \n        \n<div class=\"lae-grid-item lae-odometer\">\n\n    \n    <div class=\"lae-number odometer\" data-stop=\"1\">\n\n        0\n    <\/div>\n\n    \n    \n    \n    \n    <div class=\"lae-stats-title-wrap\">\n\n        <div class=\"lae-stats-title\">Studiu cu privre la modele de consum \u00een turismul cultural \u2013 tipologie specific\u0103 mediului rural<\/div>\n\n    <\/div>\n\n<\/div><!-- .lae-odometer -->\n    \n        \n        \n<div class=\"lae-grid-item lae-odometer\">\n\n    \n    <div class=\"lae-number odometer\" data-stop=\"1\">\n\n        0\n    <\/div>\n\n    \n    \n    \n    \n    <div class=\"lae-stats-title-wrap\">\n\n        <div class=\"lae-stats-title\">Documenta\u021bie: Registru opera\u021bional de produse\/servicii din zonele selectate<\/div>\n\n    <\/div>\n\n<\/div><!-- .lae-odometer -->\n    \n        \n        \n<div class=\"lae-grid-item lae-odometer\">\n\n    \n    <div class=\"lae-number odometer\" data-stop=\"1\">\n\n        0\n    <\/div>\n\n    \n    \n    \n    \n    <div class=\"lae-stats-title-wrap\">\n\n        <div class=\"lae-stats-title\">Documenta\u021bie: Ghid de bune practici privin politici \u0219i instrumente de protejarea patrimoniului \u0219i dezvoltarea antreprenoriatului prin valorificarea patrimoniului contruit<\/div>\n\n    <\/div>\n\n<\/div><!-- .lae-odometer -->\n    \n        \n        \n<div class=\"lae-grid-item lae-odometer\">\n\n    \n    <div class=\"lae-number odometer\" data-stop=\"1\">\n\n        0\n    <\/div>\n\n    \n    \n    \n    \n    <div class=\"lae-stats-title-wrap\">\n\n        <div class=\"lae-stats-title\">Documenta\u021bie: Ghid de bune practici antreprenoriatle pe atribute calitative de diversitate multicultural\u0103\/multi-etnic\u0103<\/div>\n\n    <\/div>\n\n<\/div><!-- .lae-odometer -->\n    \n        \n        \n<div class=\"lae-grid-item lae-odometer\">\n\n    \n    <div class=\"lae-number odometer\" data-stop=\"1\">\n\n        0\n    <\/div>\n\n    \n    \n    \n    \n    <div class=\"lae-stats-title-wrap\">\n\n        <div class=\"lae-stats-title\">Documenta\u021bie: Hart\u0103 a poten\u021bialului antreprenorial <\/div>\n\n    <\/div>\n\n<\/div><!-- .lae-odometer -->\n    \n        \n        \n<div class=\"lae-grid-item lae-odometer\">\n\n    \n    <div class=\"lae-number odometer\" data-stop=\"1\">\n\n        0\n    <\/div>\n\n    \n    \n    \n    \n    <div class=\"lae-stats-title-wrap\">\n\n        <div class=\"lae-stats-title\">Studiu: Monografie a tipurilor de dezvoltare antreprenorial\u0103<\/div>\n\n    <\/div>\n\n<\/div><!-- .lae-odometer -->\n    \n        \n        \n<div class=\"lae-grid-item lae-odometer\">\n\n    \n    <div class=\"lae-number odometer\" data-stop=\"2\">\n\n        0\n    <\/div>\n\n    \n    \n    \n    \n    <div class=\"lae-stats-title-wrap\">\n\n        <div class=\"lae-stats-title\">Lucr\u0103ri \u0219tiin\u021bifice\/ publica\u021bii<\/div>\n\n    <\/div>\n\n<\/div><!-- .lae-odometer -->\n    \n        \n        \n<div class=\"lae-grid-item lae-odometer\">\n\n    \n    <div class=\"lae-number odometer\" data-stop=\"1\">\n\n        0\n    <\/div>\n\n    \n    \n    \n    \n    <div class=\"lae-stats-title-wrap\">\n\n        <div class=\"lae-stats-title\">Model de investigare a percep\u021biei consumatorilor (chestionar)<\/div>\n\n    <\/div>\n\n<\/div><!-- .lae-odometer -->\n    \n        \n        \n<div class=\"lae-grid-item lae-odometer\">\n\n    \n    <div class=\"lae-number odometer\" data-stop=\"1\">\n\n        0\n    <\/div>\n\n    \n    \n    \n    \n    <div class=\"lae-stats-title-wrap\">\n\n        <div class=\"lae-stats-title\">Model integrat de politici publice<\/div>\n\n    <\/div>\n\n<\/div><!-- .lae-odometer -->\n    \n        \n        \n<div class=\"lae-grid-item lae-odometer\">\n\n    \n    <div class=\"lae-number odometer\" data-stop=\"1\">\n\n        0\n    <\/div>\n\n    \n    \n    \n    \n    <div class=\"lae-stats-title-wrap\">\n\n        <div class=\"lae-stats-title\">Model de analiz\u0103 integrat\u0103 cost-beneficiu pe zonele selectate<\/div>\n\n    <\/div>\n\n<\/div><!-- .lae-odometer -->\n    \n        \n        \n<div class=\"lae-grid-item lae-odometer\">\n\n    \n    <div class=\"lae-number odometer\" data-stop=\"1\">\n\n        0\n    <\/div>\n\n    \n    \n    \n    \n    <div class=\"lae-stats-title-wrap\">\n\n        <div class=\"lae-stats-title\">Sistem de indicatori de monitorizare a gradului de valorificare eficient\u0103 a patrimoniului cultural identitar<\/div>\n\n    <\/div>\n\n<\/div><!-- .lae-odometer -->\n    \n        \n        \n<div class=\"lae-grid-item lae-odometer\">\n\n    \n    <div class=\"lae-number odometer\" data-stop=\"1\">\n\n        0\n    <\/div>\n\n    \n    \n    \n    \n    <div class=\"lae-stats-title-wrap\">\n\n        <div class=\"lae-stats-title\">Baz\u0103 de date <\/div>\n\n    <\/div>\n\n<\/div><!-- .lae-odometer -->\n    \n        \n        \n<div class=\"lae-grid-item lae-odometer\">\n\n    \n    <div class=\"lae-number odometer\" data-stop=\"1\">\n\n        0\n    <\/div>\n\n    \n    \n    \n    \n    <div class=\"lae-stats-title-wrap\">\n\n        <div class=\"lae-stats-title\">Hart\u0103 GIS integrat\u0103 pe platforma PORT Cultural cu prezentarea resurselor de patrimoniu identificate<\/div>\n\n    <\/div>\n\n<\/div><!-- .lae-odometer -->\n    \n<\/div><!-- .lae-odometers -->\n\n<div class=\"lae-clear\"><\/div>\t\t<\/div>\n\t\t\t\t<\/div>\n\t\t\t\t\t\t<\/div>\n\t\t\t\t\t<\/div>\n\t\t<\/div>\n\t\t\t\t\t\t\t\t<\/div>\n\t\t\t\t\t<\/div>\n\t\t<\/section>\n\t\t\t\t<section class=\"elementor-section elementor-top-section elementor-element elementor-element-1944e6fa elementor-section-boxed elementor-section-height-default elementor-section-height-default\" data-id=\"1944e6fa\" data-element_type=\"section\">\n\t\t\t\t\t\t<div class=\"elementor-container elementor-column-gap-default\">\n\t\t\t\t\t\t\t<div class=\"elementor-row\">\n\t\t\t\t\t<div class=\"elementor-column elementor-col-100 elementor-top-column elementor-element elementor-element-67d6685a\" data-id=\"67d6685a\" data-element_type=\"column\">\n\t\t\t<div class=\"elementor-column-wrap elementor-element-populated\">\n\t\t\t\t\t\t\t<div class=\"elementor-widget-wrap\">\n\t\t\t\t\t\t<div class=\"elementor-element elementor-element-18fad497 elementor-widget elementor-widget-lae-heading\" data-id=\"18fad497\" data-element_type=\"widget\" data-widget_type=\"lae-heading.default\">\n\t\t\t\t<div class=\"elementor-widget-container\">\n\t\t\t\n<div class=\"lae-heading lae-style3 lae-aligncenter\" >\n\n    <h3 class=\"lae-title\">Echipa<\/h3>\n\n<\/div><!-- .lae-heading -->\t\t<\/div>\n\t\t\t\t<\/div>\n\t\t\t\t\t\t<\/div>\n\t\t\t\t\t<\/div>\n\t\t<\/div>\n\t\t\t\t\t\t\t\t<\/div>\n\t\t\t\t\t<\/div>\n\t\t<\/section>\n\t\t\t\t<section class=\"elementor-section elementor-top-section elementor-element elementor-element-8cf2ce3 elementor-section-boxed elementor-section-height-default elementor-section-height-default\" data-id=\"8cf2ce3\" data-element_type=\"section\">\n\t\t\t\t\t\t<div class=\"elementor-container elementor-column-gap-default\">\n\t\t\t\t\t\t\t<div class=\"elementor-row\">\n\t\t\t\t\t<div class=\"elementor-column elementor-col-25 elementor-top-column elementor-element elementor-element-a63f209\" data-id=\"a63f209\" data-element_type=\"column\">\n\t\t\t<div class=\"elementor-column-wrap elementor-element-populated\">\n\t\t\t\t\t\t\t<div class=\"elementor-widget-wrap\">\n\t\t\t\t\t\t<div class=\"elementor-element elementor-element-5ad7385 eael-team-align-eael-team-align-default elementor-widget elementor-widget-eael-team-member\" data-id=\"5ad7385\" data-element_type=\"widget\" data-widget_type=\"eael-team-member.default\">\n\t\t\t\t<div class=\"elementor-widget-container\">\n\t\t\t\n\n\t<div id=\"eael-team-member-5ad7385\" class=\"eael-team-item eael-team-members-simple team-avatar-rounded\">\n\t\t<div class=\"eael-team-item-inner\">\n\t\t\t<div class=\"eael-team-image\">\n\t\t\t\t<figure>\n\t\t\t\t\t<img src=\"https:\/\/portcultural.usv.ro\/wp-content\/uploads\/elementor\/thumbs\/VV-pft7qwfkm64cuxormpss4demeuoo528j975zp9j15g.png\" alt=\"\">\n\t\t\t\t<\/figure>\n\t\t\t\t\t\t\t<\/div>\n\n\t\t\t<div class=\"eael-team-content\">\n\t\t\t\t<h3 class=\"eael-team-member-name\">VALENTINA VASILE <\/h3>\n\t\t\t\t<h4 class=\"eael-team-member-position\">Coordonator proiect \/ cercet\u0103tor<\/h4>\n\n\t\t\t\t\t\t\t\t\t\t\t\t\t\t<p class=\"eael-team-text\">Este cercet\u0103tor \u0219tiin\u021bific grad I \u0219i profesor universitar. Specializare \u00een economie: capital uman, antreprenoriat, patrimoniu cultural, politici publice, dezvoltare sustenabil\u0103; rezilien\u021b\u0103 economic\u0103.\r\n\t<a class=\"paoc-popup-click paoc-popup-cust-768 paoc-popup-simple_link paoc-popup-link\" href=\"javascript:void(0);\">[...]<\/a>\r\n\r\n\n<\/p>\n\t\t\t\t\t\t\t<\/div>\n\t\t<\/div>\n\t<\/div>\n\t\t\t<\/div>\n\t\t\t\t<\/div>\n\t\t\t\t\t\t<\/div>\n\t\t\t\t\t<\/div>\n\t\t<\/div>\n\t\t\t\t<div class=\"elementor-column elementor-col-25 elementor-top-column elementor-element elementor-element-6783d09\" data-id=\"6783d09\" data-element_type=\"column\">\n\t\t\t<div class=\"elementor-column-wrap elementor-element-populated\">\n\t\t\t\t\t\t\t<div class=\"elementor-widget-wrap\">\n\t\t\t\t\t\t<div class=\"elementor-element elementor-element-8715879 eael-team-align-eael-team-align-default elementor-widget elementor-widget-eael-team-member\" data-id=\"8715879\" data-element_type=\"widget\" data-widget_type=\"eael-team-member.default\">\n\t\t\t\t<div class=\"elementor-widget-container\">\n\t\t\t\n\n\t<div id=\"eael-team-member-8715879\" class=\"eael-team-item eael-team-members-simple team-avatar-rounded\">\n\t\t<div class=\"eael-team-item-inner\">\n\t\t\t<div class=\"eael-team-image\">\n\t\t\t\t<figure>\n\t\t\t\t\t<img src=\"https:\/\/portcultural.usv.ro\/wp-content\/uploads\/elementor\/thumbs\/GZ-pft8irdf8y78ph3agesp46co0gj303aur51v7w18s8.jpg\" alt=\"\">\n\t\t\t\t<\/figure>\n\t\t\t\t\t\t\t<\/div>\n\n\t\t\t<div class=\"eael-team-content\">\n\t\t\t\t<h3 class=\"eael-team-member-name\">GHEORGHE ZAMAN <\/h3>\n\t\t\t\t<h4 class=\"eael-team-member-position\">Cercet\u0103tor proiect<\/h4>\n\n\t\t\t\t\t\t\t\t\t\t\t\t\t\t<p class=\"eael-team-text\">Membru corespondent al Academiei Rom\u00e2ne. Specializare \u00een economie : dezvoltare sustenabil\u0103, politici publice, analize macroeconomice, conturi satelit.\r\n\t<a class=\"paoc-popup-click paoc-popup-cust-770 paoc-popup-simple_link paoc-popup-link\" href=\"javascript:void(0);\">[...]<\/a>\r\n\r\n<\/p>\n\t\t\t\t\t\t\t<\/div>\n\t\t<\/div>\n\t<\/div>\n\t\t\t<\/div>\n\t\t\t\t<\/div>\n\t\t\t\t\t\t<\/div>\n\t\t\t\t\t<\/div>\n\t\t<\/div>\n\t\t\t\t<div class=\"elementor-column elementor-col-25 elementor-top-column elementor-element elementor-element-67b1a54\" data-id=\"67b1a54\" data-element_type=\"column\">\n\t\t\t<div class=\"elementor-column-wrap elementor-element-populated\">\n\t\t\t\t\t\t\t<div class=\"elementor-widget-wrap\">\n\t\t\t\t\t\t<div class=\"elementor-element elementor-element-807f9de eael-team-align-eael-team-align-default elementor-widget elementor-widget-eael-team-member\" data-id=\"807f9de\" data-element_type=\"widget\" data-widget_type=\"eael-team-member.default\">\n\t\t\t\t<div class=\"elementor-widget-container\">\n\t\t\t\n\n\t<div id=\"eael-team-member-807f9de\" class=\"eael-team-item eael-team-members-simple team-avatar-rounded\">\n\t\t<div class=\"eael-team-item-inner\">\n\t\t\t<div class=\"eael-team-image\">\n\t\t\t\t<figure>\n\t\t\t\t\t<img src=\"https:\/\/portcultural.usv.ro\/wp-content\/uploads\/elementor\/thumbs\/SurugiuMArius-obj0ksvnm1m4p1b5drjwfet1x5l64dbtrcpyxelku0.jpg\" alt=\"\">\n\t\t\t\t<\/figure>\n\t\t\t\t\t\t\t<\/div>\n\n\t\t\t<div class=\"eael-team-content\">\n\t\t\t\t<h3 class=\"eael-team-member-name\">MARIUS SURUGIU <\/h3>\n\t\t\t\t<h4 class=\"eael-team-member-position\">Cercet\u0103tor proiect<\/h4>\n\n\t\t\t\t\t\t\t\t\t\t\t\t\t\t<p class=\"eael-team-text\">Cercet\u0103tor \u0219tiin\u021bific I \u00een cadrul Institutului de Economie Na\u021bional\u0103 al Academiei Rom\u00e2ne; diplom\u0103 de economist (2001), studii doctorale (2007) \u0219i studii postdoctorale (2013)\r\n\t<a class=\"paoc-popup-click paoc-popup-cust-772 paoc-popup-simple_link paoc-popup-link\" href=\"javascript:void(0);\">[...]<\/a>\r\n\r\n<\/p>\n\t\t\t\t\t\t\t<\/div>\n\t\t<\/div>\n\t<\/div>\n\t\t\t<\/div>\n\t\t\t\t<\/div>\n\t\t\t\t\t\t<\/div>\n\t\t\t\t\t<\/div>\n\t\t<\/div>\n\t\t\t\t<div class=\"elementor-column elementor-col-25 elementor-top-column elementor-element elementor-element-091dea1\" data-id=\"091dea1\" data-element_type=\"column\">\n\t\t\t<div class=\"elementor-column-wrap elementor-element-populated\">\n\t\t\t\t\t\t\t<div class=\"elementor-widget-wrap\">\n\t\t\t\t\t\t<div class=\"elementor-element elementor-element-da09f58 eael-team-align-eael-team-align-default elementor-widget elementor-widget-eael-team-member\" data-id=\"da09f58\" data-element_type=\"widget\" data-widget_type=\"eael-team-member.default\">\n\t\t\t\t<div class=\"elementor-widget-container\">\n\t\t\t\n\n\t<div id=\"eael-team-member-da09f58\" class=\"eael-team-item eael-team-members-simple team-avatar-rounded\">\n\t\t<div class=\"eael-team-item-inner\">\n\t\t\t<div class=\"eael-team-image\">\n\t\t\t\t<figure>\n\t\t\t\t\t<img src=\"https:\/\/portcultural.usv.ro\/wp-content\/uploads\/elementor\/thumbs\/Mazilescu-obj0m3vl3regtjevrbv8w2y3mf5it8ieltc8x8nw6w.jpg\" alt=\"\">\n\t\t\t\t<\/figure>\n\t\t\t\t\t\t\t<\/div>\n\n\t\t\t<div class=\"eael-team-content\">\n\t\t\t\t<h3 class=\"eael-team-member-name\">RALUCA MAZILESCU <\/h3>\n\t\t\t\t<h4 class=\"eael-team-member-position\">Cercet\u0103tor proiect<\/h4>\n\n\t\t\t\t\t\t\t\t\t\t\t\t\t\t<p class=\"eael-team-text\">Raluca Mazilescu este cercet\u0103tor \u0219tiin\u021bific II \u00een cadrul Institutului de Economie Na\u021bional\u0103 al Academiei Rom\u00e2ne; Este licen\u021biat\u0103 \u00een Economie, Academia de Studii Economice Bucure\u0219ti (2001).\r\n\t<a class=\"paoc-popup-click paoc-popup-cust-774 paoc-popup-simple_link paoc-popup-link\" href=\"javascript:void(0);\">[...]<\/a>\r\n\r\n\\<\/p>\n\t\t\t\t\t\t\t<\/div>\n\t\t<\/div>\n\t<\/div>\n\t\t\t<\/div>\n\t\t\t\t<\/div>\n\t\t\t\t\t\t<\/div>\n\t\t\t\t\t<\/div>\n\t\t<\/div>\n\t\t\t\t\t\t\t\t<\/div>\n\t\t\t\t\t<\/div>\n\t\t<\/section>\n\t\t\t\t<section class=\"elementor-section elementor-top-section elementor-element elementor-element-4b3664a elementor-section-boxed elementor-section-height-default elementor-section-height-default\" data-id=\"4b3664a\" data-element_type=\"section\">\n\t\t\t\t\t\t<div class=\"elementor-container elementor-column-gap-default\">\n\t\t\t\t\t\t\t<div class=\"elementor-row\">\n\t\t\t\t\t<div class=\"elementor-column elementor-col-25 elementor-top-column elementor-element elementor-element-67a0141\" data-id=\"67a0141\" data-element_type=\"column\">\n\t\t\t<div class=\"elementor-column-wrap elementor-element-populated\">\n\t\t\t\t\t\t\t<div class=\"elementor-widget-wrap\">\n\t\t\t\t\t\t<div class=\"elementor-element elementor-element-6c7da2e eael-team-align-eael-team-align-default elementor-widget elementor-widget-eael-team-member\" data-id=\"6c7da2e\" data-element_type=\"widget\" data-widget_type=\"eael-team-member.default\">\n\t\t\t\t<div class=\"elementor-widget-container\">\n\t\t\t\n\n\t<div id=\"eael-team-member-6c7da2e\" class=\"eael-team-item eael-team-members-simple team-avatar-rounded\">\n\t\t<div class=\"eael-team-item-inner\">\n\t\t\t<div class=\"eael-team-image\">\n\t\t\t\t<figure>\n\t\t\t\t\t<img src=\"https:\/\/portcultural.usv.ro\/wp-content\/uploads\/elementor\/thumbs\/BobocC-pft8l3ywp71z7s4j23mgzennsc7ludleub5497oz8k.jpg\" alt=\"\">\n\t\t\t\t<\/figure>\n\t\t\t\t\t\t\t<\/div>\n\n\t\t\t<div class=\"eael-team-content\">\n\t\t\t\t<h3 class=\"eael-team-member-name\">CRISTINA RODICA BOBOC <\/h3>\n\t\t\t\t<h4 class=\"eael-team-member-position\">Cercet\u0103tor proiect<\/h4>\n\n\t\t\t\t\t\t\t\t\t\t\t\t\t\t<p class=\"eael-team-text\">Profesor universitar Academia de Studii Economice, Cercet\u0103tor \u0219tiin\u021bific II \u00een cadrul Institutului de Economie Na\u021bional\u0103 al Academiei Rom\u00e2ne; diplom\u0103 de matematician (1997) \u0219i economist (2002), studii doctorale (2003) \u0219i studii postdoctorale (2012).\r\n\t<a class=\"paoc-popup-click paoc-popup-cust-776 paoc-popup-simple_link paoc-popup-link\" href=\"javascript:void(0);\">[...]<\/a>\r\n\r\n<\/p>\n\t\t\t\t\t\t\t<\/div>\n\t\t<\/div>\n\t<\/div>\n\t\t\t<\/div>\n\t\t\t\t<\/div>\n\t\t\t\t\t\t<\/div>\n\t\t\t\t\t<\/div>\n\t\t<\/div>\n\t\t\t\t<div class=\"elementor-column elementor-col-25 elementor-top-column elementor-element elementor-element-6278049\" data-id=\"6278049\" data-element_type=\"column\">\n\t\t\t<div class=\"elementor-column-wrap elementor-element-populated\">\n\t\t\t\t\t\t\t<div class=\"elementor-widget-wrap\">\n\t\t\t\t\t\t<div class=\"elementor-element elementor-element-3b06d7d eael-team-align-eael-team-align-default elementor-widget elementor-widget-eael-team-member\" data-id=\"3b06d7d\" data-element_type=\"widget\" data-widget_type=\"eael-team-member.default\">\n\t\t\t\t<div class=\"elementor-widget-container\">\n\t\t\t\n\n\t<div id=\"eael-team-member-3b06d7d\" class=\"eael-team-item eael-team-members-simple team-avatar-rounded\">\n\t\t<div class=\"eael-team-item-inner\">\n\t\t\t<div class=\"eael-team-image\">\n\t\t\t\t<figure>\n\t\t\t\t\t<img src=\"https:\/\/portcultural.usv.ro\/wp-content\/uploads\/elementor\/thumbs\/Cristea-e1564480767591-obj0p8o5oxvamc6bin2deckd1g4mvr5wg3d7fx5ne8.png\" alt=\"\">\n\t\t\t\t<\/figure>\n\t\t\t\t\t\t\t<\/div>\n\n\t\t\t<div class=\"eael-team-content\">\n\t\t\t\t<h3 class=\"eael-team-member-name\">ANCA CRISTEA <\/h3>\n\t\t\t\t<h4 class=\"eael-team-member-position\">Cercet\u0103tor proiect<\/h4>\n\n\t\t\t\t\t\t\t\t\t\t\t\t\t\t<p class=\"eael-team-text\">Anca Cristea este cercet\u0103tor \u0219tiin\u021bific III \u00een cadrul Institutului de Economie Na\u021bional\u0103 al Academiei Rom\u00e2ne.\r\n\t<a class=\"paoc-popup-click paoc-popup-cust-778 paoc-popup-simple_link paoc-popup-link\" href=\"javascript:void(0);\">[...]<\/a>\r\n\r\n<\/p>\n\t\t\t\t\t\t\t<\/div>\n\t\t<\/div>\n\t<\/div>\n\t\t\t<\/div>\n\t\t\t\t<\/div>\n\t\t\t\t\t\t<\/div>\n\t\t\t\t\t<\/div>\n\t\t<\/div>\n\t\t\t\t<div class=\"elementor-column elementor-col-25 elementor-top-column elementor-element elementor-element-b0c4eb6\" data-id=\"b0c4eb6\" data-element_type=\"column\">\n\t\t\t<div class=\"elementor-column-wrap elementor-element-populated\">\n\t\t\t\t\t\t\t<div class=\"elementor-widget-wrap\">\n\t\t\t\t\t\t<div class=\"elementor-element elementor-element-edc4db7 eael-team-align-eael-team-align-default elementor-widget elementor-widget-eael-team-member\" data-id=\"edc4db7\" data-element_type=\"widget\" data-widget_type=\"eael-team-member.default\">\n\t\t\t\t<div class=\"elementor-widget-container\">\n\t\t\t\n\n\t<div id=\"eael-team-member-edc4db7\" class=\"eael-team-item eael-team-members-simple team-avatar-rounded\">\n\t\t<div class=\"eael-team-item-inner\">\n\t\t\t<div class=\"eael-team-image\">\n\t\t\t\t<figure>\n\t\t\t\t\t<img src=\"https:\/\/portcultural.usv.ro\/wp-content\/uploads\/elementor\/thumbs\/GhitaS-pft8nl9i6czpgxdzayekmijw1j51yxowhthdxk0er4.png\" alt=\"\">\n\t\t\t\t<\/figure>\n\t\t\t\t\t\t\t<\/div>\n\n\t\t\t<div class=\"eael-team-content\">\n\t\t\t\t<h3 class=\"eael-team-member-name\">Simona Ghi\u021b\u0103<\/h3>\n\t\t\t\t<h4 class=\"eael-team-member-position\">Cercet\u0103tor proiect<\/h4>\n\n\t\t\t\t\t\t\t\t\t\t\t\t\t\t<p class=\"eael-team-text\">Profesor universitar doctor \u00een cadrul Departamentului de Statistic\u0103 \u0219i Econometrie al ASE Bucure\u0219ti, cercet\u0103tor \u0219tiin\u021bific II \u00een cadrul Institutului de Economie Na\u021bional\u0103 - Academia Rom\u00e2n\u0103, licen\u021biat \u00een economie - specializarea Informatic\u0103 economic\u0103 \u0219i doctor \u00een Cibernetic\u0103 \u0219i Statistic\u0103 Economic\u0103 (ASE)<\/p>\n\t\t\t\t\t\t\t<\/div>\n\t\t<\/div>\n\t<\/div>\n\t\t\t<\/div>\n\t\t\t\t<\/div>\n\t\t\t\t\t\t<\/div>\n\t\t\t\t\t<\/div>\n\t\t<\/div>\n\t\t\t\t<div class=\"elementor-column elementor-col-25 elementor-top-column elementor-element elementor-element-2425e1e\" data-id=\"2425e1e\" data-element_type=\"column\">\n\t\t\t<div class=\"elementor-column-wrap elementor-element-populated\">\n\t\t\t\t\t\t\t<div class=\"elementor-widget-wrap\">\n\t\t\t\t\t\t<div class=\"elementor-element elementor-element-0191734 eael-team-align-eael-team-align-default elementor-widget elementor-widget-eael-team-member\" data-id=\"0191734\" data-element_type=\"widget\" data-widget_type=\"eael-team-member.default\">\n\t\t\t\t<div class=\"elementor-widget-container\">\n\t\t\t\n\n\t<div id=\"eael-team-member-0191734\" class=\"eael-team-item eael-team-members-simple team-avatar-rounded\">\n\t\t<div class=\"eael-team-item-inner\">\n\t\t\t<div class=\"eael-team-image\">\n\t\t\t\t<figure>\n\t\t\t\t\t<img src=\"https:\/\/portcultural.usv.ro\/wp-content\/uploads\/elementor\/thumbs\/CiuhuA-pft8qq26wnceqxw42kjobg8kzifphf9uc73xd04q28.jpg\" alt=\"\">\n\t\t\t\t<\/figure>\n\t\t\t\t\t\t\t<\/div>\n\n\t\t\t<div class=\"eael-team-content\">\n\t\t\t\t<h3 class=\"eael-team-member-name\">Ana-Maria Ciuhu<\/h3>\n\t\t\t\t<h4 class=\"eael-team-member-position\">Cercet\u0103tor proiect<\/h4>\n\n\t\t\t\t\t\t\t\t\t\t\t\t\t\t<p class=\"eael-team-text\">Cercet\u0103tor \u0219tiin\u021bific la Institutul de Economie Na\u021bional\u0103 al Academiei Rom\u00e2ne \u0219i consilier \u00een cadrul Direc\u021biei Generale de Demografie \u0219i Statistic\u0103 Social\u0103 a Institutului Na\u021bional de Statistic\u0103. Specializare \u00een economie: for\u021ba de munc\u0103, digitalizarea economiei, proiectarea \u0219i analiza cercet\u0103rilor statistice selective.<\/p>\n\t\t\t\t\t\t\t<\/div>\n\t\t<\/div>\n\t<\/div>\n\t\t\t<\/div>\n\t\t\t\t<\/div>\n\t\t\t\t\t\t<\/div>\n\t\t\t\t\t<\/div>\n\t\t<\/div>\n\t\t\t\t\t\t\t\t<\/div>\n\t\t\t\t\t<\/div>\n\t\t<\/section>\n\t\t\t\t<section class=\"elementor-section elementor-top-section elementor-element elementor-element-0f1678b elementor-section-boxed elementor-section-height-default elementor-section-height-default\" data-id=\"0f1678b\" data-element_type=\"section\">\n\t\t\t\t\t\t<div class=\"elementor-container elementor-column-gap-default\">\n\t\t\t\t\t\t\t<div class=\"elementor-row\">\n\t\t\t\t\t<div class=\"elementor-column elementor-col-25 elementor-top-column elementor-element elementor-element-658b408\" data-id=\"658b408\" data-element_type=\"column\">\n\t\t\t<div class=\"elementor-column-wrap elementor-element-populated\">\n\t\t\t\t\t\t\t<div class=\"elementor-widget-wrap\">\n\t\t\t\t\t\t<div class=\"elementor-element elementor-element-9846ccc eael-team-align-eael-team-align-default elementor-widget elementor-widget-eael-team-member\" data-id=\"9846ccc\" data-element_type=\"widget\" data-widget_type=\"eael-team-member.default\">\n\t\t\t\t<div class=\"elementor-widget-container\">\n\t\t\t\n\n\t<div id=\"eael-team-member-9846ccc\" class=\"eael-team-item eael-team-members-simple team-avatar-rounded\">\n\t\t<div class=\"eael-team-item-inner\">\n\t\t\t<div class=\"eael-team-image\">\n\t\t\t\t<figure>\n\t\t\t\t\t<img src=\"https:\/\/portcultural.usv.ro\/wp-content\/uploads\/elementor\/thumbs\/EnacheA-rotated-pft8v9m46lbl6oxafbezsiqgk0vwf3ya51jg3fhnzs.jpg\" alt=\"\">\n\t\t\t\t<\/figure>\n\t\t\t\t\t\t\t<\/div>\n\n\t\t\t<div class=\"eael-team-content\">\n\t\t\t\t<h3 class=\"eael-team-member-name\">Andreea-Oana Enache <\/h3>\n\t\t\t\t<h4 class=\"eael-team-member-position\">Cercet\u0103tor proiect<\/h4>\n\n\t\t\t\t\t\t\t\t\t\t\t\t\t\t<p class=\"eael-team-text\">Cercet\u0103tor \u0219tiin\u021bific \u00een cadrul Institutului de Economie Na\u021bional\u0103, licen\u021biat\u0103 \u00een economie, student doctorand al Institutului Na\u021bional de Cercet\u0103ri Economice \u201eCostin C. Kiri\u021bescu\u201d, din cadrul Academiei Rom\u00e2ne; Principalele domenii de competen\u021b\u0103: migra\u021bia for\u021bei de munc\u0103, patrimoniul cultural, antreprenoriat, modelare econometric\u0103.<\/p>\n\t\t\t\t\t\t\t<\/div>\n\t\t<\/div>\n\t<\/div>\n\t\t\t<\/div>\n\t\t\t\t<\/div>\n\t\t\t\t\t\t<\/div>\n\t\t\t\t\t<\/div>\n\t\t<\/div>\n\t\t\t\t<div class=\"elementor-column elementor-col-25 elementor-top-column elementor-element elementor-element-195b4e7\" data-id=\"195b4e7\" data-element_type=\"column\">\n\t\t\t<div class=\"elementor-column-wrap elementor-element-populated\">\n\t\t\t\t\t\t\t<div class=\"elementor-widget-wrap\">\n\t\t\t\t\t\t<div class=\"elementor-element elementor-element-7c01936 eael-team-align-eael-team-align-default elementor-widget elementor-widget-eael-team-member\" data-id=\"7c01936\" data-element_type=\"widget\" data-widget_type=\"eael-team-member.default\">\n\t\t\t\t<div class=\"elementor-widget-container\">\n\t\t\t\n\n\t<div id=\"eael-team-member-7c01936\" class=\"eael-team-item eael-team-members-simple team-avatar-rounded\">\n\t\t<div class=\"eael-team-item-inner\">\n\t\t\t<div class=\"eael-team-image\">\n\t\t\t\t<figure>\n\t\t\t\t\t<img src=\"https:\/\/portcultural.usv.ro\/wp-content\/uploads\/elementor\/thumbs\/StroeA-pft91boo85m4084j1xofuzpedf120w00b0w3fmibw8.jpg\" alt=\"\">\n\t\t\t\t<\/figure>\n\t\t\t\t\t\t\t<\/div>\n\n\t\t\t<div class=\"eael-team-content\">\n\t\t\t\t<h3 class=\"eael-team-member-name\">Andreea Stroe <\/h3>\n\t\t\t\t<h4 class=\"eael-team-member-position\">Cercet\u0103tor proiect<\/h4>\n\n\t\t\t\t\t\t\t\t\t\t\t\t\t\t<p class=\"eael-team-text\">Cercet\u0103tor \u0219tiin\u021bific \u00een cadrul Institutului de Economie Na\u021bional\u0103, lector universitar doctor, absolvent\u0103 de studii doctorale \u00een Economie. Specializare: antreprenoriat, patrimoniu cultural, analiz\u0103 economico-financiar\u0103, asigur\u0103ri \u0219i reasigur\u0103ri.<\/p>\n\t\t\t\t\t\t\t<\/div>\n\t\t<\/div>\n\t<\/div>\n\t\t\t<\/div>\n\t\t\t\t<\/div>\n\t\t\t\t\t\t<\/div>\n\t\t\t\t\t<\/div>\n\t\t<\/div>\n\t\t\t\t<div class=\"elementor-column elementor-col-25 elementor-top-column elementor-element elementor-element-4c68304\" data-id=\"4c68304\" data-element_type=\"column\">\n\t\t\t<div class=\"elementor-column-wrap\">\n\t\t\t\t\t\t\t<div class=\"elementor-widget-wrap\">\n\t\t\t\t\t\t\t\t<\/div>\n\t\t\t\t\t<\/div>\n\t\t<\/div>\n\t\t\t\t<div class=\"elementor-column elementor-col-25 elementor-top-column elementor-element elementor-element-0f0a8a4\" data-id=\"0f0a8a4\" data-element_type=\"column\">\n\t\t\t<div class=\"elementor-column-wrap\">\n\t\t\t\t\t\t\t<div class=\"elementor-widget-wrap\">\n\t\t\t\t\t\t\t\t<\/div>\n\t\t\t\t\t<\/div>\n\t\t<\/div>\n\t\t\t\t\t\t\t\t<\/div>\n\t\t\t\t\t<\/div>\n\t\t<\/section>\n\t\t\t\t<section class=\"elementor-section elementor-top-section elementor-element elementor-element-b6a5dd5 elementor-section-boxed elementor-section-height-default elementor-section-height-default\" data-id=\"b6a5dd5\" data-element_type=\"section\">\n\t\t\t\t\t\t<div class=\"elementor-container elementor-column-gap-default\">\n\t\t\t\t\t\t\t<div class=\"elementor-row\">\n\t\t\t\t\t<div class=\"elementor-column elementor-col-100 elementor-top-column elementor-element elementor-element-02d6edb\" data-id=\"02d6edb\" data-element_type=\"column\">\n\t\t\t<div class=\"elementor-column-wrap elementor-element-populated\">\n\t\t\t\t\t\t\t<div class=\"elementor-widget-wrap\">\n\t\t\t\t\t\t<div class=\"elementor-element elementor-element-44be81e elementor-position-top elementor-vertical-align-top elementor-widget elementor-widget-image-box\" data-id=\"44be81e\" data-element_type=\"widget\" data-widget_type=\"image-box.default\">\n\t\t\t\t<div class=\"elementor-widget-container\">\n\t\t\t<div class=\"elementor-image-box-wrapper\"><figure class=\"elementor-image-box-img\"><img width=\"300\" height=\"150\" src=\"https:\/\/portcultural.usv.ro\/wp-content\/uploads\/2018\/08\/IEN.jpg\" class=\"attachment-full size-full\" alt=\"\" loading=\"lazy\" \/><\/figure><div class=\"elementor-image-box-content\"><h3 class=\"elementor-image-box-title\">Institutul de Economie Na\u021bional\u0103 Bucure\u0219ti<\/h3><\/div><\/div>\t\t<\/div>\n\t\t\t\t<\/div>\n\t\t\t\t\t\t<\/div>\n\t\t\t\t\t<\/div>\n\t\t<\/div>\n\t\t\t\t\t\t\t\t<\/div>\n\t\t\t\t\t<\/div>\n\t\t<\/section>\n\t\t\t\t\t\t<\/div>\n\t\t\t\t\t\t<\/div>\n\t\t\t\t\t<\/div>","protected":false},"excerpt":{"rendered":"<p>PACULT (Re)valorizarea patrimoniului cultural \u0219i dezvoltarea local\u0103 integrat\u0103 \u00een mediul rural. Model de analiza complex\u0103 a impactului dezvoltarii\/moderniz\u0103rii poten\u021bialului cultural identitar \u0219i al integr\u0103rii patrimoniului construit \u00een circuitul de consum (inter)na\u021bional. Descriere Obiectivul principal al proiectului const\u0103 \u00een identificarea unor metode privind (re)valorizarea patrimoniului cultural pentru dezvoltarea local\u0103 integrat\u0103 \u00een mediul rural, precum \u0219i crearea &hellip;<\/p>\n<p class=\"read-more\"> <a class=\"\" href=\"https:\/\/portcultural.usv.ro\/en\/pc5\/\"> <span class=\"screen-reader-text\">PC5<\/span> Read More &raquo;<\/a><\/p>","protected":false},"author":1,"featured_media":0,"parent":0,"menu_order":0,"comment_status":"closed","ping_status":"closed","template":"","meta":[],"_links":{"self":[{"href":"https:\/\/portcultural.usv.ro\/en\/wp-json\/wp\/v2\/pages\/489"}],"collection":[{"href":"https:\/\/portcultural.usv.ro\/en\/wp-json\/wp\/v2\/pages"}],"about":[{"href":"https:\/\/portcultural.usv.ro\/en\/wp-json\/wp\/v2\/types\/page"}],"author":[{"embeddable":true,"href":"https:\/\/portcultural.usv.ro\/en\/wp-json\/wp\/v2\/users\/1"}],"replies":[{"embeddable":true,"href":"https:\/\/portcultural.usv.ro\/en\/wp-json\/wp\/v2\/comments?post=489"}],"version-history":[{"count":30,"href":"https:\/\/portcultural.usv.ro\/en\/wp-json\/wp\/v2\/pages\/489\/revisions"}],"predecessor-version":[{"id":5902,"href":"https:\/\/portcultural.usv.ro\/en\/wp-json\/wp\/v2\/pages\/489\/revisions\/5902"}],"wp:attachment":[{"href":"https:\/\/portcultural.usv.ro\/en\/wp-json\/wp\/v2\/media?parent=489"}],"curies":[{"name":"wp","href":"https:\/\/api.w.org\/{rel}","templated":true}]}}